{"id":7341,"date":"2025-01-15T21:20:51","date_gmt":"2025-01-15T21:20:51","guid":{"rendered":"https:\/\/kwiaciarniaklara.pl\/?page_id=7341"},"modified":"2025-07-03T19:37:10","modified_gmt":"2025-07-03T19:37:10","slug":"home-2","status":"publish","type":"page","link":"https:\/\/kwiaciarniaklara.pl\/","title":{"rendered":"home"},"content":{"rendered":"\n<section class=\"wp-block-cover is-light jcws-hero-section\" style=\"min-height:40rem;aspect-ratio:unset;\"><video class=\"wp-block-cover__video-background intrinsic-ignore\" autoplay muted loop playsinline src=\"https:\/\/kwiaciarniaklara.pl\/wp-content\/uploads\/2025\/07\/web_hero_klara_summer_cut2.mp4\" data-object-fit=\"cover\"><\/video><span aria-hidden=\"true\" class=\"wp-block-cover__background has-background-dim-0 has-background-dim\" style=\"background-color:#FFF\"><\/span><div class=\"wp-block-cover__inner-container has-global-padding is-layout-constrained wp-block-cover-is-layout-constrained\">\n<div class=\"wp-block-columns alignfull are-vertically-aligned-center jcws-columns is-layout-flex wp-container-core-columns-is-layout-28f84493 wp-block-columns-is-layout-flex\">\n<div class=\"wp-block-column is-vertically-aligned-center is-layout-flow wp-block-column-is-layout-flow\" style=\"flex-basis:66.66%\"><\/div>\n\n\n\n<div class=\"wp-block-column is-vertically-aligned-center has-background is-layout-flow wp-block-column-is-layout-flow\" style=\"background-color:#0000002e;flex-basis:33.33%\">\n<div class=\"wp-block-group jcws-padding jcws-CTA-gap is-vertical is-content-justification-center is-layout-flex wp-container-core-group-is-layout-ce155fab wp-block-group-is-layout-flex\">\n<h1 class=\"wp-block-heading has-text-align-center has-white-color has-text-color has-link-color wp-elements-2cdd65fc71d4064b1a1bc46b8b62c9a5\"><strong>Lato<\/strong> <br>w<br>kwiaciarni &#8222;Klara&#8221;<\/h1>\n\n\n\n<hr class=\"wp-block-separator has-text-color has-white-color has-alpha-channel-opacity has-white-background-color has-background\"\/>\n\n\n\n<div class=\"wp-block-buttons is-content-justification-center is-layout-flex wp-container-core-buttons-is-layout-a89b3969 wp-block-buttons-is-layout-flex\" style=\"border-radius:0px\">\n<div class=\"wp-block-button has-custom-width wp-block-button__width-100 is-style-fill jcws-cta-button\"><a class=\"wp-block-button__link wp-element-button\" href=\"\/index.php\/tag-produktu\/lato\/\" style=\"border-radius:0px\">Zobacz bukiety<\/a><\/div>\n<\/div>\n<\/div>\n<\/div>\n<\/div>\n<\/div><\/section>\n\n\n\n<section class=\"wp-block-group jcws-section-customer-benefit is-vertical is-content-justification-center is-layout-flex wp-container-core-group-is-layout-ce155fab wp-block-group-is-layout-flex\">\n<div class=\"wp-block-group jcws-inner-customer-benefit is-vertical is-content-justification-stretch is-layout-flex wp-container-core-group-is-layout-353c4f5a wp-block-group-is-layout-flex\">\n<p class=\"has-text-align-center jcws-no-bottom-padding\" style=\"margin-top:2rem\">Kwiaty od zawsze towarzyszy\u0142y \u015bwi\u0119tem i okoliczno\u015bciowym uroczysto\u015bciom. Poprawia\u0142y samopoczucie, dzi\u0119ki swojemu pi\u0119knu dawa\u0142y rado\u015b\u0107 i rozja\u015bnia\u0142y ka\u017cdy z najwspanialszych czy najzwyklejszych dni. Gdy jeste\u015bmy szcz\u0119\u015bliwi to i kwiaty b\u0142yszcz\u0105 pe\u0142nym blaskiem i rado\u015bci\u0105.<br>W okresach spokoju i pogody pozostaj\u0105 spokojne i ciche, a w czasie smutku i \u017ca\u0142obny kwiaty mog\u0105 nie\u015b\u0107 pocieszenie.<br>Kwiaty to symbol pami\u0119ci, to podzi\u0119kowanie, mi\u0142o\u015b\u0107 czasem przeprosiny. Wybieraj\u0105c bukiet kwiat\u00f3w, mo\u017cesz przekaza\u0107 wszystkie tu uczucia.<\/p>\n\n\n\n<h2 class=\"wp-block-heading has-text-align-center jcws-no-bottom-padding\">KWIACIARNIA KLARA<\/h2>\n\n\n\n<div class=\"wp-block-columns jcws-benefit-columns wp-container-content-9cfa9a5a is-layout-flex wp-container-core-columns-is-layout-28f84493 wp-block-columns-is-layout-flex\">\n<div class=\"wp-block-column is-layout-flow wp-block-column-is-layout-flow\">\n<figure class=\"wp-block-image aligncenter size-large is-resized\"><img decoding=\"async\" src=\"data:image\/svg+xml;base64,PHN2ZyB4bWxucz0iaHR0cDovL3d3dy53My5vcmcvMjAwMC9zdmciIHZlcnNpb249IjEuMSIgeG1sbnM6eGxpbms9Imh0dHA6Ly93d3cudzMub3JnLzE5OTkveGxpbmsiIHdpZHRoPSI1MTIiIGhlaWdodD0iNTEyIiB4PSIwIiB5PSIwIiB2aWV3Qm94PSIwIDAgNTEwIDUxMCIgc3R5bGU9ImVuYWJsZS1iYWNrZ3JvdW5kOm5ldyAwIDAgNTEyIDUxMiIgeG1sOnNwYWNlPSJwcmVzZXJ2ZSIgZmlsbC1ydWxlPSJldmVub2RkIiBjbGFzcz0iIj48Zz48cGF0aCBkPSJNNDkuMDU3IDQxNC4wMTNIMjguMDE2QzE2LjQ4MyA0MTQuMDEzIDcgNDA0LjU5NCA3IDM5Mi45OTdWMjkyLjc5OGMwLTMuNjkuNjY1LTYuODE1IDIuMDg0LTEwLjIybC4wMjEtLjA1MSAzNC40MDItODAuOTg1YzQuNTEyLTEwLjY1NiAxNS4xLTE3LjUzOSAyNy42MDUtMTcuNTM5aDg3LjgzNFYxNTMuNjdjMC0xMy45MTggMTEuMzY2LTI1LjM0MiAyNS4zNDEtMjUuMzQySDMxMS40OHYtMjEuNDQxYTggOCAwIDAgMSA0Ljg1MS03LjM1NGw4Ny43NDQtMzcuNTgzYTguMDAzIDguMDAzIDAgMCAxIDYuMjk5IDBsODcuNzc1IDM3LjU4M2E4IDggMCAwIDEgNC44NTEgNy4zNTR2NzUuNzE0YzAgMzguNjM2LTE5LjU2NyA3My42OTItNDkuODc3IDk0LjcyOXYxMTEuMzQyYzAgMTMuOTc1LTExLjQyNCAyNS4zNDEtMjUuMzQyIDI1LjM0MWgtNDUuMzY2Yy0zLjc0MSAxOS43NTktMjEuMDgzIDM0LjY4My00MS45MzYgMzQuNjgzcy0zOC4xOTUtMTQuOTI0LTQxLjkzNi0zNC42ODNIMTMyLjkyN2MtMy43NDkgMTkuNzU5LTIxLjEyNCAzNC42ODMtNDEuOTM0IDM0LjY4My0yMC44NTQgMC0zOC4xOTUtMTQuOTI0LTQxLjkzNi0zNC42ODN6TTMxMS40OCAxNDQuMzI4SDE4NC4yODdjLTUuMTUxIDAtOS4zNDEgNC4yMTEtOS4zNDEgOS4zNDJ2MjQ0LjM0M2gxMjMuNTk3YzMuNzQxLTE5Ljc1OSAyMS4wODMtMzQuNjgzIDQxLjkzNi0zNC42ODNzMzguMTk1IDE0LjkyNCA0MS45MzYgMzQuNjgzaDQ1LjM2NmM1LjEzMSAwIDkuMzQyLTQuMTkgOS4zNDItOS4zNDFWMjg2LjYyOGExMTQuMTI1IDExNC4xMjUgMCAwIDEtMjguNDQxIDkuMjQ5IDguMDE3IDguMDE3IDAgMCAxLTIuOTE0IDBjLTU0LjIzMS0xMC4wNDgtOTQuMjg4LTU3Ljk5Ny05NC4yODgtMTEzLjI3NnptLTE1Mi41MzQgNTUuNjc1SDcxLjExMmMtNS43NTEgMC0xMC43OTcgMi44NzgtMTIuODcyIDcuNzc5bC0uMDAzLjAwOC0zNC4zOTggODAuOTc2Yy0uNTU2IDEuMzQzLS44MzkgMi41NzUtLjgzOSA0LjAzMnYzNy4xOTloMTQuMDI0YzcuNjkxIDAgMTMuOTkyIDYuMjA4IDEzLjk5MiAxMy45OTJ2MjUuMTU5YzAgNy43ODMtNi4zMDEgMTMuOTkyLTEzLjk5MiAxMy45OTJIMjN2OS44NTdjMCAyLjc2OCAyLjI2MyA1LjAxNiA1LjAxNiA1LjAxNmgyMS4wNDFjMy43NDEtMTkuNzU5IDIxLjA4Mi0zNC42ODMgNDEuOTM2LTM0LjY4MyAyMC44MSAwIDM4LjE4NSAxNC45MjQgNDEuOTM0IDM0LjY4M2gyNi4wMTl6TTIzIDM0NS45OTd2MjEuMTQzaDEyLjAxNnYtMjEuMTQzem0zODQuMjI2LTI2Ny45OS03OS43NDYgMzQuMTU3djcwLjQzN2MwIDQ3LjEwNyAzMy43ODUgODguMDI5IDc5Ljc0NiA5Ny4yNjJDNDUzLjIxNCAyNzAuNjMgNDg3IDIyOS43MDkgNDg3IDE4Mi42MDF2LTcwLjQzN3ptLTU3LjQ3NyAxMTQuMDQ1LS4wMTctLjAxN2MtOC4xODYtOC4xNTUtOC4xODMtMjEuMzg0LjAwOS0yOS41MzYgOC4xNDMtOC4xMzMgMjEuMzExLTguMTQ3IDI5LjUtLjAwOGwuMDE3LjAxNyAxNC4wMjEgMTQuMDIyIDQxLjk0Ny00Mi4zNDkuMDEtLjAxYzguMTA4LTguMTU4IDIxLjMwOC04LjIwMyAyOS40NjUtLjA5NSA4LjIwMiA4LjE1MiA4LjE5OCAyMS4zNDMuMTA2IDI5LjQ4NS0yNC41OTEgMjQuODM0LTMxLjk5NiAzMi41NzUtNTYuNzM4IDU3LjI4Ny04LjE1OCA4LjE4Ny0yMS4zOTIgOC4xODEtMjkuNTI2LS4wMDF6bTExLjI5Ni0xMS4zMzEgMjguODEyIDI4LjgxMi4wMTcuMDE3YTQuODM2IDQuODM2IDAgMCAwIDYuODY1IDBsLjAyMS0uMDIxYzI0LjcxNi0yNC42ODYgMzIuMTEzLTMyLjQxOCA1Ni42NzgtNTcuMjI2bC4wMS0uMDExYTQuODU0IDQuODU0IDAgMCAwLS4wMjYtNi44NjkgNC44MzggNC44MzggMCAwIDAtNi44MzcuMDI1TDM5OC45OSAxOTMuNWE3Ljk5OCA3Ljk5OCAwIDAgMS0xMS4zNC4wMjdsLTE5LjcwMi0xOS43MDFjLTEuOTIxLTEuODk1LTQuOTk5LTEuOTA4LTYuOTAzLS4wMDRsLS4wMTcuMDE3YTQuODM4IDQuODM4IDAgMCAwIDAgNi44NjVsLjAxNy4wMTd6TTkwLjk5MyAzNzkuMzNjLTE0Ljc0NiAwLTI2LjY4MyAxMS45MzctMjYuNjgzIDI2LjY4M3MxMS45MzcgMjYuNjgzIDI2LjY4MyAyNi42ODNjMTQuNzE1IDAgMjYuNjgzLTExLjkzNyAyNi42ODMtMjYuNjgzcy0xMS45NjgtMjYuNjgzLTI2LjY4My0yNi42ODN6bTI0OS40ODYgMGMtMTQuNzQ2IDAtMjYuNjgzIDExLjkzNy0yNi42ODMgMjYuNjgzczExLjkzNyAyNi42ODMgMjYuNjgzIDI2LjY4MyAyNi42ODMtMTEuOTM3IDI2LjY4My0yNi42ODMtMTEuOTM3LTI2LjY4My0yNi42ODMtMjYuNjgzek00Ni43NjUgMjc2LjgxbDIzLjMzNC01NC44ODFhNy45OTkgNy45OTkgMCAwIDEgNy4zNjItNC44N2g1My44NWE4IDggMCAwIDEgOCA4djU0Ljg4MmE4IDggMCAwIDEtOCA4SDU0LjEyN2E3Ljk5OCA3Ljk5OCAwIDAgMS03LjM2Mi0xMS4xMzF6bTE5LjQ1Ny00Ljg3aDU3LjA4OXYtMzguODgxSDgyLjc1M3oiIGZpbGw9IiMwOTA0NDkiIG9wYWNpdHk9IjEiIGRhdGEtb3JpZ2luYWw9IiMwMDAwMDAiIGNsYXNzPSIiPjwvcGF0aD48L2c+PC9zdmc+\" alt=\"\" style=\"width:115px;height:auto\"\/><\/figure>\n\n\n\n<p class=\"has-text-align-center\">Szybka dostawa<\/p>\n<\/div>\n\n\n\n<div class=\"wp-block-column is-layout-flow wp-block-column-is-layout-flow\">\n<figure class=\"wp-block-image aligncenter size-large is-resized\"><img decoding=\"async\" src=\"data:image\/svg+xml;base64,PHN2ZyB4bWxucz0iaHR0cDovL3d3dy53My5vcmcvMjAwMC9zdmciIHZlcnNpb249IjEuMSIgeG1sbnM6eGxpbms9Imh0dHA6Ly93d3cudzMub3JnLzE5OTkveGxpbmsiIHdpZHRoPSI1MTIiIGhlaWdodD0iNTEyIiB4PSIwIiB5PSIwIiB2aWV3Qm94PSIwIDAgNTEyIDUxMiIgc3R5bGU9ImVuYWJsZS1iYWNrZ3JvdW5kOm5ldyAwIDAgNTEyIDUxMiIgeG1sOnNwYWNlPSJwcmVzZXJ2ZSIgY2xhc3M9IiI+PGc+PHBhdGggZmlsbC1ydWxlPSJldmVub2RkIiBkPSJNMzE0LjU5IDU4LjA5NGE4Mi44NjEgODIuODYxIDAgMSAwIDAgMTE3LjE4MyA4Mi44NjEgODIuODYxIDAgMCAwIDAtMTE3LjE4M3pNMjU2IDIxLjA0OWE5NS42MzcgOTUuNjM3IDAgMSAxLTk1LjYzNiA5NS42MzZBOTUuNjM5IDk1LjYzOSAwIDAgMSAyNTYgMjEuMDQ5em0tNDAuNjY4IDk5LjRhNi4zNzQgNi4zNzQgMCAwIDEgOC42ODQtOS4zMzJsMjEuODc2IDIwLjM4MyA0MS44NjctNDIuOTlhNi4zNyA2LjM3IDAgMSAxIDkuMTMyIDguODgzbC00Ni4xMTkgNDcuMzZhNi4zNzQgNi4zNzQgMCAwIDEtOS4wMDguMzI0bC0yNi40MzMtMjQuNjI3ek0xNjUuMTcgMzgzLjg4NGMxLjA5NS0xMC40MjUtMTUuOTMxLTEzLjA1Ni0yMi4zNjYtNS4wNWwtMTAuMjMzIDEyLjczM2MtNS4zNzkgNi42OTItLjYzNCAxNS4wMjYgNS43MDcgMTcuODkyYTguOTcxIDguOTcxIDAgMCAwIDUuNzUxLjczem0tMTIuMTYyIDM1LjQ3NCAyMy4xMjItMjguNzdjNS4zODMtNi43IDEzLjQ2OC0zLjY4NiAxNi42IDEuODg0IDEuOTE0IDMuNDA4IDEuNSA2Ljg3Ni0xLjQyOCAxMC43MjdsLTIzLjEgMjguNzM1Yy04LjMgMTAuMzMxLTIzLjQxNC0yLjUzNy0xNS41MTktMTIuMTY4cS4xNzEtLjIuMzI1LS40MDh6TTMwLjUzMiAzNTQuNTE2YTIuOTUzIDIuOTUzIDAgMCAxLTEuNTE2LTMuODkzbDYzLjkwNy0xNDUuMjVhMi45NSAyLjk1IDAgMCAxIDMuODkzLTEuNTE1bDQ2LjYgMjAuNWEyLjk1MSAyLjk1MSAwIDAgMSAxLjUxNiAzLjg5M0w4MS4wMzEgMzczLjUwNWEyLjk1MiAyLjk1MiAwIDAgMS0zLjg5NCAxLjUxNmwtNDYuNi0yMC41em0xNzYuMzM3IDEwMy41NzhjLS44ODcgNy42OSAxMy42NDYgMTUuNDY1IDIwLjg5NCA2LjQ0NWw0LjQzNS01LjUxOGM4LjEtMTAuMDg0LTIuODgtMjAuNTgxLTEwLjE0NC0xOS44MjJ6bS0xMC45NTctNi43MDhjLjA1NC0uMDcxLjEwOS0uMTQuMTY2LS4yMDdsMTcuNC0yMS42NWM1LjQ1NC02Ljc4Ni43OC0xNC41MTQtNS42MTUtMTcuMmE5LjYxNiA5LjYxNiAwIDAgMC03LjMyNS0uMjg3bC0yMi40IDI3Ljg3NmMtOC43IDEwLjgyNyA4LjI3OSAyMy4yODcgMTYuOTI1IDEyLjUyOWwuODU0LTEuMDYyem0yMjQuODItMTAxLjM3M2E2LjQ2MyA2LjQ2MyAwIDAgMSAuMjc2LjcxMUw0MzAuMDYxIDM3NGEzLjAyNCAzLjAyNCAwIDAgMCAzLjg0OCAxLjY3M2w0Ny40NTQtMTguNDU1YTMuMDI1IDMuMDI1IDAgMCAwIDEuNjczLTMuODQ4bC01Ny41MTctMTQ3LjlhMy4wMjYgMy4wMjYgMCAwIDAtMy44NDktMS42NzJsLTQ3LjQ1NCAxOC40NTZhMy4wMjQgMy4wMjQgMCAwIDAtMS42NzMgMy44NDdsNDguMTg5IDEyMy45MDd6TTIyNS40IDI2Ni40NDhjNi40NDYtNi4yOTUgMTQuMTgxLTEzLjY0NiAxOS40MzMtMTguMjQxIDEwLjA1MS04Ljc5MyAxMi40NzktOS4yODggMjYuNjM1LTcuMzM1IDE5LjAzOSAyLjYyNyA0NS4xNzggOC4wOCA2My45NjIgOS41NDQgMTIuNzc0IDEgMjIuMTYuMiAzMS43ODEtMi44ODlsMzkuMjE0IDEwMC44MzFjLTIwLjk0NiA3LjQ2LTEyLjMgMjMuOTg1LTM5LjU0MiAzNy45MTRMMjYyLjUyNyAzMDIuNGEyMi4zMTUgMjIuMzE1IDAgMCAwLTEyLjE0OC01LjU3NyAxNi42NDcgMTYuNjQ3IDAgMCAwLTEzLjA2OSA0LjE5MmMtMy40MzUgMy4zNjctNC4xMzUgNi4xMzgtNS4zMzEgMTAuODcybC0xLjM3MyA3LjQwN2MtMS41MzQgMTAuNjQ4LTQuNiAyMi43ODEtMTQuMTg5IDI5LjQ4OS02LjM2NiA0LjQ1NC0xMS40NjggMy4xNzktMTggLjU2My0uNzkyLS4zMTcuNzkxLjMxNy41Ny01LjU4OC0uMzIzLTEwLjIzMy0xLjEyNy0zMC4wMjktMS4yMjctNDAuNjQ5LS4wODYtOS4xMTcuMTg2LTguOTM4IDguMTc2LTE3LjE2OSA0Ljc1Mi00LjkgMTEuNzU1LTExLjk1NCAxOC45NjgtMTkuMDA5YTYuNjc3IDYuNjc3IDAgMCAwIC41LS40ODV6bTEyNS4zOTEgMTY3LjRjLTMuMjQyIDE0LjY4LTE5Ljg1MSAyNS4zNjgtMzQuMzY1IDE3LjUtMi42MTMgMTIuNzU5LTE0Ljk5MyAyMy4wNzMtMjguMjc3IDE5Ljk1MmEzNy40ODIgMzcuNDgyIDAgMCAxLTEyLjY0MyAxNC41MWMtOC42NDQgNS44MzktMTkuODExIDguMDQ5LTMwLjI4Ny0uNjhsLTEwLjkzNy05LjExNGMtMTIuMzEzIDEwLjMwOS0zMS42MTEgNC41NTktMzguMTQ3LTguNTE1LTE0LjA1NiA2LjQyNS0zMS40MS0zLjkzNC0zMy4xNi0xOS4wMTYtMTQuMDczIDEuMjU2LTI3LjI2Mi0xMS42MjgtMjUuMTQyLTI1LjgxMi0xNC43NTMtMy4xNjgtMjUuNzU3LTIwLjc1OS0xNy42Mi0zNS40OTEtMy42NTYtNi40ODEtNy4zNTUtMTIuNTY3LTExLjM2MS0xNS43OTEtMy4wNzMtMi40NzQtNi45NjYtMy41NTQtMTEuMDgyLTQuMjUybC01LjA2MSAxMS41QTE1Ljc3MyAxNS43NzMgMCAwIDEgNzIgMzg2LjdsLTQ2LjYtMjAuNWExNS43NzIgMTUuNzcyIDAgMCAxLTguMDUzLTIwLjcxMmw2My45MDYtMTQ1LjI1YTE1Ljc3MiAxNS43NzIgMCAwIDEgMjAuNzEyLTguMDUybDQ2LjYgMjAuNWExNS43NzEgMTUuNzcxIDAgMCAxIDguMDUzIDIwLjcxMmwtMi4xOTIgNC45ODJjMjMuNTYgMTMuNDEzIDM0Ljg0NiAxNC44ODMgNjMuOSAxNy4xNzRsMTguMTIzLTE2LjkyOGMxMy4wNjMtMTEuNDI3IDE4Ljk0LTEyLjgzMSAzNi43MTYtMTAuMzc4IDE4Ljk3MSAyLjYxNyA0NC45ODIgOC4wMjIgNjMuMjEzIDkuNDQzIDEwLjcxMy44MzYgMTguNDI5LjMgMjYuMi0yLjA3MS0yLjI4Mi01Ljg2Ny00LjU1LTEwLjMzMS0xLjY0OS0xNi45MjRhMTUuNjc0IDE1LjY3NCAwIDAgMSA4LjY5NC04LjMxM2w0Ny40NTQtMTguNDU2YTE1LjcgMTUuNyAwIDAgMSAyMC4zMTcgOC45NThsNTcuNTE3IDE0Ny45YTE1LjcgMTUuNyAwIDAgMS04Ljk1OCAyMC4zMTdMNDM4LjUgMzg3LjU1MWExNS43IDE1LjcgMCAwIDEtMjAuMzE3LTguOTU4bC03LjEtMTguMjU4Yy0xNC4wNzIgNS4zNDgtOC45MTggMjAuMDA2LTMzLjUxOSAzNC42MjYgMTIuNDMxIDExLjcwNyA2LjMzNCAyOS45MzMtNi4yOSAzNy40NjYtNi4xIDMuNjQtMTMuNDY3IDQuNzUxLTIwLjQ4MyAxLjQyMnptLTguODI3LTIyLjY5NC0zMC4zNTgtMjQuNTY5YTYuMzY4IDYuMzY4IDAgMSAwLTguMDM1IDkuODgxbDMxLjggMjUuNzMzYzkuMzg3IDguMjE3LTQuMTc1IDI1LjEtMTQuODEgMTYuNjgzbC0zNC4xNDYtMjcuMzA2YTYuMzcyIDYuMzcyIDAgMSAwLTcuOTg1IDkuOTMxbDIyLjEgMTcuNzY1YzkuNjk1IDcuNzkxLTIuMjQ0IDI2LjI2LTE0LjEyNCAxNy4yNjlMMjY3Ljg1MyA0NDIuNWE2LjM3OCA2LjM3OCAwIDAgMC03LjY4NiAxMC4xOGwxNi4xMzMgMTIuMjFjLjY1MS42LjMzOCAxLjA1MS0uMDkzIDEuODU0LTMuNzQxIDYuOTc5LTE0LjQgMTUuNjUzLTIyLjg1NSA4LjYwOGwtMTAuNzQ2LTguOTUyYzEyLjA3NC0xNS44MzIgMS4zOC0zNS4yMS0xNC4yNzctMzkuMjY4IDIuNS0xMy40OS04LjU1MS0yNi41MTUtMjEuNzA2LTI4LjI3MiAxLjU2NC0xNS43My0xNS4yNTMtMjguOTc3LTMwLjE2LTIzLjc2OS02LjY0NS0xNS45MjItMzEuOS0xOC43OC00My41OS00LjIzN2wtNC4zIDUuMzU0Yy02Ljg0Mi0xMS40MjktMTIuOS0xOC4yODgtMjUuNTMzLTIxLjAzM2w0Ni4yMjYtMTA1LjA2NmMyMC40NjEgMTEuNTUyIDMyLjYxNyAxNC45IDU3LjEyIDE3LjIzNmExMDAyLjM4NCAxMDAyLjM4NCAwIDAgMC05LjU4IDkuNzE4Yy0xMC4wODIgMTAuMzg3LTExLjg5NCAxMi45LTExLjc2OSAyNi4xNTIuMSAxMC44NzYuODUyIDMwLjkyMSAxLjIyNyA0MC45NjkuNTEzIDE0LjI1OS41NjggMTQuMjUyIDcuNDE1IDE3IDEwLjQ3OSA0LjIgMTkuNjYyIDUuMjkyIDMwLjAyOC0xLjk2MSAxMC4yNS03LjE3MSAxNS41NTMtMTguNSAxOC4xMzUtMzAuMTg2IDEuMTM5LTUuMTUyIDEuNDQ1LTkuODEzIDIuMzgyLTEzLjUxMyAxLjA1Mi00LjE1NSAxLjI0OS02LjQgNC44NjEtNi4wMTYgMS43MS4xODEgMy4xNjkuOTY5IDUuNDA1IDIuNzg4TDM2OCA0MDMuNTE1YzEwLjI2MiA4LjI0Ny00LjI0MiAyNS4yNzYtMTMuOTUxIDE3LjQxN2wtMTIuMDgyLTkuNzc3ek02Ny44MTQgMzQ0LjZsLjcwNy0xLjIyMmE2LjM3MiA2LjM3MiAwIDEgMC0xMS4wMjgtNi4zODdsLS43MDcgMS4yMjJhNi4zNzIgNi4zNzIgMCAxIDAgMTEuMDI4IDYuMzg3em0zODIuNTMzIDBhNi4zNzIgNi4zNzIgMCAxIDEtMTEuMDI4LTYuMzg3bC43MDctMS4yMjJhNi4zNzIgNi4zNzIgMCAxIDEgMTEuMDI4IDYuMzg3eiIgZmlsbD0iIzA5MDQ0OSIgb3BhY2l0eT0iMSIgZGF0YS1vcmlnaW5hbD0iIzAwMDAwMCI+PC9wYXRoPjwvZz48L3N2Zz4=\" alt=\"\" style=\"width:115px;height:auto\"\/><\/figure>\n\n\n\n<p class=\"has-text-align-center\">100% zadowolenia<\/p>\n<\/div>\n\n\n\n<div class=\"wp-block-column is-layout-flow wp-block-column-is-layout-flow\">\n<figure class=\"wp-block-image aligncenter size-large is-resized\"><img decoding=\"async\" src=\"data:image\/svg+xml;base64,PHN2ZyB4bWxucz0iaHR0cDovL3d3dy53My5vcmcvMjAwMC9zdmciIHZlcnNpb249IjEuMSIgeG1sbnM6eGxpbms9Imh0dHA6Ly93d3cudzMub3JnLzE5OTkveGxpbmsiIHdpZHRoPSI1MTIiIGhlaWdodD0iNTEyIiB4PSIwIiB5PSIwIiB2aWV3Qm94PSIwIDAgNTEyIDUxMiIgc3R5bGU9ImVuYWJsZS1iYWNrZ3JvdW5kOm5ldyAwIDAgNTEyIDUxMiIgeG1sOnNwYWNlPSJwcmVzZXJ2ZSIgY2xhc3M9IiI+PGc+PGxpbmVhckdyYWRpZW50IGlkPSJhIiB4MT0iMTYuMDIxIiB4Mj0iNDk1Ljk3OSIgeTE9IjI1NiIgeTI9IjI1NiIgZGF0YS1uYW1lPSJPcmFuZ2UsIFllbGxvdyIgZ3JhZGllbnRVbml0cz0idXNlclNwYWNlT25Vc2UiPjxzdG9wIHN0b3Atb3BhY2l0eT0iMSIgc3RvcC1jb2xvcj0iIzA5MDQ0OSIgb2Zmc2V0PSIwIj48L3N0b3A+PHN0b3Agc3RvcC1vcGFjaXR5PSIxIiBzdG9wLWNvbG9yPSIjMDkwNDQ5IiBvZmZzZXQ9IjAuMDQiPjwvc3RvcD48c3RvcCBzdG9wLW9wYWNpdHk9IjEiIHN0b3AtY29sb3I9IiMwOTA0NDkiIG9mZnNldD0iMC4xMTciPjwvc3RvcD48c3RvcCBzdG9wLW9wYWNpdHk9IjEiIHN0b3AtY29sb3I9IiMwOTA0NDkiIG9mZnNldD0iMC4xOTYiPjwvc3RvcD48c3RvcCBzdG9wLW9wYWNpdHk9IjEiIHN0b3AtY29sb3I9IiMwOTA0NDkiIG9mZnNldD0iMC4yODEiPjwvc3RvcD48c3RvcCBzdG9wLW9wYWNpdHk9IjEiIHN0b3AtY29sb3I9IiMwOTA0NDkiIG9mZnNldD0iMC42NjgiPjwvc3RvcD48c3RvcCBzdG9wLW9wYWNpdHk9IjEiIHN0b3AtY29sb3I9IiMwOTA0NDkiIG9mZnNldD0iMC44ODgiPjwvc3RvcD48c3RvcCBzdG9wLW9wYWNpdHk9IjEiIHN0b3AtY29sb3I9IiMwOTA0NDkiIG9mZnNldD0iMSI+PC9zdG9wPjwvbGluZWFyR3JhZGllbnQ+PHBhdGggZmlsbD0idXJsKCNhKSIgZmlsbC1ydWxlPSJldmVub2RkIiBkPSJtMjEzLjk1OSAyNzUuMDcgMS4zNyAyMC44NzNjMy42MjcgNTUuMzU2IDc5LjM2NSA1NS4zNzYgODIuOTkgMGwxLjMxOC0yMC4xMTljLTE2LjY3NS0yLjM3OS0zNC45LTcuMDQ2LTQ5LjM0Ny0xNS45NzgtOS4yNzUgMTAuMi0yMi4xMTIgMTcuOTYtMzYuMzMxIDE1LjIyNHptLTEyLjE3OSAyMS43MjJjMS4yMzQgMTguODMyIDEwLjg3MiAzNi42MTcgMjYuOTg3IDQ2LjY2NS0xLjEyMSA5LjI1Ni03LjgwOSAxOC4wNjYtMTIuNTQyIDI2LjA4NWwtMzYuNzA2IDcuODU2IDguMjU4LTExMy4xMDJjNi4wNDgtNzkuNjMzIDEzMS44NjctODAgMTM3LjcwNC0uMDUybDguMjgyIDExMy40MzYtMzguMDM5LTguMTQyYy00LjU1My03LjU3Ni0xMS41MzMtMTYuMzA4LTEyLjcxOC0yNC45NjEgMTcuMTk2LTkuNzY3IDI3LjU4LTI4LjE5NiAyOC44NjItNDcuNzg1bDEuNzM1LTI2LjQ3NWE2Ljc5IDYuNzkgMCAwIDAtNi4wMzEtNy4xNzNjLTE3LjY2Ny0xLjk1Mi00MC4wNS02Ljg5NC01NC40Ny0xNy44MDlhNi43OTIgNi43OTIgMCAwIDAtOS41MTEgMS4zMjljLTguMDM2IDEwLjY0LTIwLjMyMyAyMC4yNi0zMy43MTcgMTIuNTI3LTQuNzIyLTIuNzEzLTEwLjQ3Ljk5NC0xMC4xMzIgNi4yOTVsMi4wMzggMzEuMzA2em0zOS44NjIgNTIuNDY5YzkuMTY3IDIuNzE2IDE5LjE1MyAyLjg5NiAyOC40MTcuNTM3IDEuOTc4IDkuMDEgNy45MjggMTYuNzQgMTIuNyAyNC41MTRsLTI2Ljc3NiAyNC44NDktMjYuNzc4LTI0Ljg1MmM0Ljc4OC03LjgyOCAxMC40ODYtMTYuMDEzIDEyLjQzNy0yNS4wNDh6bS0yMy4wOTcgMzMuNjcyYy0xNC40NzUgMy4wOTgtMzAuNzAyIDUuODctNDQuODI5IDkuNjE0LTQuMzI1IDEuMjM1LTYuNzU1IDUuNDUtNi43NTUgOS43OTN2ODAuMDQzaDMzLjU1NHYtNDIuODc1YzAtOC45NTUgMTMuNjA0LTguOTU1IDEzLjYwNCAwdjQyLjg3NWg4Ni44MnYtNDIuODc1YzAtOC45NTUgMTMuNjA0LTguOTU1IDEzLjYwNCAwdjQyLjg3NWgzMC40NlY0MDIuMzRjMC00LjYwMS0yLjcxMy04Ljk0OC03LjMyNi05LjkzNWwtNDQuMjU2LTkuNDcyLTMwLjYzNiAyOC40MzJ2MjguNzc1YzAgOC45NTUtMTMuNjA0IDguOTU1LTEzLjYwNCAwdi0yOC43NzV6bS01Mi45MjgtMS42NzUgOC42MTEtMTE4LjAyNGM3LjI5NC05Ni4wNzMgMTU3Ljc0Ny05Ni41ODcgMTY0LjgwMi4wNTJsOC42NzEgMTE4Ljc1NmM2LjkxNyA0LjM1NSAxMC45MDYgMTIuMTYzIDEwLjkwNiAyMC4yOTh2ODYuODQ1YTYuODAyIDYuODAyIDAgMCAxLTYuODAyIDYuODAySDE2MC4xNTlhNi44MDIgNi44MDIgMCAwIDEtNi44MDItNi44MDJWNDAyLjM0YzAtOC42ODcgNC41NDctMTYuOTU5IDEyLjI2LTIxLjA4MnpNMjYyLjI1MSAyMC4xNmMtMi4yNjYtNS40MS0xMC4xNjYtNS42NS0xMi41MzggMGwtMjAuMTY3IDQ3Ljk4MS01MS44NTQgNC4zNWMtNS45NC40OTQtOC4zODggOC4wMDYtMy44OCAxMS45MDNsMzkuNDA5IDM0LjAxMi0xMS44OTUgNTAuN2MtMS4zNTcgNS44MTQgNS4wMTUgMTAuNDI3IDEwLjEyMiA3LjMzM2w0NC41MzUtMjYuOTc0IDQ0LjA4MiAyNi43MDJjNS42NjMgMy43MzUgMTEuOTAzLTEuMzY4IDEwLjU3NC03LjA2bC0xMS44OTYtNTAuNzAyIDM5LjA0Ny0zMy42OTljNS4xMzgtNC4xMzUgMi40NjQtMTEuNzE3LTMuNTE3LTEyLjIxNGwtNTEuODU2LTQuMzUtMjAuMTY2LTQ3Ljk4MnptOS4yMjQgNTcuMDRhNi43OTggNi43OTggMCAwIDAgNS44NzQgNC4xNTlsMzkuNzA1IDMuMzMxLTMwLjI5NyAyNi4xNDdhNi44MTMgNi44MTMgMCAwIDAtMi4xNzggNi42NjlsOS4xNDcgMzguOTg4LTM0LjIzNi0yMC43MzhhNi43NzMgNi43NzMgMCAwIDAtNy4xMS4wNTlsLTM0LjE0MSAyMC42NzkgOS4xNDYtMzguOTg3YTYuNzk2IDYuNzk2IDAgMCAwLTIuNTAzLTYuOTVMMTk0LjkxMSA4NC42OWwzOS44NjYtMy4zNDVhNi43OTggNi43OTggMCAwIDAgNS43MTItNC4xNDRsMTUuNDk0LTM2Ljg2M3pNOTcuMDcgMTE3LjAyOWMtMi4yNy01LjQwOS0xMC4xNjctNS42NTItMTIuNTQgMGwtMTcuNDQ1IDQxLjUxLTQ0Ljg1OSAzLjc2M2MtNS45NC40OTItOC4zODggOC4wMDQtMy44NzkgMTEuOTAybDM0LjA5NCAyOS40MjUtMTAuMjkyIDQzLjg2NWMtMS4zNTYgNS44MTQgNS4wMTQgMTAuNDI2IDEwLjEyMiA3LjMzM2wzOC41My0yMy4zMzggMzguMDc3IDIzLjA2NWM1LjY2MiAzLjczNSAxMS45MDMtMS4zNjggMTAuNTczLTcuMDZsLTEwLjI5LTQzLjg2NiAzMy43My0yOS4xMTJjNS4xMzgtNC4xMzUgMi40NjQtMTEuNzE3LTMuNTE4LTEyLjIxNGwtNDQuODU4LTMuNzYzLTE3LjQ0NS00MS41MXptNi41MDIgNTAuNTY5YTYuNzk4IDYuNzk4IDAgMCAwIDUuODc1IDQuMTU4bDMyLjcwNyAyLjc0NC0yNC45OCAyMS41NmE2LjgxMiA2LjgxMiAwIDAgMC0yLjE3OCA2LjY2OGw3LjU0MyAzMi4xNTMtMjguMjMyLTE3LjFhNi43NzMgNi43NzMgMCAwIDAtNy4xMS4wNThMNTkuMDYzIDIzNC44OGw3LjU0My0zMi4xNTJhNi43OTYgNi43OTYgMCAwIDAtMi41MDMtNi45NDlMMzkuNDQ2IDE3NC41bDMyLjg3LTIuNzU4YTYuNzk3IDYuNzk3IDAgMCAwIDUuNzEyLTQuMTQ0bDEyLjc3NC0zMC4zOSAxMi43NzEgMzAuMzl6bTMyMy44Ni01MC41NjljLTIuMjY2LTUuNDEtMTAuMTY1LTUuNjUtMTIuNTM3IDBsLTE3LjQ0NiA0MS41MS00NC44NTkgMy43NjNjLTUuOTQuNDkyLTguMzg4IDguMDA0LTMuODc5IDExLjkwMmwzNC4wOTQgMjkuNDI1LTEwLjI5MiA0My44NjVjLTEuMzU2IDUuODE0IDUuMDE0IDEwLjQyNiAxMC4xMjIgNy4zMzNsMzguNTMtMjMuMzM4IDM4LjA3NyAyMy4wNjVjNS42NjIgMy43MzUgMTEuOTAzLTEuMzY4IDEwLjU3My03LjA2bC0xMC4yOS00My44NjYgMzMuNzMtMjkuMTEyYzUuMTM4LTQuMTM1IDIuNDY0LTExLjcxNy0zLjUxNy0xMi4yMTRsLTQ0Ljg1OS0zLjc2My0xNy40NDYtNDEuNTF6bTYuNTA0IDUwLjU2OWE2Ljc5OCA2Ljc5OCAwIDAgMCA1Ljg3NSA0LjE1OGwzMi43MDcgMi43NDQtMjQuOTggMjEuNTZhNi44MTIgNi44MTIgMCAwIDAtMi4xNzggNi42NjhsNy41NDMgMzIuMTUzLTI4LjIzMi0xNy4xYTYuNzczIDYuNzczIDAgMCAwLTcuMTEuMDU4bC0yOC4xMzUgMTcuMDQyIDcuNTQzLTMyLjE1MmE2Ljc5NiA2Ljc5NiAwIDAgMC0yLjUwMy02Ljk0OUwzNjkuODEgMTc0LjVsMzIuODctMi43NThhNi43OTcgNi43OTcgMCAwIDAgNS43MTItNC4xNDRsMTIuNzc0LTMwLjM5IDEyLjc3MSAzMC4zOXptOC4wNyAxMDYuMTY0IDEzLjM2NyAzMS44IDM0LjM2NCAyLjg4NGM1Ljk4Mi40OTYgOC42NTYgOC4wNzggMy41MTggMTIuMjE0bC0yNS43NTkgMjIuMjMxIDcuODg2IDMzLjYxM2MxLjMzIDUuNjkyLTQuOTExIDEwLjc5Ni0xMC41NzQgNy4wNmwtMjkuMDY5LTE3LjYwOS0yOS41MjIgMTcuODgzYy01LjEwOCAzLjA5Mi0xMS40NzgtMS41Mi0xMC4xMjEtNy4zMzRsNy44ODUtMzMuNjEyLTI2LjEyLTIyLjU0NWMtNC41MDktMy44OTctMi4wNjEtMTEuNDEgMy44NzktMTEuOTAybDM0LjM2My0yLjg4MyAxMy4zNjUtMzEuOGMyLjM3My01LjY1IDEwLjI3Mi01LjQxIDEyLjUzOCAwem0yLjQyNCA0MC44Ni04LjY5Mi0yMC42ODEtOC42OTIgMjAuNjgxYTYuNzk4IDYuNzk4IDAgMCAxLTUuNzEyIDQuMTQ0bC0yMi4zNzUgMS44NzcgMTYuNjgzIDE0LjRhNi43OTcgNi43OTcgMCAwIDEgMi41MDMgNi45NWwtNS4xMzggMjEuOSAxOS4xMjktMTEuNTg4YTYuNzczIDYuNzczIDAgMCAxIDcuMTEtLjA1OGwxOS4yMjQgMTEuNjQ1LTUuMTM3LTIxLjlhNi44MTIgNi44MTIgMCAwIDEgMi4xNzgtNi42N2wxNy4wMDctMTQuNjc4LTIyLjIxMy0xLjg2NGE2Ljc5OSA2Ljc5OSAwIDAgMS01Ljg3NS00LjE1OHptLTM2MS45MzctNDAuODYgMTMuMzY2IDMxLjggMzQuMzY0IDIuODg0YzUuOTgyLjQ5NiA4LjY1NiA4LjA3OCAzLjUxOCAxMi4yMTRsLTI1Ljc1OSAyMi4yMzEgNy44ODYgMzMuNjEzYzEuMzMgNS42OTItNC45MTEgMTAuNzk2LTEwLjU3MyA3LjA2bC0yOS4wNy0xNy42MDktMjkuNTIxIDE3Ljg4M2MtNS4xMDkgMy4wOTItMTEuNDc5LTEuNTItMTAuMTIyLTcuMzM0bDcuODg1LTMzLjYxMi0yNi4xMi0yMi41NDVjLTQuNTA5LTMuODk3LTIuMDYxLTExLjQxIDMuODc5LTExLjkwMmwzNC4zNjMtMi44ODMgMTMuMzY2LTMxLjhjMi4zNzItNS42NTMgMTAuMjY4LTUuNDEgMTIuNTM4IDB6bTIuNDIzIDQwLjg2LTguNjkyLTIwLjY4MS04LjY5MiAyMC42ODFhNi43OTggNi43OTggMCAwIDEtNS43MTIgNC4xNDRsLTIyLjM3NSAxLjg3NyAxNi42ODMgMTQuNGE2Ljc5NyA2Ljc5NyAwIDAgMSAyLjUwMyA2Ljk1bC01LjEzOCAyMS45IDE5LjEyOS0xMS41ODhhNi43NzMgNi43NzMgMCAwIDEgNy4xMS0uMDU4bDE5LjIyNCAxMS42NDUtNS4xMzctMjEuOWE2LjgxMiA2LjgxMiAwIDAgMSAyLjE3OC02LjY3bDE3LjAwNy0xNC42NzgtMjIuMjEzLTEuODY0YTYuNzk5IDYuNzk5IDAgMCAxLTUuODc1LTQuMTU4eiIgb3BhY2l0eT0iMSIgZGF0YS1vcmlnaW5hbD0idXJsKCNhKSIgY2xhc3M9IiI+PC9wYXRoPjwvZz48L3N2Zz4=\" alt=\"\" style=\"width:115px;height:auto\"\/><\/figure>\n\n\n\n<p class=\"has-text-align-center\">Do\u015bwiadczenie<\/p>\n<\/div>\n\n\n\n<div class=\"wp-block-column is-layout-flow wp-block-column-is-layout-flow\">\n<figure class=\"wp-block-image aligncenter size-large is-resized\"><img decoding=\"async\" src=\"data:image\/svg+xml;base64,PHN2ZyB4bWxucz0iaHR0cDovL3d3dy53My5vcmcvMjAwMC9zdmciIHZlcnNpb249IjEuMSIgeG1sbnM6eGxpbms9Imh0dHA6Ly93d3cudzMub3JnLzE5OTkveGxpbmsiIHdpZHRoPSI1MTIiIGhlaWdodD0iNTEyIiB4PSIwIiB5PSIwIiB2aWV3Qm94PSIwIDAgNzQgNzQiIHN0eWxlPSJlbmFibGUtYmFja2dyb3VuZDpuZXcgMCAwIDUxMiA1MTIiIHhtbDpzcGFjZT0icHJlc2VydmUiIGNsYXNzPSIiPjxnPjxwYXRoIGQ9Ik0yMi42IDQ0LjM5YzEuMjggMCAyLjMyLTEuMDQgMi4zMi0yLjMycy0xLjA0LTIuMzEtMi4zMi0yLjMxLTIuMzEgMS4wNC0yLjMxIDIuMzFhMi4zMDcgMi4zMDcgMCAwIDAgMi4zMSAyLjMyem0wLTMuMTNjLjQ1IDAgLjgyLjM3LjgyLjgxIDAgLjQ1LS4zNy44Mi0uODIuODJzLS44MS0uMzctLjgxLS44MmEuOC44IDAgMCAxIC44MS0uODF6IiBmaWxsPSIjMDkwNDQ5IiBvcGFjaXR5PSIxIiBkYXRhLW9yaWdpbmFsPSIjMDAwMDAwIiBjbGFzcz0iIj48L3BhdGg+PHBhdGggZD0iTTY2LjQ1IDVjLTEuNDEgMC0yLjU1IDEuMTQtMi41NSAyLjU1VjI0LjZoLTMuODNjLjAzLS4wNy4wNi0uMTQuMDctLjIybDEuNTEtNi4xNWMuMDgtLjM0LjAxLS42OS0uMjEtLjk2LS4wOC0uMS0uMTctLjE3LS4yNy0uMjQuOC0xLjU2LjU5LTMuNDIuNTgtMy41MmEuNzQ1Ljc0NSAwIDAgMC0uNjYtLjY2Yy0uMDYtLjAxLTEuMzItLjE0LTIuNjEuMjMtLjY0LTEuNTQtMS45My0yLjYxLTEuOTktMi42NmEuNzY2Ljc2NiAwIDAgMC0uOTUgMGMtLjA2LjA1LTEuMzUgMS4xMi0xLjk5IDIuNjYtMS4zLS4zNy0yLjU1LS4yNC0yLjYxLS4yMy0uMzUuMDQtLjYyLjMxLS42Ni42Ni0uMDEuMS0uMjEgMS45Ni41OCAzLjUyLS4xLjA3LS4xOS4xNC0uMjcuMjQtLjIyLjI3LS4yOS42My0uMjEuOTZsMS41MSA2LjE1Yy4wMi4wOC4wNS4xNS4wNy4yMmgtLjg4Yy0xLjM4IDAtMi41MSAxLjEzLTIuNTEgMi41MXMxLjEzIDIuNTEgMi41MSAyLjUxSDYzLjlWNTguN2gtNy40NWMuMDUtLjEyLjEtLjI0LjE0LS4zNmwyLjEtNy4zNGMuNjctLjI5IDEuMTQtLjk1IDEuMTQtMS43M3YtLjVjMC0uNTMtLjIyLTEuMDEtLjU4LTEuMzUgMi4zLTEuODQgMi41My01LjM3IDIuNTQtNS41MmEuNzQ0Ljc0NCAwIDAgMC0uNTUtLjc2Yy0uMDUtLjAxLS43Ny0uMi0xLjc1LS4yNy43NS0xLjYyLjUzLTMuNS41Mi0zLjZhLjc0My43NDMgMCAwIDAtLjY1LS42NWMtLjExLS4wMS0yLjQxLS4yOC00LjEyLjgyLS4wNi0uMTUtLjEzLS4yNy0uMjEtLjM4IDAtLjA0LjAxLS4wNy4wMS0uMTEgMC0zLjA1LTMuMDYtNS40LTMuMTktNS41LS4yNy0uMi0uNjQtLjItLjkxIDAtLjEzLjEtMy4xOSAyLjQ2LTMuMTkgNS41IDAgLjA0LjAxLjA3LjAxLjExLS4wOC4xMS0uMTUuMjMtLjIxLjM4LTEuNy0xLjEtNC4wMS0uODMtNC4xMi0uODItLjM0LjA0LS42MS4zMS0uNjUuNjUtLjAxLjEtLjIzIDEuOTguNTIgMy42LS45OC4wNy0xLjcuMjUtMS43NS4yNy0uMzQuMDktLjU3LjQxLS41NS43Ny4wMS4xNS4yNCAzLjY4IDIuNTQgNS41Mi0uMzUuMzQtLjU4LjgyLS41OCAxLjM1di41YzAgLjc4LjQ3IDEuNDQgMS4xNCAxLjczbDIuMTEgNy4zNGMuMDQuMTMuMDguMjUuMTQuMzZoLTEuNDdjLTEuMzggMC0yLjUxIDEuMTMtMi41MSAyLjUxczEuMTMgMi41MSAyLjUxIDIuNTFINjMuOXYzLjc4SDM3LjVhMjUuODQ1IDI1Ljg0NSAwIDAgMS0xLjg1LTcuOTNjLjA3IDAgLjEzLjAxLjIxLjAxLjg4IDAgMi4xNC0uMTcgMy4wNy0uOTggMS41NS0xLjM1IDEuNDgtMy44NCAxLjQ4LTMuOTVhLjc0Ljc0IDAgMCAwLS42MS0uNzJjLS4xLS4wMi0yLjU0LS40NC00LjEuODcuMjYtMi44OC45My01Ljg5IDIuMDEtOS4wNSAxLjUxLTQuNDUgMi4yNS04LjYxIDIuMjEtMTIuNTMuOS0uMTQgMi40My0uNTQgMy4zNC0xLjcyIDEuMzItMS43Mi43MS00LjI5LjY5LTQuMzktLjA4LS4zNC0uNC0uNTYtLjc1LS41Ny0uMSAwLTIuNDMuMDctMy44MSAxLjQ4LS4zMi0xLjYtLjc4LTMuMTctMS4zOC00LjcuNDktLjIxLjg4LS41NyAxLjEzLTEuMDEuMTguMS4zNy4xOS41Ny4yNS4yMS4wNS40Mi4wOC42My4wOC40NCAwIC44OS0uMTIgMS4yOS0uMzUuOC0uNDcgMS4yNC0xLjMgMS4yMy0yLjEzaC4wM2MuMiAwIC40LS4wMy42LS4wOC42My0uMTcgMS4xOS0uNiAxLjUyLTEuMTguMzQtLjU5LjQ0LTEuMjkuMjYtMS45Mi0uMDYtLjItLjE0LS4zOS0uMjUtLjU2LjczLS40MiAxLjIzLTEuMjIgMS4yMy0yLjE1cy0uNS0xLjczLTEuMjMtMi4xNWMuMTEtLjE4LjItLjM4LjI2LS41OS4xNy0uNjMuMDctMS4zMy0uMjctMS44OWEyLjQ5IDIuNDkgMCAwIDAtMS41My0xLjE5Yy0uMi0uMDUtLjQxLS4wNy0uNjEtLjA3IDAtLjItLjAyLS40MS0uMDctLjYxLS4xNy0uNjMtLjYtMS4xOS0xLjE4LTEuNTMtLjU5LS4zNC0xLjI5LS40NC0xLjkyLS4yNi0uMi4wNi0uMzkuMTQtLjU2LjI1QzM4Ljc0IDUuNSAzNy45MyA1IDM3IDVzLTEuNzMuNS0yLjE1IDEuMjNjLS4xOC0uMS0uMzYtLjE5LS41Ny0uMjUtLjY0LS4xNy0xLjMzLS4wOC0xLjkxLjI2LS41OS4zNC0xLjAyLjktMS4xOSAxLjUzLS4wNS4yLS4wNy40MS0uMDcuNjEtLjIgMC0uNDEuMDItLjYxLjA3LS42NC4xNy0xLjE5LjYtMS41MiAxLjE4LS4zNC41OC0uNDQgMS4yNy0uMjcgMS45MS4wNi4yMS4xNS40LjI1LjU4LS43My40Mi0xLjIzIDEuMjItMS4yMyAyLjE1cy41IDEuNzQgMS4yMyAyLjE2Yy0uMS4xNy0uMTkuMzYtLjI0LjU1LS4xNy42NC0uMDggMS4zNC4yNiAxLjkzLjQ3LjggMS4zIDEuMjUgMi4xMyAxLjI1aC4wMWMwIC4yLjAyLjQxLjA3LjYxLjE3LjYzLjYgMS4xOSAxLjE4IDEuNTIuMzkuMjMuODQuMzUgMS4yOC4zNS4yMSAwIC40Mi0uMDMuNjMtLjA4LjIxLS4wNi40LS4xNS41OC0uMjUuMzMuNTkuOTIgMS4wMiAxLjYyIDEuMTcuNjUgMS41OCAxLjE0IDMuMjEgMS40NyA0Ljg3LTEuNzEtMS4xNi00LjEzLS41OS00LjIzLS41Ni0uMzQuMDgtLjU4LjM5LS41Ny43NSAwIC4xMS4wOCAyLjc1IDEuOCA0LjA3Ljg4LjY4IDEuOTguODQgMi44Ny44NC4yMyAwIC40NC0uMDEuNjMtLjAzLjAxIDMuNzEtLjcgNy42NS0yLjEzIDExLjg2LTEuMDcgMy4xNC0xLjc0IDYuMTQtMi4wNCA5LjAxLTEuMzktMS4wNi0zLjM1LTEtMy40NC0uOTktLjM1LjAxLS42NS4yNy0uNzEuNjItLjAyLjEtLjQ0IDIuNTcuOSA0LjEyLjg5IDEuMDIgMi4yNyAxLjM0IDMuMTQgMS40My4xOCAyLjc5Ljc2IDUuNDYgMS43NSA4LjA0SDEwLjF2LTMuNzhoMTkuMDNjMS4zOCAwIDIuNTEtMS4xMyAyLjUxLTIuNTFzLTEuMTMtMi41MS0yLjUxLTIuNTFoLTEuNDdjLjA1LS4xMi4xLS4yNC4xNC0uMzZMMjkuOSA1MWMuNjctLjI5IDEuMTQtLjk1IDEuMTQtMS43M3YtLjVjMC0uNTMtLjIyLTEuMDEtLjU4LTEuMzUgMi4zLTEuODQgMi41My01LjM3IDIuNTQtNS41MmEuNzYzLjc2MyAwIDAgMC0uNTUtLjc3Yy0uMDUtLjAxLS43Ny0uMi0xLjc1LS4yNy43NS0xLjYyLjUzLTMuNS41Mi0zLjZhLjc0My43NDMgMCAwIDAtLjY1LS42NWMtLjExLS4wMS0yLjQxLS4yOC00LjEyLjgyLS4wNi0uMTQtLjEzLS4yNy0uMjEtLjM4IDAtLjA0LjAxLS4wNy4wMS0uMTEgMC0zLjA1LTMuMDYtNS40LTMuMTktNS41LS4yNy0uMi0uNjQtLjItLjkxIDAtLjEzLjEtMy4xOSAyLjQ2LTMuMTkgNS41IDAgLjA0LjAxLjA3LjAxLjExLS4wOC4xLS4xNS4yMy0uMjEuMzgtMS43LTEuMS00LjAxLS44My00LjEyLS44Mi0uMzQuMDQtLjYxLjMxLS42NS42NS0uMDEuMS0uMjMgMS45OC41MiAzLjYtLjk4LjA3LTEuNy4yNS0xLjc1LjI3LS4zNC4wOS0uNTcuNDEtLjU1Ljc2LjAxLjE1LjIzIDMuNjggMi41NCA1LjUyLS4zNS4zNC0uNTguODItLjU4IDEuMzV2LjVjMCAuNzguNDcgMS40NCAxLjE0IDEuNzNsMi4xMSA3LjM0Yy4wNC4xMy4wOC4yNS4xNC4zNkgxMC4xVjI5LjYyaDEyLjc5YzEuMzggMCAyLjUxLTEuMTMgMi41MS0yLjUxcy0xLjEzLTIuNTEtMi41MS0yLjUxaC0uODhjLjAzLS4wNy4wNi0uMTQuMDctLjIybDEuNTEtNi4xNWMuMDgtLjM0LjAxLS42OS0uMjEtLjk2LS4wOC0uMS0uMTctLjE3LS4yNy0uMjQuNzktMS41NS41OS0zLjQyLjU4LTMuNTJhLjc0NS43NDUgMCAwIDAtLjY2LS42NmMtLjA2LS4wMS0xLjMyLS4xNC0yLjYxLjIzLS42NC0xLjU0LTEuOTMtMi42MS0xLjk5LTIuNjZhLjc2Ni43NjYgMCAwIDAtLjk1IDBjLS4wNi4wNS0xLjM1IDEuMTItMS45OSAyLjY2LTEuMy0uMzctMi41NS0uMjQtMi42MS0uMjMtLjM1LjA0LS42Mi4zMS0uNjYuNjYtLjAxLjEtLjIyIDEuOTcuNTggMy41Mi0uMS4wNy0uMTkuMTQtLjI3LjI0LS4yMi4yNy0uMjkuNjMtLjIxLjk2bDEuNTEgNi4xNWMuMDIuMDguMDUuMTUuMDcuMjJoLTMuOFY3LjU1QzEwLjEgNi4xNCA4Ljk1IDUgNy41NSA1IDYuMTQgNSA1IDYuMTQgNSA3LjU1djYwLjdjMCAuNDIuMzMuNzUuNzUuNzVoNjIuNWMuNDEgMCAuNzUtLjM0Ljc1LS43NVY3LjU1QzY5IDYuMTQgNjcuODYgNSA2Ni40NSA1ek01MS45NyAxOC4zM2g4LjExbC0uNTkgMi4zOGgtNi45NHptNy41Mi0xLjVoLTEuMTNjLjI5LS42LjUxLTEuMjkuNTEtMi4wNCAwLS4wOS0uMDItLjE3LS4wMy0uMjUuNTItLjE2IDEuMDYtLjIxIDEuNDYtLjIyLS4wMi42OS0uMTggMS43Ni0uODEgMi41MXptLTMuNDYtNC43OWMuNDQuNDcgMS4wNiAxLjI3IDEuMjcgMi4xOS4wNS4xOC4wNy4zNy4wNy41NiAwIC43Ny0uMzcgMS41LS43NSAyLjA0aC0xLjE3Yy0uMzgtLjU0LS43NS0xLjI3LS43NS0yLjA0IDAtLjE5LjAyLS4zOC4wNy0uNTguMi0uOS44Mi0xLjcgMS4yNi0yLjE3em0tMi44MiAyLjQ5Yy0uMDEuMDktLjAyLjE3LS4wMi4yNiAwIC43NS4yMiAxLjQ0LjUxIDIuMDRoLTEuMTVjLS42My0uNzItLjc4LTEuODItLjc5LTIuNTEuNDEuMDEuOTQuMDYgMS40NS4yMXptLjE2IDkuNDktLjQ0LTEuOGg2LjIxbC0uNDQgMS44YS43Ni43NiAwIDAgMS0uNzIuNThoLTMuODlhLjc2Ljc2IDAgMCAxLS43Mi0uNTh6bTEwLjUzIDQuMUg1MS4xMWMtLjU2IDAtMS4wMS0uNDUtMS4wMS0xLjAxcy40NS0xLjAxIDEuMDEtMS4wMUg2My45ek00NS41OCA0OC4zOWgxMi4zN2MuMjEgMCAuMzguMTcuMzguMzh2LjVjMCAuMjEtLjE3LjM4LS4zOC4zOEg0NC44NGEuMzguMzggMCAwIDEtLjM4LS4zOHYtLjVjMC0uMjEuMTctLjM4LjM4LS4zOGguNzRjLS4wMSAwIDAgMCAwIDB6bTIuMDItNS4zMWEuNzczLjc3MyAwIDAgMC0uMzgtLjQ3Yy0uNDctLjI0LS42Mi0uNDctLjYyLS41NGwuMDEtLjAyYzAtLjAxLjAxLS4wMS4wMS0uMDJ2LS4wMWMuMDQtLjA5LjE5LS4yOC42MS0uNTEuMTgtLjEuMzItLjI3LjM3LS40N3MuMDItLjQyLS4wOS0uNTljLS4yOC0uNDUtLjMtLjcyLS4yNy0uNzguMDMtLjA1LjI0LS4yLjgxLS4xNi4yMS4wMi40Mi0uMDcuNTctLjIycy4yMy0uMzYuMjItLjU3Yy0uMDMtLjU3LjEtLjc4LjE1LS44MS4wNi0uMDMuMzQtLjAyLjc5LjI3LjE4LjExLjM5LjE0LjU5LjA5cy4zNy0uMTkuNDctLjM3Yy4yNy0uNTEuNS0uNjMuNTUtLjYzLjA2IDAgLjI4LjEyLjU1LjYzLjEuMTguMjcuMzIuNDcuMzdzLjQyLjAyLjU5LS4wOWMuNDUtLjI5LjcyLS4zLjc4LS4yNy4wNC4wMi4xOC4yMy4xNS44MS0uMDEuMjEuMDcuNDIuMjIuNTdzLjM1LjI0LjU3LjIyYy41Ny0uMDIuNzguMTEuODEuMTYuMDQuMDYuMDIuMzMtLjI3Ljc4LS4xMS4xOC0uMTQuMzktLjA5LjU5cy4xOS4zNy4zNy40N2MuNTEuMjcuNjMuNS42My41NXMtLjExLjI4LS42Mi41NGMtLjE5LjEtLjMyLjI3LS4zOC40Ny0uMDUuMi0uMDIuNDIuMDkuNi4yOC40NC4zMS43Mi4yNy43OS0uMDMuMDUtLjIzLjE5LS44MS4xNS0uMjEtLjAyLS40Mi4wNy0uNTcuMjJzLS4yMy4zNi0uMjIuNTdjLjAzLjU4LS4xMS43OS0uMTYuODItLjAzLjAyLS4yOC4wNC0uNzctLjI4LS4xOC0uMTEtLjM5LS4xNC0uNTktLjA5cy0uMzcuMTktLjQ3LjM3Yy0uMjcuNTEtLjUuNjMtLjU1LjYzLS4wNiAwLS4yOC0uMTItLjU3LS42NGEuNzkzLjc5MyAwIDAgMC0uNDctLjM3Yy0uMDYtLjAyLS4xMy0uMDItLjE5LS4wMi0uMTQgMC0uMjguMDQtLjQuMTItLjUuMzEtLjc0LjMtLjc4LjI3LS4wNS0uMDMtLjE5LS4yNC0uMTYtLjgyLjAxLS4yMS0uMDctLjQyLS4yMi0uNTdzLS4zNi0uMjMtLjU3LS4yMmMtLjU3LjAzLS43OC0uMTEtLjgxLS4xNS0uMDMtLjA1LS4wNC0uMy4yNy0uOC4xNC0uMTUuMTctLjM2LjExLS41N3ptMTAuNiAzLjI3Yy0uMzIuMjMtLjY5LjQtMS4xMS41NGgtMS45NGMuMTItLjIxLjIyLS40Ni4yNy0uNzkuODEtLjEyIDEuMjItLjUyIDEuNDMtLjg3LjItLjM1LjM0LS45MS4wNC0xLjY4LjQ3LS4zNy42Ny0uNzYuNzUtMS4xLjk4LS4xNyAxLjk2LS4wOSAyLjU3IDAtLjE2IDEtLjY0IDIuOTItMi4wMSAzLjl6bS4zNS04LjI3YzAgLjc2LS4xMyAyLjA0LS44OCAyLjg0LS4xMy4wMi0uMjcuMDQtLjQuMDctLjEtLjEzLS4yMy0uMjUtLjM4LS4zOC4zLS43Ny4xNi0xLjMzLS4wNC0xLjY4LS4wOC0uMTMtLjIxLS4yOS0uMzktLjQ0LjcxLS4zMyAxLjU0LS40MSAyLjA5LS40MXptLTcuMTUtNS4wNGMuNjcuNjIgMS44NSAxLjkxIDIuMDkgMy4zOS0uMTkuMDItLjM5LjA2LS42MS4xNS0uNTItLjY1LTEuMDctLjgtMS40Ny0uOHMtLjk1LjE2LTEuNDcuOGMtLjIzLS4wOS0uNDMtLjEzLS42Mi0uMTUuMjMtMS40OCAxLjQxLTIuNzcgMi4wOC0zLjM5em0tNS4wNiA1LjQ1Yy0uMTkuMTUtLjMyLjMxLS4zOS40NC0uMi4zNS0uMzUuOTEtLjA0IDEuNjgtLjE2LjEzLS4yOC4yNS0uMzguMzgtLjE0LS4wMy0uMjctLjA1LS40MS0uMDctLjc0LS43OS0uODctMi4wNy0uODgtMi44My41NS0uMDEgMS4zOC4wNyAyLjEuNHptLTMuNzcgMy45NmMuNjEtLjEgMS41OS0uMTggMi41OC0uMDEuMDguMzQuMjkuNzMuNzUgMS4xLS4zLjc4LS4xNiAxLjMzLjA0IDEuNjhzLjYxLjc1IDEuNDMuODdjLjA1LjMzLjE1LjU4LjI3Ljc5SDQ1LjdjLS40Mi0uMTMtLjc5LS4zMS0xLjExLS41My0xLjM2LS45OC0xLjg1LTIuOS0yLjAyLTMuOXptNS4wOCAxNS40OC0xLjk0LTYuNzdoMTEuMzhsLTEuOTQgNi43N2MtLjEzLjQ2LS41Ni43OC0xLjAzLjc4aC01LjQzYy0uNDktLjAxLS45MS0uMzMtMS4wNC0uNzh6bTE2LjI1IDQuMjlINDQuODdjLS41NiAwLTEuMDEtLjQ1LTEuMDEtMS4wMXMuNDUtMS4wMSAxLjAxLTEuMDFINjMuOXpNNDAuMzIgMjkuMjRjLjU2LS43MyAxLjU5LTEuMDIgMi4yNy0xLjE0LjA2LjY4LjA0IDEuNzUtLjUxIDIuNDgtLjU1LjcxLTEuNTMgMS0yLjIgMS4xMmwtLjA2LS44NGMuMDItLjU1LjE0LTEuMTUuNS0xLjYyem0tOS41Ny0xNC4wN2MtLjMxLjA0LS41NS4wNi0uNjguMDYtLjQ2IDAtLjg0LS40My0uODQtLjk2cy4zOC0uOTUuODQtLjk1Yy4xMiAwIC4zMi4wMi42Mi4wNS43OS4zMyAyLjE5Ljg2IDMuNDIgMS4xNi0xLjAxLjI3LTIuMzcuNTItMy4zNi42NHptMTIuNDUtMS44Yy4zMy0uMDQuNTktLjA2LjczLS4wNi40NiAwIC44NC40My44NC45NSAwIC41My0uMzguOTYtLjg0Ljk2LS4xMiAwLS4zMy0uMDItLjU4LS4wNS0uOTctLjQxLTIuMzMtLjktMy40NS0xLjE2IDEuMDEtLjI4IDIuMzQtLjUyIDMuMy0uNjR6bS02LjQ0IDIuMjhoLS4wMmMtLjY2LS4xMi0xLjE2LS43LTEuMTYtMS4zOSAwLS4wOC4wMS0uMTYuMDItLjI0LjA0LS4yNC4xNC0uNDUuMjktLjYzbC4wMS0uMDFjMC0uMDEuMDEtLjAxLjAxLS4wMi4xNS0uMTguMzUtLjMzLjU4LS40MWguMDFhMS4zMzMgMS4zMzMgMCAwIDEgLjcyLS4wN0gzNy4yOGMuNDcuMS44Ni40NCAxLjAzLjg4di4wMmMuMDYuMTUuMDkuMzEuMDkuNDkgMCAuMDgtLjAxLjE2LS4wMi4yM3YuMDJjLS4xMi42Ni0uNjkgMS4xNi0xLjM5IDEuMTYtLjA3IDAtLjE0LS4wMS0uMjMtLjAzLjAxLjAxLjAxIDAgMCAwem00LjEzIDUuMzRjLS4yNC4xNC0uNTIuMTgtLjc3LjExYS43Ny43NyAwIDAgMS0uNDgtLjM2Yy0uMDYtLjEtLjE1LS4yOS0uMjYtLjUzLS4xMy0xLjAzLS4zOC0yLjQ0LS43MS0zLjU1LjczLjcgMS41NyAxLjcgMi4xOCAyLjUxLjIyLjI5LjM4LjUyLjQ0LjYzLjI0LjQuMDYuOTItLjQgMS4xOXptMi44NC0yLjg0Yy0uMTQuMjQtLjM2LjQxLS42MS40OC0uMTUuMDQtLjM3LjA2LS41Ny0uMDYtLjExLS4wNy0uMzItLjIxLS41Ny0uNC0uNjItLjgxLTEuNTItMS44OS0yLjM1LTIuNjcgMS4wMi4yNSAyLjMyLjcxIDMuMjQgMS4xMS4yOS4xMi41LjIzLjYyLjMuMjIuMTMuMzIuMzMuMzUuNDcuMDcuMjUuMDMuNTMtLjExLjc3em0tLjYyLTguMjVjLjI1LjA3LjQ3LjI0LjYyLjUuMTQuMjMuMTguNS4xMS43NS0uMDYuMjEtLjE4LjM4LS4zOC40OS0uMTEuMDYtLjMuMTUtLjU2LjI2LS44NS4xMS0yLjMzLjM2LTMuNTIuNzEuNzItLjc0IDEuNzQtMS42MSAyLjUyLTIuMTkuMDQtLjAzLjA3LS4wNS4xLS4wOS4yMi0uMTYuMzktLjI5LjUyLS4zNmEuNzYuNzYgMCAwIDEgLjU5LS4wN3ptLTMtMi40N2MuMjUtLjA3LjUzLS4wMy43OC4xMS4yNC4xNC40MS4zNi40OC42MS4wNi4yMS4wMy40Mi0uMDguNjItLjA2LjExLS4xOS4yOS0uMzYuNTItLjgzLjYyLTEuOSAxLjU0LTIuNjggMi4zNS4yNS0xLjAyLjcxLTIuMzIgMS4xMS0zLjI0LjEyLS4yOS4yMy0uNS4zLS42Mi4xMS0uMjIuMzEtLjMyLjQ1LS4zNXpNMzcgNi41Yy41MyAwIC45Ni4zOC45Ni44NCAwIC4xMS0uMDIuMzMtLjA1LjU4LS40MS45Ny0uOSAyLjMzLTEuMTYgMy40NS0uMjktMS4wMS0uNTMtMi4zNC0uNjUtMy4zLS4wNC0uMzMtLjA2LS41OS0uMDYtLjczLjAxLS40Ny40My0uODQuOTYtLjg0em0tNC4zNyAxLjY2Yy4wNy0uMjUuMjQtLjQ3LjQ5LS42Mi4yNC0uMTQuNTItLjE4Ljc3LS4xMS4xNS4wNC4zNC4xMy40OC4zNy4wNi4xMS4xNS4zLjI2LjU1LjExLjg1LjM2IDIuMzMuNzEgMy41MmwtLjAxLjAxYy0uNzUtLjczLTEuNjMtMS43Ny0yLjIxLTIuNTQtLjE5LS4yNS0uMzQtLjQ1LS40Mi0uNTlhLjgwOC44MDggMCAwIDEtLjA3LS41OXptLTIuMzUgMi4yMmMuMTQtLjI0LjM2LS40Mi42MS0uNDguMjEtLjA1LjQyLS4wMy42Mi4wOC4xLjA1LjI4LjE4LjQ5LjM0LjUyLjY4IDEuNDYgMS44MyAyLjM2IDIuNjktLjk5LS4yNC0yLjE3LS42Ni0zLjA1LTEuMDNhLjYyLjYyIDAgMCAwLS4xOS0uMDdjLS4wMSAwLS4wMS0uMDEtLjAyLS4wMS0uMjctLjEyLS40OC0uMjMtLjU4LS4yOC0uMTctLjEtLjMtLjI3LS4zNi0uNDdhLjk3MS45NzEgMCAwIDEgLjEyLS43N3ptMCA3Ljc4Yy0uMTQtLjI0LS4xOC0uNTMtLjExLS43OS4wNC0uMTQuMTMtLjM0LjM2LS40Ny4xLS4wNi4yOS0uMTUuNTMtLjI2Ljg3LS4xMSAyLjM1LS4zNiAzLjU0LS43MS0uNy43My0xLjY3IDEuNTYtMi40NiAyLjE2LS4wMi4wMS0uMDQuMDMtLjA2LjA0LS4yNi4xOS0uNDYuMzQtLjYuNDItLjQuMjQtLjk0LjA2LTEuMi0uMzl6bTMuNjEgMi45NWMtLjI1LjA3LS41My4wMi0uNzctLjEycy0uNDItLjM2LS40OC0uNjFhLjc4Ljc4IDAgMCAxIC4wOC0uNjFjLjA2LS4xLjE4LS4yOC4zNC0uNDkuODEtLjYyIDEuOS0xLjU0IDIuNy0yLjM5LS4yNC45OS0uNjYgMi4xOC0xLjA0IDMuMDZhLjYyLjYyIDAgMCAwLS4wNy4xOWMwIC4wMS0uMDEuMDItLjAxLjAzLS4xMi4yNi0uMjIuNDYtLjI4LjU3LS4xLjE5LS4yNy4zMS0uNDcuMzd6bTIuMi0uNTNjLjMzLS43OS44Ni0yLjE5IDEuMTYtMy40Mi4zMiAxLjEzLjU2IDIuNTguNjYgMy4zNi4wNC4zMS4wNi41NS4wNi42OCAwIC40Ni0uNDMuODQtLjk2Ljg0cy0uOTUtLjM4LS45NS0uODRjLS4wMS0uMTIgMC0uMzIuMDMtLjYyem0tLjI1IDEwLjgzYy0uNzMtLjU2LTEuMDItMS41OS0xLjE0LTIuMjYuNjgtLjA3IDEuNzUtLjA1IDIuNDkuNTFzMS4wMiAxLjU5IDEuMTMgMi4yNmMtLjY4LjA2LTEuNzQuMDUtMi40OC0uNTF6bS44MiAyNC41NmMuNjMtLjU0IDEuNTktLjYyIDIuMjItLjYxLS4wNy42My0uMjkgMS41Ni0uOTIgMi4xMS0uNjMuNTQtMS41OC42Mi0yLjIxLjYxLjA3LS42My4yOC0xLjU3LjkxLTIuMTF6bS00LjUzIDEuMDhjLS41NC0uNjMtLjYzLTEuNTgtLjYxLTIuMjIuNjMuMDcgMS41Ny4yOSAyLjExLjkyLjIzLjI3LjM3LjYuNDYuOTQtLjAxLjQyLS4wMi44NC0uMDEgMS4yNS0uNjItLjA5LTEuNDUtLjMxLTEuOTUtLjg5em0tMTUuMzQtOC42NkgyOS4xN2MuMjEgMCAuMzguMTcuMzguMzh2LjVjMCAuMjEtLjE3LjM4LS4zOC4zOEgxNi4wNGEuMzguMzggMCAwIDEtLjM4LS4zOHYtLjVjMC0uMjEuMTctLjM4LjM4LS4zOGguNzN6bTIuMDItNS4zYS43NDEuNzQxIDAgMCAwLS4zOC0uNDdjLS41MS0uMjYtLjYyLS40OC0uNjItLjU0cy4xMi0uMjguNjMtLjU1Yy4xOC0uMS4zMi0uMjcuMzctLjQ3cy4wMi0uNDItLjA5LS41OWMtLjI4LS40NS0uMy0uNzItLjI3LS43OC4wMy0uMDUuMjQtLjE4LjgxLS4xNi4yMS4wMi40Mi0uMDcuNTctLjIycy4yMy0uMzYuMjItLjU3Yy0uMDMtLjU4LjExLS43OS4xNS0uODEuMDYtLjAzLjMzLS4wMi43OC4yNy4xOC4xMS4zOS4xNC41OS4wOXMuMzctLjE5LjQ3LS4zN2MuMjctLjUxLjUtLjYzLjU1LS42My4wNiAwIC4yOC4xMi41NS42My4xLjE4LjI3LjMyLjQ3LjM3cy40MS4wMi41OS0uMDljLjQ2LS4yOS43My0uMy43OS0uMjcuMDUuMDMuMTguMjQuMTUuODEtLjAxLjIxLjA3LjQyLjIyLjU3cy4zNS4yMy41Ny4yMmMuNTctLjAzLjc4LjExLjgxLjE2LjA0LjA2LjAyLjMzLS4yNy43OC0uMTEuMTgtLjE0LjM5LS4wOS41OXMuMTkuMzcuMzcuNDdjLjQzLjIzLjU3LjQxLjYxLjUxdi4wMWMwIC4wMS4wMS4wMS4wMS4wMnMuMDEuMDIuMDEuMDJjMCAuMDctLjE1LjMtLjYyLjU0LS4xOS4xLS4zMi4yNy0uMzguNDdzLS4wMi40Mi4wOS41OWMuMzEuNS4zLjc1LjI3LjhzLS4yNC4xOC0uODEuMTVjLS4yMS0uMDItLjQyLjA3LS41Ny4yMnMtLjIzLjM2LS4yMi41N2MuMDMuNTgtLjExLjc5LS4xNi44Mi0uMDQuMDItLjI4LjA0LS43Ny0uMjhhLjcyLjcyIDAgMCAwLS41OS0uMDljLS4yLjA1LS4zNy4xOC0uNDcuMzctLjI5LjUyLS41MS42NC0uNTcuNjRzLS4yOC0uMTItLjU1LS42M2EuNzU4Ljc1OCAwIDAgMC0uNDctLjM3Yy0uMDYtLjAyLS4xMy0uMDItLjE5LS4wMi0uMTQgMC0uMjguMDQtLjQuMTItLjUuMzEtLjc0LjMtLjc4LjI3LS4wNS0uMDMtLjE5LS4yNC0uMTYtLjgyLjAxLS4yMS0uMDctLjQyLS4yMi0uNTdzLS4zNi0uMjQtLjU3LS4yMmMtLjU3LjAzLS43OC0uMTEtLjgxLS4xNS0uMDUtLjA4LS4wMS0uMzYuMjYtLjguMTQtLjE5LjE3LS40MS4xMi0uNjF6bTEwLjYgMy4yNmMtLjMyLjIzLS43LjQtMS4xMS41NGgtMS45NGMuMTItLjIxLjIyLS40Ni4yNy0uNzkuODEtLjEyIDEuMjItLjUyIDEuNDMtLjg3LjItLjM1LjM0LS45LjA0LTEuNjguNDctLjM3LjY3LS43Ni43NS0xLjEuOTgtLjE3IDEuOTYtLjA5IDIuNTguMDEtLjE3Ljk5LS42NiAyLjkxLTIuMDIgMy44OXptLjM1LTguMjdjMCAuNzYtLjEzIDIuMDQtLjg3IDIuODMtLjE0LjAyLS4yNy4wNC0uNDEuMDctLjEtLjEzLS4yMy0uMjUtLjM4LS4zOC4zLS43Ny4xNi0xLjMzLS4wNC0xLjY4LS4wOC0uMTMtLjIxLS4yOS0uMzktLjQ0LjcxLS4zMiAxLjU0LS40IDIuMDktLjR6bS03LjE2LTUuMDRjLjY3LjYyIDEuODUgMS45MSAyLjA5IDMuMzktLjE5LjAyLS4zOS4wNi0uNjIuMTUtLjUyLS42NS0xLjA3LS44LTEuNDctLjhzLS45NS4xNS0xLjQ3LjhjLS4yMi0uMDktLjQyLS4xMy0uNjEtLjE1LjI0LTEuNDggMS40Mi0yLjc3IDIuMDgtMy4zOXptLTUuMDUgNS40NGMtLjE5LjE1LS4zMi4zMS0uNC40NC0uMi4zNS0uMzUuOTEtLjA0IDEuNjgtLjE2LjEzLS4yOC4yNS0uMzguMzgtLjE0LS4wMy0uMjctLjA1LS40LS4wNy0uNzQtLjc5LS44Ny0yLjA3LS44OC0yLjg0LjU1LjAxIDEuMzguMDkgMi4xLjQxem0tMy43NyAzLjk3Yy42MS0uMSAxLjU5LS4xOCAyLjU3IDAgLjA4LjM0LjI5LjczLjc1IDEuMS0uMy43Ny0uMTYgMS4zMi4wNSAxLjY4LjIuMzUuNjEuNzUgMS40My44Ny4wNS4zMy4xNS41OC4yNy43OWgtMS45NGMtLjQyLS4xMy0uNzktLjMxLTEuMTEtLjUzLTEuMzctLjk5LTEuODUtMi45MS0yLjAyLTMuOTF6bTUuMDcgMTUuNDgtMS45NC02Ljc3aDExLjM4bC0xLjk0IDYuNzdjLS4xMy40Ni0uNTYuNzgtMS4wMy43OGgtNS40M2MtLjQ4LS4wMS0uOTEtLjMzLTEuMDQtLjc4ek0xMC4xIDYwLjJoMTkuMDJjLjU2IDAgMS4wMS40NSAxLjAxIDEuMDFzLS40NSAxLjAxLTEuMDEgMS4wMUgxMC4xem0zLjgxLTQxLjg3aDguMTFsLS41OSAyLjM4SDE0LjV6bTcuNTEtMS41aC0xLjEzYy4yOS0uNi41MS0xLjI5LjUxLTIuMDQgMC0uMDktLjAyLS4xNy0uMDMtLjI1LjUyLS4xNiAxLjA2LS4yMSAxLjQ1LS4yMi0uMDEuNjktLjE3IDEuNzctLjggMi41MXptLTMuNDUtNC43OWMuNDQuNDcgMS4wNiAxLjI3IDEuMjcgMi4xOS4wNS4xOC4wNy4zNy4wNy41NiAwIC43Ny0uMzcgMS41LS43NSAyLjA0aC0xLjE3Yy0uMzgtLjU0LS43NS0xLjI3LS43NS0yLjA0IDAtLjE5LjAyLS4zOC4wNy0uNTguMi0uOS44Mi0xLjcgMS4yNi0yLjE3em0tMi44MiAyLjQ5Yy0uMDEuMDktLjAyLjE3LS4wMi4yNiAwIC43NS4yMiAxLjQ0LjUxIDIuMDRIMTQuNWMtLjYzLS43Mi0uNzgtMS44Mi0uOC0yLjUxLjQuMDEuOTMuMDYgMS40NS4yMXptLjE2IDkuNDktLjQ0LTEuOGg2LjIxbC0uNDQgMS44YS43Ni43NiAwIDAgMS0uNzIuNThoLTMuODlhLjc2Ljc2IDAgMCAxLS43Mi0uNTh6TTEwLjEgMjYuMWgxMi43OWMuNTYgMCAxLjAxLjQ1IDEuMDEgMS4wMXMtLjQ1IDEuMDEtMS4wMSAxLjAxSDEwLjF6TTYuNSA2Ny41VjcuNTVhMS4wNSAxLjA1IDAgMSAxIDIuMSAwVjY3LjV6bTU4LjkgMFY3LjU1YTEuMDUgMS4wNSAwIDEgMSAyLjEgMFY2Ny41eiIgZmlsbD0iIzA5MDQ0OSIgb3BhY2l0eT0iMSIgZGF0YS1vcmlnaW5hbD0iIzAwMDAwMCIgY2xhc3M9IiI+PC9wYXRoPjxwYXRoIGQ9Ik01MS40IDQ0LjM5YzEuMjggMCAyLjMxLTEuMDQgMi4zMS0yLjMycy0xLjA0LTIuMzEtMi4zMS0yLjMxYTIuMzIgMi4zMiAwIDAgMC0yLjMyIDIuMzFjMCAxLjI4IDEuMDQgMi4zMiAyLjMyIDIuMzJ6bTAtMy4xM2EuODE1LjgxNSAwIDAgMSAwIDEuNjNjLS40NSAwLS44Mi0uMzctLjgyLS44MnMuMzctLjgxLjgyLS44MXoiIGZpbGw9IiMwOTA0NDkiIG9wYWNpdHk9IjEiIGRhdGEtb3JpZ2luYWw9IiMwMDAwMDAiIGNsYXNzPSIiPjwvcGF0aD48L2c+PC9zdmc+\" alt=\"\" style=\"width:115px;height:auto\"\/><\/figure>\n\n\n\n<p class=\"has-text-align-center\">Bogata oferta<\/p>\n<\/div>\n<\/div>\n<\/div>\n<\/section>\n\n\n\n<section class=\"wp-block-group jcws-section-premium has-global-padding is-layout-constrained wp-block-group-is-layout-constrained\">\n<div class=\"wp-block-cover jcws-section-premium-inner\"><img decoding=\"async\" width=\"1200\" height=\"940\" class=\"wp-block-cover__image-background wp-image-8415\" alt=\"Bukiet ze 100 czerwonych r\u00f3\u017c z Kwiaciarni Klara.\" src=\"https:\/\/kwiaciarniaklara.pl\/wp-content\/uploads\/2025\/03\/bukiet-premium.webp\" data-object-fit=\"cover\" srcset=\"https:\/\/kwiaciarniaklara.pl\/wp-content\/uploads\/2025\/03\/bukiet-premium.webp 1200w, https:\/\/kwiaciarniaklara.pl\/wp-content\/uploads\/2025\/03\/bukiet-premium-150x118.webp 150w, https:\/\/kwiaciarniaklara.pl\/wp-content\/uploads\/2025\/03\/bukiet-premium-728x570.webp 728w, https:\/\/kwiaciarniaklara.pl\/wp-content\/uploads\/2025\/03\/bukiet-premium-64x50.webp 64w, https:\/\/kwiaciarniaklara.pl\/wp-content\/uploads\/2025\/03\/bukiet-premium-300x235.webp 300w, https:\/\/kwiaciarniaklara.pl\/wp-content\/uploads\/2025\/03\/bukiet-premium-1024x802.webp 1024w, https:\/\/kwiaciarniaklara.pl\/wp-content\/uploads\/2025\/03\/bukiet-premium-768x602.webp 768w, https:\/\/kwiaciarniaklara.pl\/wp-content\/uploads\/2025\/03\/bukiet-premium-990x776.webp 990w, https:\/\/kwiaciarniaklara.pl\/wp-content\/uploads\/2025\/03\/bukiet-premium-441x345.webp 441w\" sizes=\"(max-width: 1200px) 100vw, 1200px\" \/><span aria-hidden=\"true\" class=\"wp-block-cover__background has-background-dim-0 has-background-dim\"><\/span><div class=\"wp-block-cover__inner-container has-global-padding is-layout-constrained wp-container-core-cover-is-layout-dc0190e4 wp-block-cover-is-layout-constrained\">\n<div class=\"wp-block-columns alignfull is-layout-flex wp-container-core-columns-is-layout-c14ca0de wp-block-columns-is-layout-flex\" style=\"margin-top:2%\">\n<div class=\"wp-block-column is-vertically-aligned-center is-layout-flow wp-block-column-is-layout-flow\"><\/div>\n\n\n\n<div class=\"wp-block-column is-vertically-aligned-bottom is-layout-flow wp-block-column-is-layout-flow\" style=\"flex-basis:60%\" id=\"h-skip-to-content\"><div class=\"woocommerce columns-3 jcws-product-display jcws-no-category-name\"><ul class=\"products columns-3\">\n<li class=\"product type-product post-7156 status-publish first instock product_cat-mono-kwiatowe product_tag-premium product_tag-rocznica-slubu product_tag-urodziny product_tag-walentynki has-post-thumbnail shipping-taxable purchasable product-type-simple\">\n\t<div class=\"commercekit-wishlist mini\" data-product-id=\"7156\"><a href=\"#\" class=\"commercekit-save-wishlist\" data-product-id=\"7156\" data-type=\"list\" title=\"Lista \u017cycze\u0144\" aria-label=\"Lista \u017cycze\u0144\"><em class=\"cg-wishlist\"><\/em><span><\/span><\/a><\/div><a href=\"https:\/\/kwiaciarniaklara.pl\/index.php\/produkt\/bukiet-jestes-moja-miloscia\/\" class=\"woocommerce-LoopProduct-link woocommerce-loop-product__link\"><div class=\"woocommerce-image__wrapper\"><div class=\"woocommerce-image__wrapper\"><a href=\"https:\/\/kwiaciarniaklara.pl\/index.php\/produkt\/bukiet-jestes-moja-miloscia\/\" title=\"Bukiet &#8222;Jeste\u015b moj\u0105 mi\u0142o\u015bci\u0105&#8221;\" class=\"woocommerce-LoopProduct-link woocommerce-loop-product__link\"><div class=\"shoptimizer-plp-carousel-container\"><div class=\"shoptimizer-plp-image-wrapper\"><img decoding=\"async\" width=\"728\" height=\"728\" src=\"https:\/\/kwiaciarniaklara.pl\/wp-content\/uploads\/2024\/12\/monobukiet-jestes-moja-miloscia-foto01-728x728.webp\" class=\"attachment-woocommerce_thumbnail size-woocommerce_thumbnail\" alt=\"Wspania\u0142y, okr\u0105g\u0142y bukiet ze 100 czerwonych r\u00f3\u017c oryginalnie przeplecionych czerwon\u0105 bibu\u0142\u0105.\" srcset=\"https:\/\/kwiaciarniaklara.pl\/wp-content\/uploads\/2024\/12\/monobukiet-jestes-moja-miloscia-foto01-728x728.webp 728w, https:\/\/kwiaciarniaklara.pl\/wp-content\/uploads\/2024\/12\/monobukiet-jestes-moja-miloscia-foto01-150x150.webp 150w, https:\/\/kwiaciarniaklara.pl\/wp-content\/uploads\/2024\/12\/monobukiet-jestes-moja-miloscia-foto01-64x64.webp 64w, https:\/\/kwiaciarniaklara.pl\/wp-content\/uploads\/2024\/12\/monobukiet-jestes-moja-miloscia-foto01-300x300.webp 300w, https:\/\/kwiaciarniaklara.pl\/wp-content\/uploads\/2024\/12\/monobukiet-jestes-moja-miloscia-foto01-1024x1024.webp 1024w, https:\/\/kwiaciarniaklara.pl\/wp-content\/uploads\/2024\/12\/monobukiet-jestes-moja-miloscia-foto01-768x768.webp 768w, https:\/\/kwiaciarniaklara.pl\/wp-content\/uploads\/2024\/12\/monobukiet-jestes-moja-miloscia-foto01-990x990.webp 990w, https:\/\/kwiaciarniaklara.pl\/wp-content\/uploads\/2024\/12\/monobukiet-jestes-moja-miloscia-foto01-441x441.webp 441w, https:\/\/kwiaciarniaklara.pl\/wp-content\/uploads\/2024\/12\/monobukiet-jestes-moja-miloscia-foto01.webp 1080w\" sizes=\"(max-width: 360px) 147px, (max-width: 728px) 100vw, 728px\" \/><img decoding=\"async\" width=\"728\" height=\"728\" src=\"https:\/\/kwiaciarniaklara.pl\/wp-content\/uploads\/2024\/12\/monobukiet-jestes-moja-miloscia-foto02-728x728.webp\" class=\"gallery-image\" alt=\"Wspania\u0142y, okr\u0105g\u0142y bukiet ze 100 czerwonych r\u00f3\u017c oryginalnie przeplecionych czerwon\u0105 bibu\u0142\u0105.\" loading=\"lazy\" srcset=\"https:\/\/kwiaciarniaklara.pl\/wp-content\/uploads\/2024\/12\/monobukiet-jestes-moja-miloscia-foto02-728x728.webp 728w, https:\/\/kwiaciarniaklara.pl\/wp-content\/uploads\/2024\/12\/monobukiet-jestes-moja-miloscia-foto02-150x150.webp 150w, https:\/\/kwiaciarniaklara.pl\/wp-content\/uploads\/2024\/12\/monobukiet-jestes-moja-miloscia-foto02-64x64.webp 64w, https:\/\/kwiaciarniaklara.pl\/wp-content\/uploads\/2024\/12\/monobukiet-jestes-moja-miloscia-foto02-300x300.webp 300w, https:\/\/kwiaciarniaklara.pl\/wp-content\/uploads\/2024\/12\/monobukiet-jestes-moja-miloscia-foto02-1024x1024.webp 1024w, https:\/\/kwiaciarniaklara.pl\/wp-content\/uploads\/2024\/12\/monobukiet-jestes-moja-miloscia-foto02-768x768.webp 768w, https:\/\/kwiaciarniaklara.pl\/wp-content\/uploads\/2024\/12\/monobukiet-jestes-moja-miloscia-foto02-990x990.webp 990w, https:\/\/kwiaciarniaklara.pl\/wp-content\/uploads\/2024\/12\/monobukiet-jestes-moja-miloscia-foto02-441x441.webp 441w, https:\/\/kwiaciarniaklara.pl\/wp-content\/uploads\/2024\/12\/monobukiet-jestes-moja-miloscia-foto02.webp 1080w\" sizes=\"auto, (max-width: 360px) 147px, auto, (max-width: 728px) 100vw, 728px\" \/>\t\t\t\n\t\t\t\t\n\t<\/div><\/div><\/a><\/div><\/div><div class=\"woocommerce-card__header\">\t\t\t\t\t<p class=\"product__categories\"><a href=\"https:\/\/kwiaciarniaklara.pl\/index.php\/kategoria-produktu\/bukiety\/mono-kwiatowe\/\" rel=\"tag\">Mono bukiety<\/a><\/p>\t\t\t\t<div class=\"woocommerce-loop-product__title\"><a tabindex=\"0\" href=\"https:\/\/kwiaciarniaklara.pl\/index.php\/produkt\/bukiet-jestes-moja-miloscia\/\" aria-label=\"Bukiet &#8222;Jeste\u015b moj\u0105 mi\u0142o\u015bci\u0105&#8221;\" class=\"woocommerce-LoopProduct-link woocommerce-loop-product__link\">Bukiet &#8222;Jeste\u015b moj\u0105 mi\u0142o\u015bci\u0105&#8221;<\/a><\/div><div class=\"cgkit-as-variation-price\">\n\t<span class=\"price\"><span class=\"woocommerce-Price-amount amount\"><bdi>1300,00&nbsp;<span class=\"woocommerce-Price-currencySymbol\">&#122;&#322;<\/span><\/bdi><\/span><\/span>\n<\/div><\/a><a href=\"\/index.php\/wp-json\/wp\/v2\/pages\/7341?add-to-cart=7156\" aria-describedby=\"woocommerce_loop_add_to_cart_link_describedby_7156\" data-quantity=\"1\" class=\"button product_type_simple add_to_cart_button ajax_add_to_cart\" data-product_id=\"7156\" data-product_sku=\"monobukiet-jestes-moja-miloscia\" aria-label=\"Dodaj do koszyka: &bdquo;Bukiet &quot;Jeste\u015b moj\u0105 mi\u0142o\u015bci\u0105&quot;&rdquo;\" rel=\"nofollow\" data-success_message=\"&ldquo;Bukiet &quot;Jeste\u015b moj\u0105 mi\u0142o\u015bci\u0105&quot;&rdquo; zosta\u0142 dodany do twojego koszyka\" role=\"button\">Dodaj do koszyka<\/a>\t<span id=\"woocommerce_loop_add_to_cart_link_describedby_7156\" class=\"screen-reader-text\">\n\t\t\t<\/span>\n<\/div><\/li>\n<li class=\"product type-product post-8012 status-publish instock product_cat-wielokwiatowe product_tag-chrzest-2 product_tag-komunia-swieta product_tag-milosc product_tag-premium product_tag-rocznica-slubu product_tag-slub has-post-thumbnail shipping-taxable purchasable product-type-variable\">\n\t<div class=\"commercekit-wishlist mini\" data-product-id=\"8012\"><a href=\"#\" class=\"commercekit-save-wishlist\" data-product-id=\"8012\" data-type=\"list\" title=\"Lista \u017cycze\u0144\" aria-label=\"Lista \u017cycze\u0144\"><em class=\"cg-wishlist\"><\/em><span><\/span><\/a><\/div><a href=\"https:\/\/kwiaciarniaklara.pl\/index.php\/produkt\/bukiet-letnia-panna-mloda\/\" class=\"woocommerce-LoopProduct-link woocommerce-loop-product__link\"><div class=\"woocommerce-image__wrapper\"><div class=\"woocommerce-image__wrapper\"><a href=\"https:\/\/kwiaciarniaklara.pl\/index.php\/produkt\/bukiet-letnia-panna-mloda\/\" title=\"Bukiet &#8222;Letnia panna m\u0142oda&#8221;\" class=\"woocommerce-LoopProduct-link woocommerce-loop-product__link\"><div class=\"shoptimizer-plp-carousel-container\"><div class=\"shoptimizer-plp-image-wrapper\"><img decoding=\"async\" width=\"728\" height=\"728\" src=\"https:\/\/kwiaciarniaklara.pl\/wp-content\/uploads\/2025\/02\/bukiet-letnia-panna-mloda-728x728.webp\" class=\"attachment-woocommerce_thumbnail size-woocommerce_thumbnail\" alt=\"Urocza, okr\u0105g\u0142a wi\u0105zanka z r\u00f3\u017c, fioletowego waxu i zielonych chryzantem Santini, otulona pastelow\u0105 bibu\u0142\u0105, tworzy harmonijn\u0105, pe\u0142n\u0105 \u015bwie\u017co\u015bci kompozycj\u0119.\" srcset=\"https:\/\/kwiaciarniaklara.pl\/wp-content\/uploads\/2025\/02\/bukiet-letnia-panna-mloda-728x728.webp 728w, https:\/\/kwiaciarniaklara.pl\/wp-content\/uploads\/2025\/02\/bukiet-letnia-panna-mloda-150x150.webp 150w, https:\/\/kwiaciarniaklara.pl\/wp-content\/uploads\/2025\/02\/bukiet-letnia-panna-mloda-64x64.webp 64w, https:\/\/kwiaciarniaklara.pl\/wp-content\/uploads\/2025\/02\/bukiet-letnia-panna-mloda-300x300.webp 300w, https:\/\/kwiaciarniaklara.pl\/wp-content\/uploads\/2025\/02\/bukiet-letnia-panna-mloda-1024x1024.webp 1024w, https:\/\/kwiaciarniaklara.pl\/wp-content\/uploads\/2025\/02\/bukiet-letnia-panna-mloda-768x768.webp 768w, https:\/\/kwiaciarniaklara.pl\/wp-content\/uploads\/2025\/02\/bukiet-letnia-panna-mloda-990x990.webp 990w, https:\/\/kwiaciarniaklara.pl\/wp-content\/uploads\/2025\/02\/bukiet-letnia-panna-mloda-441x441.webp 441w, https:\/\/kwiaciarniaklara.pl\/wp-content\/uploads\/2025\/02\/bukiet-letnia-panna-mloda.webp 1080w\" sizes=\"(max-width: 360px) 147px, (max-width: 728px) 100vw, 728px\" \/><img decoding=\"async\" width=\"728\" height=\"728\" src=\"https:\/\/kwiaciarniaklara.pl\/wp-content\/uploads\/2025\/02\/bukiet-slub-09-02-728x728.webp\" class=\"gallery-image\" alt=\"Urocza, okr\u0105g\u0142a wi\u0105zanka z r\u00f3\u017c, fioletowego waxu i zielonych chryzantem Santini, otulona pastelow\u0105 bibu\u0142\u0105, tworzy harmonijn\u0105, pe\u0142n\u0105 \u015bwie\u017co\u015bci kompozycj\u0119.\" loading=\"lazy\" srcset=\"https:\/\/kwiaciarniaklara.pl\/wp-content\/uploads\/2025\/02\/bukiet-slub-09-02-728x728.webp 728w, https:\/\/kwiaciarniaklara.pl\/wp-content\/uploads\/2025\/02\/bukiet-slub-09-02-150x150.webp 150w, https:\/\/kwiaciarniaklara.pl\/wp-content\/uploads\/2025\/02\/bukiet-slub-09-02-64x64.webp 64w, https:\/\/kwiaciarniaklara.pl\/wp-content\/uploads\/2025\/02\/bukiet-slub-09-02-300x300.webp 300w, https:\/\/kwiaciarniaklara.pl\/wp-content\/uploads\/2025\/02\/bukiet-slub-09-02-1024x1024.webp 1024w, https:\/\/kwiaciarniaklara.pl\/wp-content\/uploads\/2025\/02\/bukiet-slub-09-02-768x768.webp 768w, https:\/\/kwiaciarniaklara.pl\/wp-content\/uploads\/2025\/02\/bukiet-slub-09-02-990x990.webp 990w, https:\/\/kwiaciarniaklara.pl\/wp-content\/uploads\/2025\/02\/bukiet-slub-09-02-441x441.webp 441w, https:\/\/kwiaciarniaklara.pl\/wp-content\/uploads\/2025\/02\/bukiet-slub-09-02.webp 1080w\" sizes=\"auto, (max-width: 360px) 147px, auto, (max-width: 728px) 100vw, 728px\" \/>\t\t\t\n\t\t\t\t\n\t<\/div><\/div><\/a><\/div><\/div><div class=\"woocommerce-card__header\">\t\t\t\t\t<p class=\"product__categories\"><a href=\"https:\/\/kwiaciarniaklara.pl\/index.php\/kategoria-produktu\/bukiety\/wielokwiatowe\/\" rel=\"tag\">Bukiety wielokwiatowe<\/a><\/p>\t\t\t\t<div class=\"woocommerce-loop-product__title\"><a tabindex=\"0\" href=\"https:\/\/kwiaciarniaklara.pl\/index.php\/produkt\/bukiet-letnia-panna-mloda\/\" aria-label=\"Bukiet &#8222;Letnia panna m\u0142oda&#8221;\" class=\"woocommerce-LoopProduct-link woocommerce-loop-product__link\">Bukiet &#8222;Letnia panna m\u0142oda&#8221;<\/a><\/div><div class=\"cgkit-as-variation-price\">\n\t<span class=\"price\"><span class=\"woocommerce-Price-amount amount\" aria-hidden=\"true\"><bdi>150,00&nbsp;<span class=\"woocommerce-Price-currencySymbol\">&#122;&#322;<\/span><\/bdi><\/span> <span aria-hidden=\"true\">&ndash;<\/span> <span class=\"woocommerce-Price-amount amount\" aria-hidden=\"true\"><bdi>300,00&nbsp;<span class=\"woocommerce-Price-currencySymbol\">&#122;&#322;<\/span><\/bdi><\/span><span class=\"screen-reader-text\">Zakres cen: od 150,00&nbsp;&#122;&#322; do 300,00&nbsp;&#122;&#322;<\/span><\/span>\n<\/div><\/a><a href=\"https:\/\/kwiaciarniaklara.pl\/index.php\/produkt\/bukiet-letnia-panna-mloda\/\" aria-describedby=\"woocommerce_loop_add_to_cart_link_describedby_8012\" data-quantity=\"1\" class=\"button product_type_variable add_to_cart_button\" data-product_id=\"8012\" data-product_sku=\"bukiet-letnia-panna-mloda\" aria-label=\"Wybierz opcje dla &bdquo;Bukiet &quot;Letnia panna m\u0142oda&quot;&rdquo;\" rel=\"nofollow\">Wybierz opcje<\/a>\t<span id=\"woocommerce_loop_add_to_cart_link_describedby_8012\" class=\"screen-reader-text\">\n\t\tTen produkt ma wiele wariant\u00f3w. Opcje mo\u017cna wybra\u0107 na stronie produktu\t<\/span>\n<\/div><\/li>\n<li class=\"product type-product post-7166 status-publish last instock product_cat-mono-kwiatowe product_tag-premium product_tag-rocznica-slubu product_tag-urodziny product_tag-walentynki has-post-thumbnail shipping-taxable purchasable product-type-simple\">\n\t<div class=\"commercekit-wishlist mini\" data-product-id=\"7166\"><a href=\"#\" class=\"commercekit-save-wishlist\" data-product-id=\"7166\" data-type=\"list\" title=\"Lista \u017cycze\u0144\" aria-label=\"Lista \u017cycze\u0144\"><em class=\"cg-wishlist\"><\/em><span><\/span><\/a><\/div><a href=\"https:\/\/kwiaciarniaklara.pl\/index.php\/produkt\/bukiet-milion-roz-dla-ciebie\/\" class=\"woocommerce-LoopProduct-link woocommerce-loop-product__link\"><div class=\"woocommerce-image__wrapper\"><div class=\"woocommerce-image__wrapper\"><a href=\"https:\/\/kwiaciarniaklara.pl\/index.php\/produkt\/bukiet-milion-roz-dla-ciebie\/\" title=\"Bukiet &#8222;Milion r\u00f3\u017c dla Ciebie&#8221;\" class=\"woocommerce-LoopProduct-link woocommerce-loop-product__link\"><div class=\"shoptimizer-plp-carousel-container\"><div class=\"shoptimizer-plp-image-wrapper\"><img decoding=\"async\" width=\"728\" height=\"728\" src=\"https:\/\/kwiaciarniaklara.pl\/wp-content\/uploads\/2024\/12\/monobukiet-milion-roz-dla-Ciebie-foto01-728x728.webp\" class=\"attachment-woocommerce_thumbnail size-woocommerce_thumbnail\" alt=\"Ogromny bukiet z u\u0142o\u017conych w okr\u0105g\u0142\u0105 kompozycj\u0119 czerwonych r\u00f3\u017c, tylko Kwiaciarnia Klara Ole\u015bnica.\" srcset=\"https:\/\/kwiaciarniaklara.pl\/wp-content\/uploads\/2024\/12\/monobukiet-milion-roz-dla-Ciebie-foto01-728x728.webp 728w, https:\/\/kwiaciarniaklara.pl\/wp-content\/uploads\/2024\/12\/monobukiet-milion-roz-dla-Ciebie-foto01-150x150.webp 150w, https:\/\/kwiaciarniaklara.pl\/wp-content\/uploads\/2024\/12\/monobukiet-milion-roz-dla-Ciebie-foto01-64x64.webp 64w, https:\/\/kwiaciarniaklara.pl\/wp-content\/uploads\/2024\/12\/monobukiet-milion-roz-dla-Ciebie-foto01-300x300.webp 300w, https:\/\/kwiaciarniaklara.pl\/wp-content\/uploads\/2024\/12\/monobukiet-milion-roz-dla-Ciebie-foto01-1024x1024.webp 1024w, https:\/\/kwiaciarniaklara.pl\/wp-content\/uploads\/2024\/12\/monobukiet-milion-roz-dla-Ciebie-foto01-768x768.webp 768w, https:\/\/kwiaciarniaklara.pl\/wp-content\/uploads\/2024\/12\/monobukiet-milion-roz-dla-Ciebie-foto01-990x990.webp 990w, https:\/\/kwiaciarniaklara.pl\/wp-content\/uploads\/2024\/12\/monobukiet-milion-roz-dla-Ciebie-foto01-441x441.webp 441w, https:\/\/kwiaciarniaklara.pl\/wp-content\/uploads\/2024\/12\/monobukiet-milion-roz-dla-Ciebie-foto01.webp 1080w\" sizes=\"(max-width: 360px) 147px, (max-width: 728px) 100vw, 728px\" \/><img decoding=\"async\" width=\"728\" height=\"728\" src=\"https:\/\/kwiaciarniaklara.pl\/wp-content\/uploads\/2024\/12\/monobukiet-milion-roz-dla-Ciebie-foto03-728x728.webp\" class=\"gallery-image\" alt=\"Ogromny bukiet z u\u0142o\u017conych w okr\u0105g\u0142\u0105 kompozycj\u0119 czerwonych r\u00f3\u017c, tylko Kwiaciarnia Klara Ole\u015bnica.\" loading=\"lazy\" srcset=\"https:\/\/kwiaciarniaklara.pl\/wp-content\/uploads\/2024\/12\/monobukiet-milion-roz-dla-Ciebie-foto03-728x728.webp 728w, https:\/\/kwiaciarniaklara.pl\/wp-content\/uploads\/2024\/12\/monobukiet-milion-roz-dla-Ciebie-foto03-150x150.webp 150w, https:\/\/kwiaciarniaklara.pl\/wp-content\/uploads\/2024\/12\/monobukiet-milion-roz-dla-Ciebie-foto03-64x64.webp 64w, https:\/\/kwiaciarniaklara.pl\/wp-content\/uploads\/2024\/12\/monobukiet-milion-roz-dla-Ciebie-foto03-300x300.webp 300w, https:\/\/kwiaciarniaklara.pl\/wp-content\/uploads\/2024\/12\/monobukiet-milion-roz-dla-Ciebie-foto03-1024x1024.webp 1024w, https:\/\/kwiaciarniaklara.pl\/wp-content\/uploads\/2024\/12\/monobukiet-milion-roz-dla-Ciebie-foto03-768x768.webp 768w, https:\/\/kwiaciarniaklara.pl\/wp-content\/uploads\/2024\/12\/monobukiet-milion-roz-dla-Ciebie-foto03-990x990.webp 990w, https:\/\/kwiaciarniaklara.pl\/wp-content\/uploads\/2024\/12\/monobukiet-milion-roz-dla-Ciebie-foto03-441x441.webp 441w, https:\/\/kwiaciarniaklara.pl\/wp-content\/uploads\/2024\/12\/monobukiet-milion-roz-dla-Ciebie-foto03.webp 1080w\" sizes=\"auto, (max-width: 360px) 147px, auto, (max-width: 728px) 100vw, 728px\" \/>\t\t\t\n\t\t\t\t\n\t<\/div><\/div><\/a><\/div><\/div><div class=\"woocommerce-card__header\">\t\t\t\t\t<p class=\"product__categories\"><a href=\"https:\/\/kwiaciarniaklara.pl\/index.php\/kategoria-produktu\/bukiety\/mono-kwiatowe\/\" rel=\"tag\">Mono bukiety<\/a><\/p>\t\t\t\t<div class=\"woocommerce-loop-product__title\"><a tabindex=\"0\" href=\"https:\/\/kwiaciarniaklara.pl\/index.php\/produkt\/bukiet-milion-roz-dla-ciebie\/\" aria-label=\"Bukiet &#8222;Milion r\u00f3\u017c dla Ciebie&#8221;\" class=\"woocommerce-LoopProduct-link woocommerce-loop-product__link\">Bukiet &#8222;Milion r\u00f3\u017c dla Ciebie&#8221;<\/a><\/div><div class=\"cgkit-as-variation-price\">\n\t<span class=\"price\"><span class=\"woocommerce-Price-amount amount\"><bdi>2100,00&nbsp;<span class=\"woocommerce-Price-currencySymbol\">&#122;&#322;<\/span><\/bdi><\/span><\/span>\n<\/div><\/a><a href=\"\/index.php\/wp-json\/wp\/v2\/pages\/7341?add-to-cart=7166\" aria-describedby=\"woocommerce_loop_add_to_cart_link_describedby_7166\" data-quantity=\"1\" class=\"button product_type_simple add_to_cart_button ajax_add_to_cart\" data-product_id=\"7166\" data-product_sku=\"monobukiet-milion-roz\" aria-label=\"Dodaj do koszyka: &bdquo;Bukiet &quot;Milion r\u00f3\u017c dla Ciebie&quot;&rdquo;\" rel=\"nofollow\" data-success_message=\"&ldquo;Bukiet &quot;Milion r\u00f3\u017c dla Ciebie&quot;&rdquo; zosta\u0142 dodany do twojego koszyka\" role=\"button\">Dodaj do koszyka<\/a>\t<span id=\"woocommerce_loop_add_to_cart_link_describedby_7166\" class=\"screen-reader-text\">\n\t\t\t<\/span>\n<\/div><\/li>\n<\/ul>\n<\/div>\n<\/div>\n<\/div>\n\n\n\n<div class=\"wp-block-columns are-vertically-aligned-center jcws-premium-header has-background is-layout-flex wp-container-core-columns-is-layout-28f84493 wp-block-columns-is-layout-flex\" style=\"background-color:#ffffff4f\">\n<div class=\"wp-block-column is-vertically-aligned-center is-layout-flow wp-block-column-is-layout-flow\" style=\"flex-basis:66.66%\">\n<h2 class=\"wp-block-heading\">BUKIETY PREMIUM<\/h2>\n<\/div>\n\n\n\n<div class=\"wp-block-column is-vertically-aligned-center is-layout-flow wp-block-column-is-layout-flow\" style=\"flex-basis:35%\">\n<div class=\"wp-block-buttons is-layout-flex wp-block-buttons-is-layout-flex\">\n<div class=\"wp-block-button has-custom-width wp-block-button__width-100\"><a class=\"wp-block-button__link wp-element-button\" href=\"\/index.php\/tag-produktu\/premium\/\" style=\"border-radius:0px\">Dowiedz si\u0119 wi\u0119cej<\/a><\/div>\n<\/div>\n<\/div>\n<\/div>\n<\/div><\/div>\n<\/section>\n\n\n\n<section class=\"wp-block-group jcws-section-offer is-layout-flow wp-block-group-is-layout-flow\">\n<div class=\"wp-block-columns jcws-section-header is-layout-flex wp-container-core-columns-is-layout-28f84493 wp-block-columns-is-layout-flex\">\n<div class=\"wp-block-column has-global-padding is-layout-constrained wp-block-column-is-layout-constrained\">\n<h2 class=\"wp-block-heading jcws-1rem-bottom-margin\">Wiosna<\/h2>\n<\/div>\n\n\n\n<div class=\"wp-block-column is-layout-flow wp-block-column-is-layout-flow\">\n<div class=\"wp-block-buttons is-content-justification-right is-layout-flex wp-container-core-buttons-is-layout-d445cf74 wp-block-buttons-is-layout-flex\">\n<div class=\"wp-block-button\"><a class=\"wp-block-button__link wp-element-button\" href=\"\/index.php\/tag-produktu\/dzien-kobiet\/\">Zobacz wszystkie<\/a><\/div>\n<\/div>\n<\/div>\n<\/div>\n\n\n\n<div class=\"wp-block-columns jcws-offer-inner is-layout-flex wp-container-core-columns-is-layout-f732cb08 wp-block-columns-is-layout-flex\" style=\"margin-top:0;margin-bottom:0\">\n<div class=\"wp-block-column is-vertically-aligned-center has-global-padding is-layout-constrained wp-block-column-is-layout-constrained\"><div class=\"woocommerce columns-2 jcws-no-category-name\"><ul class=\"products columns-2\">\n<li class=\"product type-product post-7996 status-publish first instock product_cat-wielokwiatowe product_tag-chrzest-2 product_tag-komunia-swieta product_tag-rocznica-slubu product_tag-slub product_tag-wiosna has-post-thumbnail shipping-taxable purchasable product-type-simple\">\n\t<div class=\"commercekit-wishlist mini\" data-product-id=\"7996\"><a href=\"#\" class=\"commercekit-save-wishlist\" data-product-id=\"7996\" data-type=\"list\" title=\"Lista \u017cycze\u0144\" aria-label=\"Lista \u017cycze\u0144\"><em class=\"cg-wishlist\"><\/em><span><\/span><\/a><\/div><a href=\"https:\/\/kwiaciarniaklara.pl\/index.php\/produkt\/bukiet-biala-slodycz\/\" class=\"woocommerce-LoopProduct-link woocommerce-loop-product__link\"><div class=\"woocommerce-image__wrapper\"><div class=\"woocommerce-image__wrapper\"><a href=\"https:\/\/kwiaciarniaklara.pl\/index.php\/produkt\/bukiet-biala-slodycz\/\" title=\"Bukiet &#8222;Bia\u0142a s\u0142odycz&#8221;\" class=\"woocommerce-LoopProduct-link woocommerce-loop-product__link\"><div class=\"shoptimizer-plp-carousel-container\"><div class=\"shoptimizer-plp-image-wrapper\"><img decoding=\"async\" width=\"728\" height=\"728\" src=\"https:\/\/kwiaciarniaklara.pl\/wp-content\/uploads\/2025\/02\/bukiet-slub-07-01-728x728.webp\" class=\"attachment-woocommerce_thumbnail size-woocommerce_thumbnail\" alt=\"Elegancka kompozycja z bia\u0142ych r\u00f3\u017c i wonnych piwonii, idealna na uroczyste ceremonie. Czysta forma, subtelny wyraz, wyko\u0144czona wst\u0105\u017ck\u0105 z pere\u0142kami.\" srcset=\"https:\/\/kwiaciarniaklara.pl\/wp-content\/uploads\/2025\/02\/bukiet-slub-07-01-728x728.webp 728w, https:\/\/kwiaciarniaklara.pl\/wp-content\/uploads\/2025\/02\/bukiet-slub-07-01-150x150.webp 150w, https:\/\/kwiaciarniaklara.pl\/wp-content\/uploads\/2025\/02\/bukiet-slub-07-01-64x64.webp 64w, https:\/\/kwiaciarniaklara.pl\/wp-content\/uploads\/2025\/02\/bukiet-slub-07-01-300x300.webp 300w, https:\/\/kwiaciarniaklara.pl\/wp-content\/uploads\/2025\/02\/bukiet-slub-07-01-1024x1024.webp 1024w, https:\/\/kwiaciarniaklara.pl\/wp-content\/uploads\/2025\/02\/bukiet-slub-07-01-768x768.webp 768w, https:\/\/kwiaciarniaklara.pl\/wp-content\/uploads\/2025\/02\/bukiet-slub-07-01-990x990.webp 990w, https:\/\/kwiaciarniaklara.pl\/wp-content\/uploads\/2025\/02\/bukiet-slub-07-01-441x441.webp 441w, https:\/\/kwiaciarniaklara.pl\/wp-content\/uploads\/2025\/02\/bukiet-slub-07-01.webp 1080w\" sizes=\"(max-width: 360px) 147px, (max-width: 728px) 100vw, 728px\" \/><img decoding=\"async\" width=\"728\" height=\"728\" src=\"https:\/\/kwiaciarniaklara.pl\/wp-content\/uploads\/2025\/02\/bukiet-slub-07-03-728x728.webp\" class=\"gallery-image\" alt=\"\" loading=\"lazy\" srcset=\"https:\/\/kwiaciarniaklara.pl\/wp-content\/uploads\/2025\/02\/bukiet-slub-07-03-728x728.webp 728w, https:\/\/kwiaciarniaklara.pl\/wp-content\/uploads\/2025\/02\/bukiet-slub-07-03-150x150.webp 150w, https:\/\/kwiaciarniaklara.pl\/wp-content\/uploads\/2025\/02\/bukiet-slub-07-03-64x64.webp 64w, https:\/\/kwiaciarniaklara.pl\/wp-content\/uploads\/2025\/02\/bukiet-slub-07-03-300x300.webp 300w, https:\/\/kwiaciarniaklara.pl\/wp-content\/uploads\/2025\/02\/bukiet-slub-07-03-1024x1024.webp 1024w, https:\/\/kwiaciarniaklara.pl\/wp-content\/uploads\/2025\/02\/bukiet-slub-07-03-768x768.webp 768w, https:\/\/kwiaciarniaklara.pl\/wp-content\/uploads\/2025\/02\/bukiet-slub-07-03-990x990.webp 990w, https:\/\/kwiaciarniaklara.pl\/wp-content\/uploads\/2025\/02\/bukiet-slub-07-03-441x441.webp 441w, https:\/\/kwiaciarniaklara.pl\/wp-content\/uploads\/2025\/02\/bukiet-slub-07-03.webp 1080w\" sizes=\"auto, (max-width: 360px) 147px, auto, (max-width: 728px) 100vw, 728px\" \/>\t\t\t\n\t\t\t\t\n\t<\/div><\/div><\/a><\/div><\/div><div class=\"woocommerce-card__header\">\t\t\t\t\t<p class=\"product__categories\"><a href=\"https:\/\/kwiaciarniaklara.pl\/index.php\/kategoria-produktu\/bukiety\/wielokwiatowe\/\" rel=\"tag\">Bukiety wielokwiatowe<\/a><\/p>\t\t\t\t<div class=\"woocommerce-loop-product__title\"><a tabindex=\"0\" href=\"https:\/\/kwiaciarniaklara.pl\/index.php\/produkt\/bukiet-biala-slodycz\/\" aria-label=\"Bukiet &#8222;Bia\u0142a s\u0142odycz&#8221;\" class=\"woocommerce-LoopProduct-link woocommerce-loop-product__link\">Bukiet &#8222;Bia\u0142a s\u0142odycz&#8221;<\/a><\/div><div class=\"cgkit-as-variation-price\">\n\t<span class=\"price\"><span class=\"woocommerce-Price-amount amount\"><bdi>250,00&nbsp;<span class=\"woocommerce-Price-currencySymbol\">&#122;&#322;<\/span><\/bdi><\/span><\/span>\n<\/div><\/a><a href=\"\/index.php\/wp-json\/wp\/v2\/pages\/7341?add-to-cart=7996\" aria-describedby=\"woocommerce_loop_add_to_cart_link_describedby_7996\" data-quantity=\"1\" class=\"button product_type_simple add_to_cart_button ajax_add_to_cart\" data-product_id=\"7996\" data-product_sku=\"bukiet-bia\u0142a-s\u0142odycz\" aria-label=\"Dodaj do koszyka: &bdquo;Bukiet &quot;Bia\u0142a s\u0142odycz&quot;&rdquo;\" rel=\"nofollow\" data-success_message=\"&ldquo;Bukiet &quot;Bia\u0142a s\u0142odycz&quot;&rdquo; zosta\u0142 dodany do twojego koszyka\" role=\"button\">Dodaj do koszyka<\/a>\t<span id=\"woocommerce_loop_add_to_cart_link_describedby_7996\" class=\"screen-reader-text\">\n\t\t\t<\/span>\n<\/div><\/li>\n<li class=\"product type-product post-7151 status-publish last instock product_cat-wielokwiatowe product_tag-lato product_tag-rocznica-slubu product_tag-slub product_tag-wiosna has-post-thumbnail shipping-taxable purchasable product-type-simple\">\n\t<div class=\"commercekit-wishlist mini\" data-product-id=\"7151\"><a href=\"#\" class=\"commercekit-save-wishlist\" data-product-id=\"7151\" data-type=\"list\" title=\"Lista \u017cycze\u0144\" aria-label=\"Lista \u017cycze\u0144\"><em class=\"cg-wishlist\"><\/em><span><\/span><\/a><\/div><a href=\"https:\/\/kwiaciarniaklara.pl\/index.php\/produkt\/bukiet-jak-na-obrazie\/\" class=\"woocommerce-LoopProduct-link woocommerce-loop-product__link\"><div class=\"woocommerce-image__wrapper\"><div class=\"woocommerce-image__wrapper\"><a href=\"https:\/\/kwiaciarniaklara.pl\/index.php\/produkt\/bukiet-jak-na-obrazie\/\" title=\"Bukiet &#8222;Jak na obrazie&#8221;\" class=\"woocommerce-LoopProduct-link woocommerce-loop-product__link\"><div class=\"shoptimizer-plp-carousel-container\"><div class=\"shoptimizer-plp-image-wrapper\"><img decoding=\"async\" width=\"728\" height=\"728\" src=\"https:\/\/kwiaciarniaklara.pl\/wp-content\/uploads\/2018\/05\/bukiet-slub-02-01-728x728.webp\" class=\"attachment-woocommerce_thumbnail size-woocommerce_thumbnail\" alt=\"Okr\u0105g\u0142a kompozycja inspirowana obrazami holenderskich mistrz\u00f3w. Bukiet w delikatnych kremowych r\u00f3\u017cach, liniowych piwoniach i zgaszonej zieleni li\u015bci otulony bia\u0142\u0105 wst\u0105\u017ck\u0105 z pere\u0142kami.\" srcset=\"https:\/\/kwiaciarniaklara.pl\/wp-content\/uploads\/2018\/05\/bukiet-slub-02-01-728x728.webp 728w, https:\/\/kwiaciarniaklara.pl\/wp-content\/uploads\/2018\/05\/bukiet-slub-02-01-150x150.webp 150w, https:\/\/kwiaciarniaklara.pl\/wp-content\/uploads\/2018\/05\/bukiet-slub-02-01-64x64.webp 64w, https:\/\/kwiaciarniaklara.pl\/wp-content\/uploads\/2018\/05\/bukiet-slub-02-01-300x300.webp 300w, https:\/\/kwiaciarniaklara.pl\/wp-content\/uploads\/2018\/05\/bukiet-slub-02-01-1024x1024.webp 1024w, https:\/\/kwiaciarniaklara.pl\/wp-content\/uploads\/2018\/05\/bukiet-slub-02-01-768x768.webp 768w, https:\/\/kwiaciarniaklara.pl\/wp-content\/uploads\/2018\/05\/bukiet-slub-02-01-990x990.webp 990w, https:\/\/kwiaciarniaklara.pl\/wp-content\/uploads\/2018\/05\/bukiet-slub-02-01-441x441.webp 441w, https:\/\/kwiaciarniaklara.pl\/wp-content\/uploads\/2018\/05\/bukiet-slub-02-01.webp 1080w\" sizes=\"(max-width: 360px) 147px, (max-width: 728px) 100vw, 728px\" \/><img decoding=\"async\" width=\"728\" height=\"728\" src=\"https:\/\/kwiaciarniaklara.pl\/wp-content\/uploads\/2024\/12\/bukiet-slub-02-03-728x728.webp\" class=\"gallery-image\" alt=\"\" loading=\"lazy\" srcset=\"https:\/\/kwiaciarniaklara.pl\/wp-content\/uploads\/2024\/12\/bukiet-slub-02-03-728x728.webp 728w, https:\/\/kwiaciarniaklara.pl\/wp-content\/uploads\/2024\/12\/bukiet-slub-02-03-150x150.webp 150w, https:\/\/kwiaciarniaklara.pl\/wp-content\/uploads\/2024\/12\/bukiet-slub-02-03-64x64.webp 64w, https:\/\/kwiaciarniaklara.pl\/wp-content\/uploads\/2024\/12\/bukiet-slub-02-03-300x300.webp 300w, https:\/\/kwiaciarniaklara.pl\/wp-content\/uploads\/2024\/12\/bukiet-slub-02-03-1024x1024.webp 1024w, https:\/\/kwiaciarniaklara.pl\/wp-content\/uploads\/2024\/12\/bukiet-slub-02-03-768x768.webp 768w, https:\/\/kwiaciarniaklara.pl\/wp-content\/uploads\/2024\/12\/bukiet-slub-02-03-990x990.webp 990w, https:\/\/kwiaciarniaklara.pl\/wp-content\/uploads\/2024\/12\/bukiet-slub-02-03-441x441.webp 441w, https:\/\/kwiaciarniaklara.pl\/wp-content\/uploads\/2024\/12\/bukiet-slub-02-03.webp 1080w\" sizes=\"auto, (max-width: 360px) 147px, auto, (max-width: 728px) 100vw, 728px\" \/>\t\t\t\n\t\t\t\t\n\t<\/div><\/div><\/a><\/div><\/div><div class=\"woocommerce-card__header\">\t\t\t\t\t<p class=\"product__categories\"><a href=\"https:\/\/kwiaciarniaklara.pl\/index.php\/kategoria-produktu\/bukiety\/wielokwiatowe\/\" rel=\"tag\">Bukiety wielokwiatowe<\/a><\/p>\t\t\t\t<div class=\"woocommerce-loop-product__title\"><a tabindex=\"0\" href=\"https:\/\/kwiaciarniaklara.pl\/index.php\/produkt\/bukiet-jak-na-obrazie\/\" aria-label=\"Bukiet &#8222;Jak na obrazie&#8221;\" class=\"woocommerce-LoopProduct-link woocommerce-loop-product__link\">Bukiet &#8222;Jak na obrazie&#8221;<\/a><\/div><div class=\"cgkit-as-variation-price\">\n\t<span class=\"price\"><span class=\"woocommerce-Price-amount amount\"><bdi>280,00&nbsp;<span class=\"woocommerce-Price-currencySymbol\">&#122;&#322;<\/span><\/bdi><\/span><\/span>\n<\/div><\/a><a href=\"\/index.php\/wp-json\/wp\/v2\/pages\/7341?add-to-cart=7151\" aria-describedby=\"woocommerce_loop_add_to_cart_link_describedby_7151\" data-quantity=\"1\" class=\"button product_type_simple add_to_cart_button ajax_add_to_cart\" data-product_id=\"7151\" data-product_sku=\"bukiet-jak-na-obrazie\" aria-label=\"Dodaj do koszyka: &bdquo;Bukiet &quot;Jak na obrazie&quot;&rdquo;\" rel=\"nofollow\" data-success_message=\"&ldquo;Bukiet &quot;Jak na obrazie&quot;&rdquo; zosta\u0142 dodany do twojego koszyka\" role=\"button\">Dodaj do koszyka<\/a>\t<span id=\"woocommerce_loop_add_to_cart_link_describedby_7151\" class=\"screen-reader-text\">\n\t\t\t<\/span>\n<\/div><\/li>\n<li class=\"product type-product post-677 status-publish first instock product_cat-wielokwiatowe product_tag-slub product_tag-urodziny product_tag-wiosna has-post-thumbnail shipping-taxable purchasable product-type-simple\">\n\t<div class=\"commercekit-wishlist mini\" data-product-id=\"677\"><a href=\"#\" class=\"commercekit-save-wishlist\" data-product-id=\"677\" data-type=\"list\" title=\"Lista \u017cycze\u0144\" aria-label=\"Lista \u017cycze\u0144\"><em class=\"cg-wishlist\"><\/em><span><\/span><\/a><\/div><a href=\"https:\/\/kwiaciarniaklara.pl\/index.php\/produkt\/bukiet-kwiatowa-serenada\/\" class=\"woocommerce-LoopProduct-link woocommerce-loop-product__link\"><div class=\"woocommerce-image__wrapper\"><div class=\"woocommerce-image__wrapper\"><a href=\"https:\/\/kwiaciarniaklara.pl\/index.php\/produkt\/bukiet-kwiatowa-serenada\/\" title=\"Bukiet &#8222;Kwiatowa serenada&#8221;\" class=\"woocommerce-LoopProduct-link woocommerce-loop-product__link\"><div class=\"shoptimizer-plp-carousel-container\"><div class=\"shoptimizer-plp-image-wrapper\"><img decoding=\"async\" width=\"728\" height=\"728\" src=\"https:\/\/kwiaciarniaklara.pl\/wp-content\/uploads\/2018\/05\/bukiet02-728x728.webp\" class=\"attachment-woocommerce_thumbnail size-woocommerce_thumbnail\" alt=\"Radosny bukiet pe\u0142en barw i zapach\u00f3w! R\u00f3\u017ce, go\u017adziki, lilie i narcyzy tworz\u0105 porywaj\u0105c\u0105 kompozycj\u0119, otoczon\u0105 bibu\u0142\u0105 z nutowym wzorem. Letnia harmonia kwiat\u00f3w!\" srcset=\"https:\/\/kwiaciarniaklara.pl\/wp-content\/uploads\/2018\/05\/bukiet02-728x728.webp 728w, https:\/\/kwiaciarniaklara.pl\/wp-content\/uploads\/2018\/05\/bukiet02-150x150.webp 150w, https:\/\/kwiaciarniaklara.pl\/wp-content\/uploads\/2018\/05\/bukiet02-64x64.webp 64w, https:\/\/kwiaciarniaklara.pl\/wp-content\/uploads\/2018\/05\/bukiet02-300x300.webp 300w, https:\/\/kwiaciarniaklara.pl\/wp-content\/uploads\/2018\/05\/bukiet02-1024x1024.webp 1024w, https:\/\/kwiaciarniaklara.pl\/wp-content\/uploads\/2018\/05\/bukiet02-768x768.webp 768w, https:\/\/kwiaciarniaklara.pl\/wp-content\/uploads\/2018\/05\/bukiet02-990x990.webp 990w, https:\/\/kwiaciarniaklara.pl\/wp-content\/uploads\/2018\/05\/bukiet02-441x441.webp 441w, https:\/\/kwiaciarniaklara.pl\/wp-content\/uploads\/2018\/05\/bukiet02-100x100.webp 100w, https:\/\/kwiaciarniaklara.pl\/wp-content\/uploads\/2018\/05\/bukiet02.webp 1080w\" sizes=\"(max-width: 360px) 147px, (max-width: 728px) 100vw, 728px\" \/>\t\t\t\n\t\t\t\t\n\t<\/div><\/div><\/a><\/div><\/div><div class=\"woocommerce-card__header\">\t\t\t\t\t<p class=\"product__categories\"><a href=\"https:\/\/kwiaciarniaklara.pl\/index.php\/kategoria-produktu\/bukiety\/wielokwiatowe\/\" rel=\"tag\">Bukiety wielokwiatowe<\/a><\/p>\t\t\t\t<div class=\"woocommerce-loop-product__title\"><a tabindex=\"0\" href=\"https:\/\/kwiaciarniaklara.pl\/index.php\/produkt\/bukiet-kwiatowa-serenada\/\" aria-label=\"Bukiet &#8222;Kwiatowa serenada&#8221;\" class=\"woocommerce-LoopProduct-link woocommerce-loop-product__link\">Bukiet &#8222;Kwiatowa serenada&#8221;<\/a><\/div><div class=\"cgkit-as-variation-price\">\n\t<span class=\"price\"><span class=\"woocommerce-Price-amount amount\"><bdi>220,00&nbsp;<span class=\"woocommerce-Price-currencySymbol\">&#122;&#322;<\/span><\/bdi><\/span><\/span>\n<\/div><\/a><a href=\"\/index.php\/wp-json\/wp\/v2\/pages\/7341?add-to-cart=677\" aria-describedby=\"woocommerce_loop_add_to_cart_link_describedby_677\" data-quantity=\"1\" class=\"button product_type_simple add_to_cart_button ajax_add_to_cart\" data-product_id=\"677\" data-product_sku=\"bukiet-kwiatowa-serenada\" aria-label=\"Dodaj do koszyka: &bdquo;Bukiet &quot;Kwiatowa serenada&quot;&rdquo;\" rel=\"nofollow\" data-success_message=\"&ldquo;Bukiet &quot;Kwiatowa serenada&quot;&rdquo; zosta\u0142 dodany do twojego koszyka\" role=\"button\">Dodaj do koszyka<\/a>\t<span id=\"woocommerce_loop_add_to_cart_link_describedby_677\" class=\"screen-reader-text\">\n\t\t\t<\/span>\n<\/div><\/li>\n<li class=\"product type-product post-8826 status-publish last instock product_cat-wielokwiatowe product_tag-dzien-kobiet product_tag-dzien-matki product_tag-gratulacje product_tag-podziekowanie product_tag-urodziny product_tag-wiosna has-post-thumbnail shipping-taxable purchasable product-type-simple\">\n\t<div class=\"commercekit-wishlist mini\" data-product-id=\"8826\"><a href=\"#\" class=\"commercekit-save-wishlist\" data-product-id=\"8826\" data-type=\"list\" title=\"Lista \u017cycze\u0144\" aria-label=\"Lista \u017cycze\u0144\"><em class=\"cg-wishlist\"><\/em><span><\/span><\/a><\/div><a href=\"https:\/\/kwiaciarniaklara.pl\/index.php\/produkt\/bukiet-przywitanie-wiosny\/\" class=\"woocommerce-LoopProduct-link woocommerce-loop-product__link\"><div class=\"woocommerce-image__wrapper\"><div class=\"woocommerce-image__wrapper\"><a href=\"https:\/\/kwiaciarniaklara.pl\/index.php\/produkt\/bukiet-przywitanie-wiosny\/\" title=\"Bukiet &#8222;Przywitanie wiosny&#8221;\" class=\"woocommerce-LoopProduct-link woocommerce-loop-product__link\"><div class=\"shoptimizer-plp-carousel-container\"><div class=\"shoptimizer-plp-image-wrapper\"><img decoding=\"async\" width=\"728\" height=\"728\" src=\"https:\/\/kwiaciarniaklara.pl\/wp-content\/uploads\/2025\/03\/bukiet-przywitanie-wiosny-wiosna_photo003-728x728.webp\" class=\"attachment-woocommerce_thumbnail size-woocommerce_thumbnail\" alt=\"Kolorowy, radosny bukiet z r\u00f3\u017c, margaretek, go\u017adzik\u00f3w i tulipan\u00f3w, ozdobiony baziami. R\u00f3\u017cowa bibu\u0142a i z\u0142oto-r\u00f3\u017cowa wst\u0105\u017cka dodaj\u0105 mu uroku.\" srcset=\"https:\/\/kwiaciarniaklara.pl\/wp-content\/uploads\/2025\/03\/bukiet-przywitanie-wiosny-wiosna_photo003-728x728.webp 728w, https:\/\/kwiaciarniaklara.pl\/wp-content\/uploads\/2025\/03\/bukiet-przywitanie-wiosny-wiosna_photo003-150x150.webp 150w, https:\/\/kwiaciarniaklara.pl\/wp-content\/uploads\/2025\/03\/bukiet-przywitanie-wiosny-wiosna_photo003-64x64.webp 64w, https:\/\/kwiaciarniaklara.pl\/wp-content\/uploads\/2025\/03\/bukiet-przywitanie-wiosny-wiosna_photo003-300x300.webp 300w, https:\/\/kwiaciarniaklara.pl\/wp-content\/uploads\/2025\/03\/bukiet-przywitanie-wiosny-wiosna_photo003-1024x1024.webp 1024w, https:\/\/kwiaciarniaklara.pl\/wp-content\/uploads\/2025\/03\/bukiet-przywitanie-wiosny-wiosna_photo003-768x768.webp 768w, https:\/\/kwiaciarniaklara.pl\/wp-content\/uploads\/2025\/03\/bukiet-przywitanie-wiosny-wiosna_photo003-990x990.webp 990w, https:\/\/kwiaciarniaklara.pl\/wp-content\/uploads\/2025\/03\/bukiet-przywitanie-wiosny-wiosna_photo003-441x441.webp 441w, https:\/\/kwiaciarniaklara.pl\/wp-content\/uploads\/2025\/03\/bukiet-przywitanie-wiosny-wiosna_photo003.webp 1080w\" sizes=\"(max-width: 360px) 147px, (max-width: 728px) 100vw, 728px\" \/><img decoding=\"async\" width=\"728\" height=\"728\" src=\"https:\/\/kwiaciarniaklara.pl\/wp-content\/uploads\/2025\/03\/bukiet-przywitanie-wiosny-wiosna_photo002-728x728.webp\" class=\"gallery-image\" alt=\"Kolorowy, radosny bukiet z r\u00f3\u017c, margaretek, go\u017adzik\u00f3w i tulipan\u00f3w, ozdobiony baziami. R\u00f3\u017cowa bibu\u0142a i z\u0142oto-r\u00f3\u017cowa wst\u0105\u017cka dodaj\u0105 mu uroku.\" loading=\"lazy\" srcset=\"https:\/\/kwiaciarniaklara.pl\/wp-content\/uploads\/2025\/03\/bukiet-przywitanie-wiosny-wiosna_photo002-728x728.webp 728w, https:\/\/kwiaciarniaklara.pl\/wp-content\/uploads\/2025\/03\/bukiet-przywitanie-wiosny-wiosna_photo002-150x150.webp 150w, https:\/\/kwiaciarniaklara.pl\/wp-content\/uploads\/2025\/03\/bukiet-przywitanie-wiosny-wiosna_photo002-64x64.webp 64w, https:\/\/kwiaciarniaklara.pl\/wp-content\/uploads\/2025\/03\/bukiet-przywitanie-wiosny-wiosna_photo002-300x300.webp 300w, https:\/\/kwiaciarniaklara.pl\/wp-content\/uploads\/2025\/03\/bukiet-przywitanie-wiosny-wiosna_photo002-1024x1024.webp 1024w, https:\/\/kwiaciarniaklara.pl\/wp-content\/uploads\/2025\/03\/bukiet-przywitanie-wiosny-wiosna_photo002-768x768.webp 768w, https:\/\/kwiaciarniaklara.pl\/wp-content\/uploads\/2025\/03\/bukiet-przywitanie-wiosny-wiosna_photo002-990x990.webp 990w, https:\/\/kwiaciarniaklara.pl\/wp-content\/uploads\/2025\/03\/bukiet-przywitanie-wiosny-wiosna_photo002-441x441.webp 441w, https:\/\/kwiaciarniaklara.pl\/wp-content\/uploads\/2025\/03\/bukiet-przywitanie-wiosny-wiosna_photo002.webp 1080w\" sizes=\"auto, (max-width: 360px) 147px, auto, (max-width: 728px) 100vw, 728px\" \/>\t\t\t\n\t\t\t\t\n\t<\/div><\/div><\/a><\/div><\/div><div class=\"woocommerce-card__header\">\t\t\t\t\t<p class=\"product__categories\"><a href=\"https:\/\/kwiaciarniaklara.pl\/index.php\/kategoria-produktu\/bukiety\/wielokwiatowe\/\" rel=\"tag\">Bukiety wielokwiatowe<\/a><\/p>\t\t\t\t<div class=\"woocommerce-loop-product__title\"><a tabindex=\"0\" href=\"https:\/\/kwiaciarniaklara.pl\/index.php\/produkt\/bukiet-przywitanie-wiosny\/\" aria-label=\"Bukiet &#8222;Przywitanie wiosny&#8221;\" class=\"woocommerce-LoopProduct-link woocommerce-loop-product__link\">Bukiet &#8222;Przywitanie wiosny&#8221;<\/a><\/div><div class=\"cgkit-as-variation-price\">\n\t<span class=\"price\"><span class=\"woocommerce-Price-amount amount\"><bdi>170,00&nbsp;<span class=\"woocommerce-Price-currencySymbol\">&#122;&#322;<\/span><\/bdi><\/span><\/span>\n<\/div><\/a><a href=\"\/index.php\/wp-json\/wp\/v2\/pages\/7341?add-to-cart=8826\" aria-describedby=\"woocommerce_loop_add_to_cart_link_describedby_8826\" data-quantity=\"1\" class=\"button product_type_simple add_to_cart_button ajax_add_to_cart\" data-product_id=\"8826\" data-product_sku=\"bukiet-przywitanie-wiosny\" aria-label=\"Dodaj do koszyka: &bdquo;Bukiet &quot;Przywitanie wiosny&quot;&rdquo;\" rel=\"nofollow\" data-success_message=\"&ldquo;Bukiet &quot;Przywitanie wiosny&quot;&rdquo; zosta\u0142 dodany do twojego koszyka\" role=\"button\">Dodaj do koszyka<\/a>\t<span id=\"woocommerce_loop_add_to_cart_link_describedby_8826\" class=\"screen-reader-text\">\n\t\t\t<\/span>\n<\/div><\/li>\n<\/ul>\n<\/div>\n<\/div>\n\n\n\n<div class=\"wp-block-column is-vertically-aligned-top jcws-no-category-name has-global-padding is-content-justification-right is-layout-constrained wp-container-core-column-is-layout-d57b5e87 wp-block-column-is-layout-constrained\" style=\"padding-top:0;padding-right:0;padding-bottom:0;padding-left:0\">\n<div class=\"wp-block-group jcws-one-product-display is-vertical is-content-justification-stretch is-layout-flex wp-container-core-group-is-layout-353c4f5a wp-block-group-is-layout-flex\"><div class=\"jcws-tag-description\"><p>Kwiaty s\u0105 wyrazem uczu\u0107 i przekazuj\u0105 je w subtelny, pi\u0119kny spos\u00f3b obdarowanej nimi osobie.<br \/>\nObdarowanie bliskiej osoby bukietem kwiat\u00f3w to pi\u0119kny gest podzi\u0119kowania za trosk\u0119, opiek\u0119, za przyjazna i za jej obecno\u015b\u0107 w naszych \u017cyciu.<\/p>\n<\/div>\n\n\n<div class=\"woocommerce jcws-full-width\"><ul class=\"products columns-1\">\n<li class=\"product type-product post-603 status-publish first instock product_cat-mono-kwiatowe product_tag-milosc product_tag-rocznica-slubu product_tag-urodziny product_tag-walentynki has-post-thumbnail shipping-taxable purchasable product-type-simple\">\n\t<div class=\"commercekit-wishlist mini\" data-product-id=\"603\"><a href=\"#\" class=\"commercekit-save-wishlist\" data-product-id=\"603\" data-type=\"list\" title=\"Lista \u017cycze\u0144\" aria-label=\"Lista \u017cycze\u0144\"><em class=\"cg-wishlist\"><\/em><span><\/span><\/a><\/div><a href=\"https:\/\/kwiaciarniaklara.pl\/index.php\/produkt\/bukiet-wiecej-niz-slowa\/\" class=\"woocommerce-LoopProduct-link woocommerce-loop-product__link\"><div class=\"woocommerce-image__wrapper\"><div class=\"woocommerce-image__wrapper\"><a href=\"https:\/\/kwiaciarniaklara.pl\/index.php\/produkt\/bukiet-wiecej-niz-slowa\/\" title=\"Bukiet &#8222;Wi\u0119cej ni\u017c s\u0142owa&#8221;\" class=\"woocommerce-LoopProduct-link woocommerce-loop-product__link\"><div class=\"shoptimizer-plp-carousel-container\"><div class=\"shoptimizer-plp-image-wrapper\"><img decoding=\"async\" width=\"728\" height=\"728\" src=\"https:\/\/kwiaciarniaklara.pl\/wp-content\/uploads\/2025\/03\/monobukiet-wiecej-niz-slowa-foto01-728x728.webp\" class=\"attachment-woocommerce_thumbnail size-woocommerce_thumbnail\" alt=\"Okr\u0105g\u0142y bukiet z p\u0142omienie czerwonych r\u00f3\u017c, kt\u00f3rych kolor podkre\u015blaj\u0105 zielone szyp\u00f3\u0142ki r\u00f3\u017c.\" srcset=\"https:\/\/kwiaciarniaklara.pl\/wp-content\/uploads\/2025\/03\/monobukiet-wiecej-niz-slowa-foto01-728x728.webp 728w, https:\/\/kwiaciarniaklara.pl\/wp-content\/uploads\/2025\/03\/monobukiet-wiecej-niz-slowa-foto01-150x150.webp 150w, https:\/\/kwiaciarniaklara.pl\/wp-content\/uploads\/2025\/03\/monobukiet-wiecej-niz-slowa-foto01-64x64.webp 64w, https:\/\/kwiaciarniaklara.pl\/wp-content\/uploads\/2025\/03\/monobukiet-wiecej-niz-slowa-foto01-300x300.webp 300w, https:\/\/kwiaciarniaklara.pl\/wp-content\/uploads\/2025\/03\/monobukiet-wiecej-niz-slowa-foto01-1024x1024.webp 1024w, https:\/\/kwiaciarniaklara.pl\/wp-content\/uploads\/2025\/03\/monobukiet-wiecej-niz-slowa-foto01-768x768.webp 768w, https:\/\/kwiaciarniaklara.pl\/wp-content\/uploads\/2025\/03\/monobukiet-wiecej-niz-slowa-foto01-990x990.webp 990w, https:\/\/kwiaciarniaklara.pl\/wp-content\/uploads\/2025\/03\/monobukiet-wiecej-niz-slowa-foto01-441x441.webp 441w, https:\/\/kwiaciarniaklara.pl\/wp-content\/uploads\/2025\/03\/monobukiet-wiecej-niz-slowa-foto01.webp 1080w\" sizes=\"(max-width: 360px) 147px, (max-width: 728px) 100vw, 728px\" \/><img decoding=\"async\" width=\"728\" height=\"728\" src=\"https:\/\/kwiaciarniaklara.pl\/wp-content\/uploads\/2018\/05\/monobukiet-wiecej-niz-slowa-foto03-728x728.webp\" class=\"gallery-image\" alt=\"Okr\u0105g\u0142y bukiet z p\u0142omienie czerwonych r\u00f3\u017c, kt\u00f3rych kolor podkre\u015blaj\u0105 zielone ... . Wykonany w Kwiaciarni Klara Ole\u015bnica.\" loading=\"lazy\" srcset=\"https:\/\/kwiaciarniaklara.pl\/wp-content\/uploads\/2018\/05\/monobukiet-wiecej-niz-slowa-foto03-728x728.webp 728w, https:\/\/kwiaciarniaklara.pl\/wp-content\/uploads\/2018\/05\/monobukiet-wiecej-niz-slowa-foto03-150x150.webp 150w, https:\/\/kwiaciarniaklara.pl\/wp-content\/uploads\/2018\/05\/monobukiet-wiecej-niz-slowa-foto03-300x300.webp 300w, https:\/\/kwiaciarniaklara.pl\/wp-content\/uploads\/2018\/05\/monobukiet-wiecej-niz-slowa-foto03-1080x1080.webp 1080w\" sizes=\"auto, (max-width: 360px) 147px, auto, (max-width: 728px) 100vw, 728px\" \/>\t\t\t\n\t\t\t\t\n\t<\/div><\/div><\/a><\/div><\/div><div class=\"woocommerce-card__header\">\t\t\t\t\t<p class=\"product__categories\"><a href=\"https:\/\/kwiaciarniaklara.pl\/index.php\/kategoria-produktu\/bukiety\/mono-kwiatowe\/\" rel=\"tag\">Mono bukiety<\/a><\/p>\t\t\t\t<div class=\"woocommerce-loop-product__title\"><a tabindex=\"0\" href=\"https:\/\/kwiaciarniaklara.pl\/index.php\/produkt\/bukiet-wiecej-niz-slowa\/\" aria-label=\"Bukiet &#8222;Wi\u0119cej ni\u017c s\u0142owa&#8221;\" class=\"woocommerce-LoopProduct-link woocommerce-loop-product__link\">Bukiet &#8222;Wi\u0119cej ni\u017c s\u0142owa&#8221;<\/a><\/div><div class=\"cgkit-as-variation-price\">\n\t<span class=\"price\"><span class=\"woocommerce-Price-amount amount\"><bdi>530,00&nbsp;<span class=\"woocommerce-Price-currencySymbol\">&#122;&#322;<\/span><\/bdi><\/span><\/span>\n<\/div><\/a><a href=\"\/index.php\/wp-json\/wp\/v2\/pages\/7341?add-to-cart=603\" aria-describedby=\"woocommerce_loop_add_to_cart_link_describedby_603\" data-quantity=\"1\" class=\"button product_type_simple add_to_cart_button ajax_add_to_cart\" data-product_id=\"603\" data-product_sku=\"monobukiet-wiecej-niz-slowa\" aria-label=\"Dodaj do koszyka: &bdquo;Bukiet &quot;Wi\u0119cej ni\u017c s\u0142owa&quot;&rdquo;\" rel=\"nofollow\" data-success_message=\"&ldquo;Bukiet &quot;Wi\u0119cej ni\u017c s\u0142owa&quot;&rdquo; zosta\u0142 dodany do twojego koszyka\" role=\"button\">Dodaj do koszyka<\/a>\t<span id=\"woocommerce_loop_add_to_cart_link_describedby_603\" class=\"screen-reader-text\">\n\t\t\t<\/span>\n<\/div><\/li>\n<\/ul>\n<\/div>\n<\/div>\n<\/div>\n<\/div>\n<\/section>\n\n\n\n<section class=\"wp-block-group jcws-section-category has-global-padding is-layout-constrained wp-block-group-is-layout-constrained\">\n<div class=\"wp-block-columns jcws-section-header is-layout-flex wp-container-core-columns-is-layout-28f84493 wp-block-columns-is-layout-flex\">\n<div class=\"wp-block-column has-global-padding is-layout-constrained wp-block-column-is-layout-constrained\">\n<h2 class=\"wp-block-heading jcws-1rem-bottom-margin\">Popularne kategorie<\/h2>\n<\/div>\n\n\n\n<div class=\"wp-block-column is-layout-flow wp-block-column-is-layout-flow\">\n<div class=\"wp-block-buttons is-content-justification-right is-layout-flex wp-container-core-buttons-is-layout-d445cf74 wp-block-buttons-is-layout-flex\">\n<div class=\"wp-block-button\"><a class=\"wp-block-button__link wp-element-button\" href=\"\/index.php\/sklep\">Zobacz wszystkie kategorie<\/a><\/div>\n<\/div>\n<\/div>\n<\/div>\n\n\n\n<div class=\"wp-block-group jcws-section-category-inner jcws-no-margin-top is-layout-flex wp-block-group-is-layout-flex\"><div class=\"woocommerce columns-1\"><ul class=\"products columns-1\">\n<li class=\"product-category product first\">\n\t<a aria-label=\"Przejd\u017a do kategorii produktu Mono bukiety\" href=\"https:\/\/kwiaciarniaklara.pl\/index.php\/kategoria-produktu\/bukiety\/mono-kwiatowe\/\"><span class=\"cat-image-wrapper\"><img decoding=\"async\" src=\"https:\/\/kwiaciarniaklara.pl\/wp-content\/uploads\/2025\/02\/Bukiet-mono.webp\" alt=\"Mono bukiety\" width=\"728\" height=\"728\" srcset=\"https:\/\/kwiaciarniaklara.pl\/wp-content\/uploads\/2025\/02\/Bukiet-mono.webp 540w, https:\/\/kwiaciarniaklara.pl\/wp-content\/uploads\/2025\/02\/Bukiet-mono-150x150.webp 150w, https:\/\/kwiaciarniaklara.pl\/wp-content\/uploads\/2025\/02\/Bukiet-mono-64x64.webp 64w, https:\/\/kwiaciarniaklara.pl\/wp-content\/uploads\/2025\/02\/Bukiet-mono-256x256.webp 256w, https:\/\/kwiaciarniaklara.pl\/wp-content\/uploads\/2025\/02\/Bukiet-mono-300x300.webp 300w, https:\/\/kwiaciarniaklara.pl\/wp-content\/uploads\/2025\/02\/Bukiet-mono-441x441.webp 441w, https:\/\/kwiaciarniaklara.pl\/wp-content\/uploads\/2025\/02\/Bukiet-mono-100x100.webp 100w\" sizes=\"(max-width: 540px) 100vw, 540px\" \/><\/span>\t\t<h2 class=\"woocommerce-loop-category__title\">\n\t\t\tMono bukiety <mark class=\"count\">(15)<\/mark>\t\t<\/h2>\n\t\t<\/a><\/li>\n<\/ul>\n<\/div>\n\n\n<div class=\"woocommerce columns-1\"><ul class=\"products columns-1\">\n<li class=\"product-category product first\">\n\t<a aria-label=\"Przejd\u017a do kategorii produktu Bukiety wielokwiatowe\" href=\"https:\/\/kwiaciarniaklara.pl\/index.php\/kategoria-produktu\/bukiety\/wielokwiatowe\/\"><span class=\"cat-image-wrapper\"><img decoding=\"async\" src=\"https:\/\/kwiaciarniaklara.pl\/wp-content\/uploads\/2025\/02\/Bukiet-mieszany.webp\" alt=\"Bukiety wielokwiatowe\" width=\"728\" height=\"728\" srcset=\"https:\/\/kwiaciarniaklara.pl\/wp-content\/uploads\/2025\/02\/Bukiet-mieszany.webp 540w, https:\/\/kwiaciarniaklara.pl\/wp-content\/uploads\/2025\/02\/Bukiet-mieszany-150x150.webp 150w, https:\/\/kwiaciarniaklara.pl\/wp-content\/uploads\/2025\/02\/Bukiet-mieszany-64x64.webp 64w, https:\/\/kwiaciarniaklara.pl\/wp-content\/uploads\/2025\/02\/Bukiet-mieszany-256x256.webp 256w, https:\/\/kwiaciarniaklara.pl\/wp-content\/uploads\/2025\/02\/Bukiet-mieszany-300x300.webp 300w, https:\/\/kwiaciarniaklara.pl\/wp-content\/uploads\/2025\/02\/Bukiet-mieszany-441x441.webp 441w, https:\/\/kwiaciarniaklara.pl\/wp-content\/uploads\/2025\/02\/Bukiet-mieszany-100x100.webp 100w\" sizes=\"(max-width: 540px) 100vw, 540px\" \/><\/span>\t\t<h2 class=\"woocommerce-loop-category__title\">\n\t\t\tBukiety wielokwiatowe <mark class=\"count\">(23)<\/mark>\t\t<\/h2>\n\t\t<\/a><\/li>\n<\/ul>\n<\/div>\n\n\n\n    <div class=\"woocommerce columns-1 jcws-tag-sc\">\n        <ul class=\"products columns-1\">\n            <li class=\"product-category product first\">\n                <a aria-label=\"Przejd\u017a do tagu Mi\u0142o\u015b\u0107\" href=\"https:\/\/kwiaciarniaklara.pl\/index.php\/tag-produktu\/milosc\/\">\n                    <span class=\"cat-image-wrapper\"><img decoding=\"async\" width=\"150\" height=\"150\" src=\"https:\/\/kwiaciarniaklara.pl\/wp-content\/uploads\/2025\/03\/tag-milosc-150x150.webp\" class=\"jcws-img\" alt=\"Mi\u0142o\u015b\u0107\" srcset=\"https:\/\/kwiaciarniaklara.pl\/wp-content\/uploads\/2025\/03\/tag-milosc-150x150.webp 150w, https:\/\/kwiaciarniaklara.pl\/wp-content\/uploads\/2025\/03\/tag-milosc-300x300.webp 300w, https:\/\/kwiaciarniaklara.pl\/wp-content\/uploads\/2025\/03\/tag-milosc-441x441.webp 441w, https:\/\/kwiaciarniaklara.pl\/wp-content\/uploads\/2025\/03\/tag-milosc-64x64.webp 64w, https:\/\/kwiaciarniaklara.pl\/wp-content\/uploads\/2025\/03\/tag-milosc.webp 540w\" sizes=\"(max-width: 150px) 100vw, 150px\" \/><\/span>\n                    <h2 class=\"woocommerce-loop-category__title\">Mi\u0142o\u015b\u0107<\/h2>\n                <\/a>\n            <\/li>\n        <\/ul>\n    <\/div>\n\n\n\n    <div class=\"woocommerce columns-1 jcws-tag-sc\">\n        <ul class=\"products columns-1\">\n            <li class=\"product-category product first\">\n                <a aria-label=\"Przejd\u017a do tagu Podzi\u0119kowanie\" href=\"https:\/\/kwiaciarniaklara.pl\/index.php\/tag-produktu\/podziekowanie\/\">\n                    <span class=\"cat-image-wrapper\"><img decoding=\"async\" width=\"150\" height=\"150\" src=\"https:\/\/kwiaciarniaklara.pl\/wp-content\/uploads\/2025\/03\/tag-podziekowanie-150x150.webp\" class=\"jcws-img\" alt=\"Podzi\u0119kowanie\" srcset=\"https:\/\/kwiaciarniaklara.pl\/wp-content\/uploads\/2025\/03\/tag-podziekowanie-150x150.webp 150w, https:\/\/kwiaciarniaklara.pl\/wp-content\/uploads\/2025\/03\/tag-podziekowanie-300x300.webp 300w, https:\/\/kwiaciarniaklara.pl\/wp-content\/uploads\/2025\/03\/tag-podziekowanie-441x441.webp 441w, https:\/\/kwiaciarniaklara.pl\/wp-content\/uploads\/2025\/03\/tag-podziekowanie-64x64.webp 64w, https:\/\/kwiaciarniaklara.pl\/wp-content\/uploads\/2025\/03\/tag-podziekowanie.webp 540w\" sizes=\"(max-width: 150px) 100vw, 150px\" \/><\/span>\n                    <h2 class=\"woocommerce-loop-category__title\">Podzi\u0119kowanie<\/h2>\n                <\/a>\n            <\/li>\n        <\/ul>\n    <\/div>\n\n\n\n    <div class=\"woocommerce columns-1 jcws-tag-sc\">\n        <ul class=\"products columns-1\">\n            <li class=\"product-category product first\">\n                <a aria-label=\"Przejd\u017a do tagu Osiemnastka\" href=\"https:\/\/kwiaciarniaklara.pl\/index.php\/tag-produktu\/osiemnastka\/\">\n                    <span class=\"cat-image-wrapper\"><img decoding=\"async\" width=\"150\" height=\"150\" src=\"https:\/\/kwiaciarniaklara.pl\/wp-content\/uploads\/2025\/03\/tag-osiemnastka-150x150.webp\" class=\"jcws-img\" alt=\"Osiemnastka\" srcset=\"https:\/\/kwiaciarniaklara.pl\/wp-content\/uploads\/2025\/03\/tag-osiemnastka-150x150.webp 150w, https:\/\/kwiaciarniaklara.pl\/wp-content\/uploads\/2025\/03\/tag-osiemnastka-300x300.webp 300w, https:\/\/kwiaciarniaklara.pl\/wp-content\/uploads\/2025\/03\/tag-osiemnastka-441x441.webp 441w, https:\/\/kwiaciarniaklara.pl\/wp-content\/uploads\/2025\/03\/tag-osiemnastka-64x64.webp 64w, https:\/\/kwiaciarniaklara.pl\/wp-content\/uploads\/2025\/03\/tag-osiemnastka.webp 540w\" sizes=\"(max-width: 150px) 100vw, 150px\" \/><\/span>\n                    <h2 class=\"woocommerce-loop-category__title\">Osiemnastka<\/h2>\n                <\/a>\n            <\/li>\n        <\/ul>\n    <\/div>\n\n\n\n    <div class=\"woocommerce columns-1 jcws-tag-sc\">\n        <ul class=\"products columns-1\">\n            <li class=\"product-category product first\">\n                <a aria-label=\"Przejd\u017a do tagu Rocznica \u015alubu\" href=\"https:\/\/kwiaciarniaklara.pl\/index.php\/tag-produktu\/rocznica-slubu\/\">\n                    <span class=\"cat-image-wrapper\"><img decoding=\"async\" width=\"150\" height=\"150\" src=\"https:\/\/kwiaciarniaklara.pl\/wp-content\/uploads\/2025\/03\/tag-rocznica-slubu-150x150.webp\" class=\"jcws-img\" alt=\"Rocznica \u015alubu\" srcset=\"https:\/\/kwiaciarniaklara.pl\/wp-content\/uploads\/2025\/03\/tag-rocznica-slubu-150x150.webp 150w, https:\/\/kwiaciarniaklara.pl\/wp-content\/uploads\/2025\/03\/tag-rocznica-slubu-300x300.webp 300w, https:\/\/kwiaciarniaklara.pl\/wp-content\/uploads\/2025\/03\/tag-rocznica-slubu-441x441.webp 441w, https:\/\/kwiaciarniaklara.pl\/wp-content\/uploads\/2025\/03\/tag-rocznica-slubu-64x64.webp 64w, https:\/\/kwiaciarniaklara.pl\/wp-content\/uploads\/2025\/03\/tag-rocznica-slubu.webp 540w\" sizes=\"(max-width: 150px) 100vw, 150px\" \/><\/span>\n                    <h2 class=\"woocommerce-loop-category__title\">Rocznica \u015alubu<\/h2>\n                <\/a>\n            <\/li>\n        <\/ul>\n    <\/div>\n<\/div>\n<\/section>\n\n\n\n<section class=\"wp-block-group jcws-section-bestseller is-layout-flow wp-block-group-is-layout-flow\">\n<div class=\"wp-block-columns jcws-section-header is-layout-flex wp-container-core-columns-is-layout-28f84493 wp-block-columns-is-layout-flex\">\n<div class=\"wp-block-column has-global-padding is-layout-constrained wp-block-column-is-layout-constrained\">\n<h2 class=\"wp-block-heading jcws-1rem-bottom-margin\">Bestsellery<\/h2>\n<\/div>\n\n\n\n<div class=\"wp-block-column is-layout-flow wp-block-column-is-layout-flow\">\n<div class=\"wp-block-buttons is-content-justification-right is-layout-flex wp-container-core-buttons-is-layout-d445cf74 wp-block-buttons-is-layout-flex\">\n<div class=\"wp-block-button\"><a class=\"wp-block-button__link wp-element-button\" href=\"\/index.php\/sklep\/\">Zobacz wszystkie<\/a><\/div>\n<\/div>\n<\/div>\n<\/div>\n\n\n<div class=\"woocommerce columns-5 jcws-bestseller-inner\"><ul class=\"products columns-5\">\n<li class=\"product type-product post-7168 status-publish first instock product_cat-wience-pogrzebowe product_tag-pogrzeb product_tag-premium has-post-thumbnail shipping-taxable purchasable product-type-simple\">\n\t<div class=\"commercekit-wishlist mini\" data-product-id=\"7168\"><a href=\"#\" class=\"commercekit-save-wishlist\" data-product-id=\"7168\" data-type=\"list\" title=\"Lista \u017cycze\u0144\" aria-label=\"Lista \u017cycze\u0144\"><em class=\"cg-wishlist\"><\/em><span><\/span><\/a><\/div><a href=\"https:\/\/kwiaciarniaklara.pl\/index.php\/produkt\/wieniec-stojacy-serce\/\" class=\"woocommerce-LoopProduct-link woocommerce-loop-product__link\"><div class=\"woocommerce-image__wrapper\"><div class=\"woocommerce-image__wrapper\"><a href=\"https:\/\/kwiaciarniaklara.pl\/index.php\/produkt\/wieniec-stojacy-serce\/\" title=\"Wieniec stoj\u0105cy &#8222;Serce&#8221;\" class=\"woocommerce-LoopProduct-link woocommerce-loop-product__link\"><div class=\"shoptimizer-plp-carousel-container\"><div class=\"shoptimizer-plp-image-wrapper\"><img decoding=\"async\" width=\"728\" height=\"728\" src=\"https:\/\/kwiaciarniaklara.pl\/wp-content\/uploads\/2024\/12\/wieniec-serce-728x728.webp\" class=\"attachment-woocommerce_thumbnail size-woocommerce_thumbnail\" alt=\"Wieniec ze stylizowanym sercem z ciemnoczerwonych r\u00f3\u017c, bia\u0142ych p\u0105k\u00f3w i lilii, otoczony zielonymi li\u015b\u0107mi tuji.\" srcset=\"https:\/\/kwiaciarniaklara.pl\/wp-content\/uploads\/2024\/12\/wieniec-serce-728x728.webp 728w, https:\/\/kwiaciarniaklara.pl\/wp-content\/uploads\/2024\/12\/wieniec-serce-150x150.webp 150w, https:\/\/kwiaciarniaklara.pl\/wp-content\/uploads\/2024\/12\/wieniec-serce-64x64.webp 64w, https:\/\/kwiaciarniaklara.pl\/wp-content\/uploads\/2024\/12\/wieniec-serce-300x300.webp 300w, https:\/\/kwiaciarniaklara.pl\/wp-content\/uploads\/2024\/12\/wieniec-serce-1024x1024.webp 1024w, https:\/\/kwiaciarniaklara.pl\/wp-content\/uploads\/2024\/12\/wieniec-serce-768x768.webp 768w, https:\/\/kwiaciarniaklara.pl\/wp-content\/uploads\/2024\/12\/wieniec-serce-990x990.webp 990w, https:\/\/kwiaciarniaklara.pl\/wp-content\/uploads\/2024\/12\/wieniec-serce-441x441.webp 441w, https:\/\/kwiaciarniaklara.pl\/wp-content\/uploads\/2024\/12\/wieniec-serce.webp 1080w\" sizes=\"(max-width: 360px) 147px, (max-width: 728px) 100vw, 728px\" \/>\t\t\t\n\t\t\t\t\n\t<\/div><\/div><\/a><\/div><\/div><div class=\"woocommerce-card__header\">\t\t\t\t\t<p class=\"product__categories\"><a href=\"https:\/\/kwiaciarniaklara.pl\/index.php\/kategoria-produktu\/kompozycje-pogrzebowe\/wience-pogrzebowe\/\" rel=\"tag\">Wie\u0144ce pogrzebowe<\/a><\/p>\t\t\t\t<div class=\"woocommerce-loop-product__title\"><a tabindex=\"0\" href=\"https:\/\/kwiaciarniaklara.pl\/index.php\/produkt\/wieniec-stojacy-serce\/\" aria-label=\"Wieniec stoj\u0105cy &#8222;Serce&#8221;\" class=\"woocommerce-LoopProduct-link woocommerce-loop-product__link\">Wieniec stoj\u0105cy &#8222;Serce&#8221;<\/a><\/div><div class=\"cgkit-as-variation-price\">\n\t<span class=\"price\"><span class=\"woocommerce-Price-amount amount\"><bdi>1200,00&nbsp;<span class=\"woocommerce-Price-currencySymbol\">&#122;&#322;<\/span><\/bdi><\/span><\/span>\n<\/div><\/a><a href=\"\/index.php\/wp-json\/wp\/v2\/pages\/7341?add-to-cart=7168\" aria-describedby=\"woocommerce_loop_add_to_cart_link_describedby_7168\" data-quantity=\"1\" class=\"button product_type_simple add_to_cart_button ajax_add_to_cart\" data-product_id=\"7168\" data-product_sku=\"wieniec-stojacy-serce\" aria-label=\"Dodaj do koszyka: &bdquo;Wieniec stoj\u0105cy &quot;Serce&quot;&rdquo;\" rel=\"nofollow\" data-success_message=\"&ldquo;Wieniec stoj\u0105cy &quot;Serce&quot;&rdquo; zosta\u0142 dodany do twojego koszyka\" role=\"button\">Dodaj do koszyka<\/a>\t<span id=\"woocommerce_loop_add_to_cart_link_describedby_7168\" class=\"screen-reader-text\">\n\t\t\t<\/span>\n<\/div><\/li>\n<li class=\"product type-product post-9050 status-publish instock product_cat-wielokwiatowe product_tag-dzien-kobiet product_tag-dzien-matki product_tag-imieniny product_tag-podziekowanie product_tag-urodziny has-post-thumbnail shipping-taxable purchasable product-type-simple\">\n\t<div class=\"commercekit-wishlist mini\" data-product-id=\"9050\"><a href=\"#\" class=\"commercekit-save-wishlist\" data-product-id=\"9050\" data-type=\"list\" title=\"Lista \u017cycze\u0144\" aria-label=\"Lista \u017cycze\u0144\"><em class=\"cg-wishlist\"><\/em><span><\/span><\/a><\/div><a href=\"https:\/\/kwiaciarniaklara.pl\/index.php\/produkt\/bukiet-indian-summer\/\" class=\"woocommerce-LoopProduct-link woocommerce-loop-product__link\"><div class=\"woocommerce-image__wrapper\"><div class=\"woocommerce-image__wrapper\"><a href=\"https:\/\/kwiaciarniaklara.pl\/index.php\/produkt\/bukiet-indian-summer\/\" title=\"Bukiet &#8222;Indian Summer&#8221;\" class=\"woocommerce-LoopProduct-link woocommerce-loop-product__link\"><div class=\"shoptimizer-plp-carousel-container\"><div class=\"shoptimizer-plp-image-wrapper\"><img decoding=\"async\" width=\"728\" height=\"728\" src=\"https:\/\/kwiaciarniaklara.pl\/wp-content\/uploads\/2025\/04\/bukiet-indian-summer_photo002-728x728.webp\" class=\"attachment-woocommerce_thumbnail size-woocommerce_thumbnail\" alt=\"Okr\u0105g\u0142y bukiet z Kwiaciarni Klara, z pomara\u0144czowych r\u00f3\u017c, margaretek i go\u017adzik\u00f3w, ozdobiony pastelowymi dodatkami oraz papierem w kolorze z\u0142otym i szaro-zielonym.\" srcset=\"https:\/\/kwiaciarniaklara.pl\/wp-content\/uploads\/2025\/04\/bukiet-indian-summer_photo002-728x728.webp 728w, https:\/\/kwiaciarniaklara.pl\/wp-content\/uploads\/2025\/04\/bukiet-indian-summer_photo002-300x300.webp 300w, https:\/\/kwiaciarniaklara.pl\/wp-content\/uploads\/2025\/04\/bukiet-indian-summer_photo002-1024x1024.webp 1024w, https:\/\/kwiaciarniaklara.pl\/wp-content\/uploads\/2025\/04\/bukiet-indian-summer_photo002-150x150.webp 150w, https:\/\/kwiaciarniaklara.pl\/wp-content\/uploads\/2025\/04\/bukiet-indian-summer_photo002-768x768.webp 768w, https:\/\/kwiaciarniaklara.pl\/wp-content\/uploads\/2025\/04\/bukiet-indian-summer_photo002-990x990.webp 990w, https:\/\/kwiaciarniaklara.pl\/wp-content\/uploads\/2025\/04\/bukiet-indian-summer_photo002-441x441.webp 441w, https:\/\/kwiaciarniaklara.pl\/wp-content\/uploads\/2025\/04\/bukiet-indian-summer_photo002.webp 1080w\" sizes=\"(max-width: 360px) 147px, (max-width: 728px) 100vw, 728px\" \/><img decoding=\"async\" width=\"728\" height=\"728\" src=\"https:\/\/kwiaciarniaklara.pl\/wp-content\/uploads\/2025\/04\/bukiet-indian-summer_photo001-728x728.webp\" class=\"gallery-image\" alt=\"Okr\u0105g\u0142y bukiet z Kwiaciarni Klara, z pomara\u0144czowych r\u00f3\u017c, margaretek i go\u017adzik\u00f3w, ozdobiony pastelowymi dodatkami oraz papierem w kolorze z\u0142otym i szaro-zielonym.\" loading=\"lazy\" srcset=\"https:\/\/kwiaciarniaklara.pl\/wp-content\/uploads\/2025\/04\/bukiet-indian-summer_photo001-728x728.webp 728w, https:\/\/kwiaciarniaklara.pl\/wp-content\/uploads\/2025\/04\/bukiet-indian-summer_photo001-300x300.webp 300w, https:\/\/kwiaciarniaklara.pl\/wp-content\/uploads\/2025\/04\/bukiet-indian-summer_photo001-1024x1024.webp 1024w, https:\/\/kwiaciarniaklara.pl\/wp-content\/uploads\/2025\/04\/bukiet-indian-summer_photo001-150x150.webp 150w, https:\/\/kwiaciarniaklara.pl\/wp-content\/uploads\/2025\/04\/bukiet-indian-summer_photo001-768x768.webp 768w, https:\/\/kwiaciarniaklara.pl\/wp-content\/uploads\/2025\/04\/bukiet-indian-summer_photo001-990x990.webp 990w, https:\/\/kwiaciarniaklara.pl\/wp-content\/uploads\/2025\/04\/bukiet-indian-summer_photo001-441x441.webp 441w, https:\/\/kwiaciarniaklara.pl\/wp-content\/uploads\/2025\/04\/bukiet-indian-summer_photo001.webp 1080w\" sizes=\"auto, (max-width: 360px) 147px, auto, (max-width: 728px) 100vw, 728px\" \/>\t\t\t\n\t\t\t\t\n\t<\/div><\/div><\/a><\/div><\/div><div class=\"woocommerce-card__header\">\t\t\t\t\t<p class=\"product__categories\"><a href=\"https:\/\/kwiaciarniaklara.pl\/index.php\/kategoria-produktu\/bukiety\/wielokwiatowe\/\" rel=\"tag\">Bukiety wielokwiatowe<\/a><\/p>\t\t\t\t<div class=\"woocommerce-loop-product__title\"><a tabindex=\"0\" href=\"https:\/\/kwiaciarniaklara.pl\/index.php\/produkt\/bukiet-indian-summer\/\" aria-label=\"Bukiet &#8222;Indian Summer&#8221;\" class=\"woocommerce-LoopProduct-link woocommerce-loop-product__link\">Bukiet &#8222;Indian Summer&#8221;<\/a><\/div><div class=\"cgkit-as-variation-price\">\n\t<span class=\"price\"><span class=\"woocommerce-Price-amount amount\"><bdi>170,00&nbsp;<span class=\"woocommerce-Price-currencySymbol\">&#122;&#322;<\/span><\/bdi><\/span><\/span>\n<\/div><\/a><a href=\"\/index.php\/wp-json\/wp\/v2\/pages\/7341?add-to-cart=9050\" aria-describedby=\"woocommerce_loop_add_to_cart_link_describedby_9050\" data-quantity=\"1\" class=\"button product_type_simple add_to_cart_button ajax_add_to_cart\" data-product_id=\"9050\" data-product_sku=\"bukiet-indian-summer\" aria-label=\"Dodaj do koszyka: &bdquo;Bukiet &quot;Indian Summer&quot;&rdquo;\" rel=\"nofollow\" data-success_message=\"&ldquo;Bukiet &quot;Indian Summer&quot;&rdquo; zosta\u0142 dodany do twojego koszyka\" role=\"button\">Dodaj do koszyka<\/a>\t<span id=\"woocommerce_loop_add_to_cart_link_describedby_9050\" class=\"screen-reader-text\">\n\t\t\t<\/span>\n<\/div><\/li>\n<li class=\"product type-product post-8025 status-publish instock product_cat-kosze-kwiatowe product_tag-milosc product_tag-premium product_tag-urodziny product_tag-walentynki has-post-thumbnail shipping-taxable purchasable product-type-simple\">\n\t<div class=\"commercekit-wishlist mini\" data-product-id=\"8025\"><a href=\"#\" class=\"commercekit-save-wishlist\" data-product-id=\"8025\" data-type=\"list\" title=\"Lista \u017cycze\u0144\" aria-label=\"Lista \u017cycze\u0144\"><em class=\"cg-wishlist\"><\/em><span><\/span><\/a><\/div><a href=\"https:\/\/kwiaciarniaklara.pl\/index.php\/produkt\/kosz-dla-niej-z-miloscia\/\" class=\"woocommerce-LoopProduct-link woocommerce-loop-product__link\"><div class=\"woocommerce-image__wrapper\"><div class=\"woocommerce-image__wrapper\"><a href=\"https:\/\/kwiaciarniaklara.pl\/index.php\/produkt\/kosz-dla-niej-z-miloscia\/\" title=\"Kosz &#8222;Dla Niej z mi\u0142o\u015bci\u0105&#8221;\" class=\"woocommerce-LoopProduct-link woocommerce-loop-product__link\"><div class=\"shoptimizer-plp-carousel-container\"><div class=\"shoptimizer-plp-image-wrapper\"><img decoding=\"async\" width=\"728\" height=\"728\" src=\"https:\/\/kwiaciarniaklara.pl\/wp-content\/uploads\/2025\/02\/kosz-serce-01-728x728.webp\" class=\"attachment-woocommerce_thumbnail size-woocommerce_thumbnail\" alt=\"Kosz czerwonych r\u00f3\u017c u\u0142o\u017cony w kszta\u0142t serca, otoczona l\u015bni\u0105cymi zielonymi li\u015b\u0107mi.\" srcset=\"https:\/\/kwiaciarniaklara.pl\/wp-content\/uploads\/2025\/02\/kosz-serce-01-728x728.webp 728w, https:\/\/kwiaciarniaklara.pl\/wp-content\/uploads\/2025\/02\/kosz-serce-01-150x150.webp 150w, https:\/\/kwiaciarniaklara.pl\/wp-content\/uploads\/2025\/02\/kosz-serce-01-64x64.webp 64w, https:\/\/kwiaciarniaklara.pl\/wp-content\/uploads\/2025\/02\/kosz-serce-01-300x300.webp 300w, https:\/\/kwiaciarniaklara.pl\/wp-content\/uploads\/2025\/02\/kosz-serce-01-1024x1024.webp 1024w, https:\/\/kwiaciarniaklara.pl\/wp-content\/uploads\/2025\/02\/kosz-serce-01-768x768.webp 768w, https:\/\/kwiaciarniaklara.pl\/wp-content\/uploads\/2025\/02\/kosz-serce-01-990x990.webp 990w, https:\/\/kwiaciarniaklara.pl\/wp-content\/uploads\/2025\/02\/kosz-serce-01-441x441.webp 441w, https:\/\/kwiaciarniaklara.pl\/wp-content\/uploads\/2025\/02\/kosz-serce-01.webp 1080w\" sizes=\"(max-width: 360px) 147px, (max-width: 728px) 100vw, 728px\" \/><img decoding=\"async\" width=\"728\" height=\"728\" src=\"https:\/\/kwiaciarniaklara.pl\/wp-content\/uploads\/2025\/02\/kosz-serce-02-728x728.webp\" class=\"gallery-image\" alt=\"Kosz czerwonych r\u00f3\u017c u\u0142o\u017cony w kszta\u0142t serca, otoczona l\u015bni\u0105cymi zielonymi li\u015b\u0107mi.\" loading=\"lazy\" srcset=\"https:\/\/kwiaciarniaklara.pl\/wp-content\/uploads\/2025\/02\/kosz-serce-02-728x728.webp 728w, https:\/\/kwiaciarniaklara.pl\/wp-content\/uploads\/2025\/02\/kosz-serce-02-150x150.webp 150w, https:\/\/kwiaciarniaklara.pl\/wp-content\/uploads\/2025\/02\/kosz-serce-02-64x64.webp 64w, https:\/\/kwiaciarniaklara.pl\/wp-content\/uploads\/2025\/02\/kosz-serce-02-300x300.webp 300w, https:\/\/kwiaciarniaklara.pl\/wp-content\/uploads\/2025\/02\/kosz-serce-02-1024x1024.webp 1024w, https:\/\/kwiaciarniaklara.pl\/wp-content\/uploads\/2025\/02\/kosz-serce-02-768x768.webp 768w, https:\/\/kwiaciarniaklara.pl\/wp-content\/uploads\/2025\/02\/kosz-serce-02-990x990.webp 990w, https:\/\/kwiaciarniaklara.pl\/wp-content\/uploads\/2025\/02\/kosz-serce-02-441x441.webp 441w, https:\/\/kwiaciarniaklara.pl\/wp-content\/uploads\/2025\/02\/kosz-serce-02.webp 1080w\" sizes=\"auto, (max-width: 360px) 147px, auto, (max-width: 728px) 100vw, 728px\" \/>\t\t\t\n\t\t\t\t\n\t<\/div><\/div><\/a><\/div><\/div><div class=\"woocommerce-card__header\">\t\t\t\t\t<p class=\"product__categories\"><a href=\"https:\/\/kwiaciarniaklara.pl\/index.php\/kategoria-produktu\/kompozycje-kwiatowe\/kosze-kwiatowe\/\" rel=\"tag\">Kosze kwiatowe<\/a><\/p>\t\t\t\t<div class=\"woocommerce-loop-product__title\"><a tabindex=\"0\" href=\"https:\/\/kwiaciarniaklara.pl\/index.php\/produkt\/kosz-dla-niej-z-miloscia\/\" aria-label=\"Kosz &#8222;Dla Niej z mi\u0142o\u015bci\u0105&#8221;\" class=\"woocommerce-LoopProduct-link woocommerce-loop-product__link\">Kosz &#8222;Dla Niej z mi\u0142o\u015bci\u0105&#8221;<\/a><\/div><div class=\"cgkit-as-variation-price\">\n\t<span class=\"price\"><span class=\"woocommerce-Price-amount amount\"><bdi>1390,00&nbsp;<span class=\"woocommerce-Price-currencySymbol\">&#122;&#322;<\/span><\/bdi><\/span><\/span>\n<\/div><\/a><a href=\"\/index.php\/wp-json\/wp\/v2\/pages\/7341?add-to-cart=8025\" aria-describedby=\"woocommerce_loop_add_to_cart_link_describedby_8025\" data-quantity=\"1\" class=\"button product_type_simple add_to_cart_button ajax_add_to_cart\" data-product_id=\"8025\" data-product_sku=\"kosz-dla-niej-z-miloscia\" aria-label=\"Dodaj do koszyka: &bdquo;Kosz &quot;Dla Niej z mi\u0142o\u015bci\u0105&quot;&rdquo;\" rel=\"nofollow\" data-success_message=\"&ldquo;Kosz &quot;Dla Niej z mi\u0142o\u015bci\u0105&quot;&rdquo; zosta\u0142 dodany do twojego koszyka\" role=\"button\">Dodaj do koszyka<\/a>\t<span id=\"woocommerce_loop_add_to_cart_link_describedby_8025\" class=\"screen-reader-text\">\n\t\t\t<\/span>\n<\/div><\/li>\n<li class=\"product type-product post-9042 status-publish instock product_cat-kosze-kwiatowe product_tag-dzien-matki product_tag-milosc product_tag-podziekowanie product_tag-urodziny has-post-thumbnail shipping-taxable purchasable product-type-simple\">\n\t<div class=\"commercekit-wishlist mini\" data-product-id=\"9042\"><a href=\"#\" class=\"commercekit-save-wishlist\" data-product-id=\"9042\" data-type=\"list\" title=\"Lista \u017cycze\u0144\" aria-label=\"Lista \u017cycze\u0144\"><em class=\"cg-wishlist\"><\/em><span><\/span><\/a><\/div><a href=\"https:\/\/kwiaciarniaklara.pl\/index.php\/produkt\/kosz-zielona-harmonia\/\" class=\"woocommerce-LoopProduct-link woocommerce-loop-product__link\"><div class=\"woocommerce-image__wrapper\"><div class=\"woocommerce-image__wrapper\"><a href=\"https:\/\/kwiaciarniaklara.pl\/index.php\/produkt\/kosz-zielona-harmonia\/\" title=\"Kosz &#8222;Zielona Harmonia&#8221;\" class=\"woocommerce-LoopProduct-link woocommerce-loop-product__link\"><div class=\"shoptimizer-plp-carousel-container\"><div class=\"shoptimizer-plp-image-wrapper\"><img decoding=\"async\" width=\"728\" height=\"728\" src=\"https:\/\/kwiaciarniaklara.pl\/wp-content\/uploads\/2025\/04\/kosz-harmonia-zieleni_photo001-728x728.webp\" class=\"attachment-woocommerce_thumbnail size-woocommerce_thumbnail\" alt=\"Kosz z Kwiaciarni Klara, pe\u0142en czerwonych r\u00f3\u017c, bia\u0142ej eustomy i czerwono-pomara\u0144czowych alstroemerii, ozdobiony zielonymi li\u015b\u0107mi selloum, stoj\u0105cy w wiklinowym koszu.\" srcset=\"https:\/\/kwiaciarniaklara.pl\/wp-content\/uploads\/2025\/04\/kosz-harmonia-zieleni_photo001-728x728.webp 728w, https:\/\/kwiaciarniaklara.pl\/wp-content\/uploads\/2025\/04\/kosz-harmonia-zieleni_photo001-300x300.webp 300w, https:\/\/kwiaciarniaklara.pl\/wp-content\/uploads\/2025\/04\/kosz-harmonia-zieleni_photo001-1024x1024.webp 1024w, https:\/\/kwiaciarniaklara.pl\/wp-content\/uploads\/2025\/04\/kosz-harmonia-zieleni_photo001-150x150.webp 150w, https:\/\/kwiaciarniaklara.pl\/wp-content\/uploads\/2025\/04\/kosz-harmonia-zieleni_photo001-768x768.webp 768w, https:\/\/kwiaciarniaklara.pl\/wp-content\/uploads\/2025\/04\/kosz-harmonia-zieleni_photo001-990x990.webp 990w, https:\/\/kwiaciarniaklara.pl\/wp-content\/uploads\/2025\/04\/kosz-harmonia-zieleni_photo001-441x441.webp 441w, https:\/\/kwiaciarniaklara.pl\/wp-content\/uploads\/2025\/04\/kosz-harmonia-zieleni_photo001.webp 1080w\" sizes=\"(max-width: 360px) 147px, (max-width: 728px) 100vw, 728px\" \/><img decoding=\"async\" width=\"728\" height=\"728\" src=\"https:\/\/kwiaciarniaklara.pl\/wp-content\/uploads\/2025\/04\/kosz-harmonia-zieleni_photo004-728x728.webp\" class=\"gallery-image\" alt=\"Kosz z Kwiaciarni Klara, pe\u0142en czerwonych r\u00f3\u017c, bia\u0142ej eustomy i czerwono-pomara\u0144czowych alstroemerii, ozdobiony zielonymi li\u015b\u0107mi selloum, stoj\u0105cy w wiklinowym koszu.\" loading=\"lazy\" srcset=\"https:\/\/kwiaciarniaklara.pl\/wp-content\/uploads\/2025\/04\/kosz-harmonia-zieleni_photo004-728x728.webp 728w, https:\/\/kwiaciarniaklara.pl\/wp-content\/uploads\/2025\/04\/kosz-harmonia-zieleni_photo004-300x300.webp 300w, https:\/\/kwiaciarniaklara.pl\/wp-content\/uploads\/2025\/04\/kosz-harmonia-zieleni_photo004-1024x1024.webp 1024w, https:\/\/kwiaciarniaklara.pl\/wp-content\/uploads\/2025\/04\/kosz-harmonia-zieleni_photo004-150x150.webp 150w, https:\/\/kwiaciarniaklara.pl\/wp-content\/uploads\/2025\/04\/kosz-harmonia-zieleni_photo004-768x768.webp 768w, https:\/\/kwiaciarniaklara.pl\/wp-content\/uploads\/2025\/04\/kosz-harmonia-zieleni_photo004-990x990.webp 990w, https:\/\/kwiaciarniaklara.pl\/wp-content\/uploads\/2025\/04\/kosz-harmonia-zieleni_photo004-441x441.webp 441w, https:\/\/kwiaciarniaklara.pl\/wp-content\/uploads\/2025\/04\/kosz-harmonia-zieleni_photo004.webp 1080w\" sizes=\"auto, (max-width: 360px) 147px, auto, (max-width: 728px) 100vw, 728px\" \/>\t\t\t\n\t\t\t\t\n\t<\/div><\/div><\/a><\/div><\/div><div class=\"woocommerce-card__header\">\t\t\t\t\t<p class=\"product__categories\"><a href=\"https:\/\/kwiaciarniaklara.pl\/index.php\/kategoria-produktu\/kompozycje-kwiatowe\/kosze-kwiatowe\/\" rel=\"tag\">Kosze kwiatowe<\/a><\/p>\t\t\t\t<div class=\"woocommerce-loop-product__title\"><a tabindex=\"0\" href=\"https:\/\/kwiaciarniaklara.pl\/index.php\/produkt\/kosz-zielona-harmonia\/\" aria-label=\"Kosz &#8222;Zielona Harmonia&#8221;\" class=\"woocommerce-LoopProduct-link woocommerce-loop-product__link\">Kosz &#8222;Zielona Harmonia&#8221;<\/a><\/div><div class=\"cgkit-as-variation-price\">\n\t<span class=\"price\"><span class=\"woocommerce-Price-amount amount\"><bdi>700,00&nbsp;<span class=\"woocommerce-Price-currencySymbol\">&#122;&#322;<\/span><\/bdi><\/span><\/span>\n<\/div><\/a><a href=\"\/index.php\/wp-json\/wp\/v2\/pages\/7341?add-to-cart=9042\" aria-describedby=\"woocommerce_loop_add_to_cart_link_describedby_9042\" data-quantity=\"1\" class=\"button product_type_simple add_to_cart_button ajax_add_to_cart\" data-product_id=\"9042\" data-product_sku=\"kosz-zielona-harmonia\" aria-label=\"Dodaj do koszyka: &bdquo;Kosz &quot;Zielona Harmonia&quot;&rdquo;\" rel=\"nofollow\" data-success_message=\"&ldquo;Kosz &quot;Zielona Harmonia&quot;&rdquo; zosta\u0142 dodany do twojego koszyka\" role=\"button\">Dodaj do koszyka<\/a>\t<span id=\"woocommerce_loop_add_to_cart_link_describedby_9042\" class=\"screen-reader-text\">\n\t\t\t<\/span>\n<\/div><\/li>\n<li class=\"product type-product post-667 status-publish last instock product_cat-mono-kwiatowe product_tag-milosc product_tag-premium product_tag-rocznica-slubu product_tag-urodziny product_tag-walentynki has-post-thumbnail shipping-taxable purchasable product-type-simple\">\n\t<div class=\"commercekit-wishlist mini\" data-product-id=\"667\"><a href=\"#\" class=\"commercekit-save-wishlist\" data-product-id=\"667\" data-type=\"list\" title=\"Lista \u017cycze\u0144\" aria-label=\"Lista \u017cycze\u0144\"><em class=\"cg-wishlist\"><\/em><span><\/span><\/a><\/div><a href=\"https:\/\/kwiaciarniaklara.pl\/index.php\/produkt\/bukiet-podziekowanie\/\" class=\"woocommerce-LoopProduct-link woocommerce-loop-product__link\"><div class=\"woocommerce-image__wrapper\"><div class=\"woocommerce-image__wrapper\"><a href=\"https:\/\/kwiaciarniaklara.pl\/index.php\/produkt\/bukiet-podziekowanie\/\" title=\"Bukiet &#8222;Podzi\u0119kowanie&#8221;\" class=\"woocommerce-LoopProduct-link woocommerce-loop-product__link\"><div class=\"shoptimizer-plp-carousel-container\"><div class=\"shoptimizer-plp-image-wrapper\"><img decoding=\"async\" width=\"728\" height=\"728\" src=\"https:\/\/kwiaciarniaklara.pl\/wp-content\/uploads\/2018\/05\/monobukiet-podziekowanie-foto01-728x728.webp\" class=\"attachment-woocommerce_thumbnail size-woocommerce_thumbnail\" alt=\"Pi\u0119kna, naturalna wi\u0105zanka z eleganckich d\u0142ugich, czerwonych r\u00f3\u017c, wykonany w Kwiaciarni Klara Ole\u015bnica.\" srcset=\"https:\/\/kwiaciarniaklara.pl\/wp-content\/uploads\/2018\/05\/monobukiet-podziekowanie-foto01-728x728.webp 728w, https:\/\/kwiaciarniaklara.pl\/wp-content\/uploads\/2018\/05\/monobukiet-podziekowanie-foto01-150x150.webp 150w, https:\/\/kwiaciarniaklara.pl\/wp-content\/uploads\/2018\/05\/monobukiet-podziekowanie-foto01-64x64.webp 64w, https:\/\/kwiaciarniaklara.pl\/wp-content\/uploads\/2018\/05\/monobukiet-podziekowanie-foto01-300x300.webp 300w, https:\/\/kwiaciarniaklara.pl\/wp-content\/uploads\/2018\/05\/monobukiet-podziekowanie-foto01-1024x1024.webp 1024w, https:\/\/kwiaciarniaklara.pl\/wp-content\/uploads\/2018\/05\/monobukiet-podziekowanie-foto01-768x768.webp 768w, https:\/\/kwiaciarniaklara.pl\/wp-content\/uploads\/2018\/05\/monobukiet-podziekowanie-foto01-990x990.webp 990w, https:\/\/kwiaciarniaklara.pl\/wp-content\/uploads\/2018\/05\/monobukiet-podziekowanie-foto01-441x441.webp 441w, https:\/\/kwiaciarniaklara.pl\/wp-content\/uploads\/2018\/05\/monobukiet-podziekowanie-foto01.webp 1080w\" sizes=\"(max-width: 360px) 147px, (max-width: 728px) 100vw, 728px\" \/><img decoding=\"async\" width=\"728\" height=\"728\" src=\"https:\/\/kwiaciarniaklara.pl\/wp-content\/uploads\/2018\/05\/monobukiet-podziekowanie-foto02-728x728.webp\" class=\"gallery-image\" alt=\"Pi\u0119kna, naturalna wi\u0105zanka z eleganckich d\u0142ugich, czerwonych r\u00f3\u017c, wykonany w Kwiaciarni Klara Ole\u015bnica.\" loading=\"lazy\" srcset=\"https:\/\/kwiaciarniaklara.pl\/wp-content\/uploads\/2018\/05\/monobukiet-podziekowanie-foto02-728x729.webp 728w, https:\/\/kwiaciarniaklara.pl\/wp-content\/uploads\/2018\/05\/monobukiet-podziekowanie-foto02-150x150.webp 150w, https:\/\/kwiaciarniaklara.pl\/wp-content\/uploads\/2018\/05\/monobukiet-podziekowanie-foto02-64x64.webp 64w, https:\/\/kwiaciarniaklara.pl\/wp-content\/uploads\/2018\/05\/monobukiet-podziekowanie-foto02-300x300.webp 300w, https:\/\/kwiaciarniaklara.pl\/wp-content\/uploads\/2018\/05\/monobukiet-podziekowanie-foto02-1024x1024.webp 1024w, https:\/\/kwiaciarniaklara.pl\/wp-content\/uploads\/2018\/05\/monobukiet-podziekowanie-foto02-768x769.webp 768w, https:\/\/kwiaciarniaklara.pl\/wp-content\/uploads\/2018\/05\/monobukiet-podziekowanie-foto02-990x991.webp 990w, https:\/\/kwiaciarniaklara.pl\/wp-content\/uploads\/2018\/05\/monobukiet-podziekowanie-foto02-441x441.webp 441w, https:\/\/kwiaciarniaklara.pl\/wp-content\/uploads\/2018\/05\/monobukiet-podziekowanie-foto02.webp 1080w\" sizes=\"auto, (max-width: 360px) 147px, auto, (max-width: 728px) 100vw, 728px\" \/>\t\t\t\n\t\t\t\t\n\t<\/div><\/div><\/a><\/div><\/div><div class=\"woocommerce-card__header\">\t\t\t\t\t<p class=\"product__categories\"><a href=\"https:\/\/kwiaciarniaklara.pl\/index.php\/kategoria-produktu\/bukiety\/mono-kwiatowe\/\" rel=\"tag\">Mono bukiety<\/a><\/p>\t\t\t\t<div class=\"woocommerce-loop-product__title\"><a tabindex=\"0\" href=\"https:\/\/kwiaciarniaklara.pl\/index.php\/produkt\/bukiet-podziekowanie\/\" aria-label=\"Bukiet &#8222;Podzi\u0119kowanie&#8221;\" class=\"woocommerce-LoopProduct-link woocommerce-loop-product__link\">Bukiet &#8222;Podzi\u0119kowanie&#8221;<\/a><\/div><div class=\"cgkit-as-variation-price\">\n\t<span class=\"price\"><span class=\"woocommerce-Price-amount amount\"><bdi>850,00&nbsp;<span class=\"woocommerce-Price-currencySymbol\">&#122;&#322;<\/span><\/bdi><\/span><\/span>\n<\/div><\/a><a href=\"\/index.php\/wp-json\/wp\/v2\/pages\/7341?add-to-cart=667\" aria-describedby=\"woocommerce_loop_add_to_cart_link_describedby_667\" data-quantity=\"1\" class=\"button product_type_simple add_to_cart_button ajax_add_to_cart\" data-product_id=\"667\" data-product_sku=\"monobukiet-podziekowanie\" aria-label=\"Dodaj do koszyka: &bdquo;Bukiet &quot;Podzi\u0119kowanie&quot;&rdquo;\" rel=\"nofollow\" data-success_message=\"&ldquo;Bukiet &quot;Podzi\u0119kowanie&quot;&rdquo; zosta\u0142 dodany do twojego koszyka\" role=\"button\">Dodaj do koszyka<\/a>\t<span id=\"woocommerce_loop_add_to_cart_link_describedby_667\" class=\"screen-reader-text\">\n\t\t\t<\/span>\n<\/div><\/li>\n<li class=\"product type-product post-8912 status-publish first instock product_cat-mono-kwiatowe product_tag-gratulacje product_tag-imieniny product_tag-urodziny has-post-thumbnail shipping-taxable purchasable product-type-simple\">\n\t<div class=\"commercekit-wishlist mini\" data-product-id=\"8912\"><a href=\"#\" class=\"commercekit-save-wishlist\" data-product-id=\"8912\" data-type=\"list\" title=\"Lista \u017cycze\u0144\" aria-label=\"Lista \u017cycze\u0144\"><em class=\"cg-wishlist\"><\/em><span><\/span><\/a><\/div><a href=\"https:\/\/kwiaciarniaklara.pl\/index.php\/produkt\/bukiet-dawnych-wspomnien-czar\/\" class=\"woocommerce-LoopProduct-link woocommerce-loop-product__link\"><div class=\"woocommerce-image__wrapper\"><div class=\"woocommerce-image__wrapper\"><a href=\"https:\/\/kwiaciarniaklara.pl\/index.php\/produkt\/bukiet-dawnych-wspomnien-czar\/\" title=\"Bukiet &#8222;Dawnych wspomnie\u0144 czar&#8221;\" class=\"woocommerce-LoopProduct-link woocommerce-loop-product__link\"><div class=\"shoptimizer-plp-carousel-container\"><div class=\"shoptimizer-plp-image-wrapper\"><img decoding=\"async\" width=\"728\" height=\"728\" src=\"https:\/\/kwiaciarniaklara.pl\/wp-content\/uploads\/2025\/03\/bukiet-dwanych-wspomnien-czar-wiosna_photo003-728x728.webp\" class=\"attachment-woocommerce_thumbnail size-woocommerce_thumbnail\" alt=\"Wi\u0105zanka z eustomy, gips\u00f3wki i eukaliptusa w retro stylu, ozdobiona bibu\u0142\u0105 przypominaj\u0105c\u0105 stare gazety i fioletow\u0105 kokard\u0105 \u2013 wyj\u0105tkowa i elegancka kompozycja.\" srcset=\"https:\/\/kwiaciarniaklara.pl\/wp-content\/uploads\/2025\/03\/bukiet-dwanych-wspomnien-czar-wiosna_photo003-728x728.webp 728w, https:\/\/kwiaciarniaklara.pl\/wp-content\/uploads\/2025\/03\/bukiet-dwanych-wspomnien-czar-wiosna_photo003-300x300.webp 300w, https:\/\/kwiaciarniaklara.pl\/wp-content\/uploads\/2025\/03\/bukiet-dwanych-wspomnien-czar-wiosna_photo003-1024x1024.webp 1024w, https:\/\/kwiaciarniaklara.pl\/wp-content\/uploads\/2025\/03\/bukiet-dwanych-wspomnien-czar-wiosna_photo003-150x150.webp 150w, https:\/\/kwiaciarniaklara.pl\/wp-content\/uploads\/2025\/03\/bukiet-dwanych-wspomnien-czar-wiosna_photo003-768x768.webp 768w, https:\/\/kwiaciarniaklara.pl\/wp-content\/uploads\/2025\/03\/bukiet-dwanych-wspomnien-czar-wiosna_photo003-990x990.webp 990w, https:\/\/kwiaciarniaklara.pl\/wp-content\/uploads\/2025\/03\/bukiet-dwanych-wspomnien-czar-wiosna_photo003-441x441.webp 441w, https:\/\/kwiaciarniaklara.pl\/wp-content\/uploads\/2025\/03\/bukiet-dwanych-wspomnien-czar-wiosna_photo003-64x64.webp 64w, https:\/\/kwiaciarniaklara.pl\/wp-content\/uploads\/2025\/03\/bukiet-dwanych-wspomnien-czar-wiosna_photo003.webp 1080w\" sizes=\"(max-width: 360px) 147px, (max-width: 728px) 100vw, 728px\" \/><img decoding=\"async\" width=\"728\" height=\"728\" src=\"https:\/\/kwiaciarniaklara.pl\/wp-content\/uploads\/2025\/03\/bukiet-dwanych-wspomnien-czar_photo001-728x728.webp\" class=\"gallery-image\" alt=\"Wi\u0105zanka z eustomy, gips\u00f3wki i eukaliptusa w retro stylu, ozdobiona bibu\u0142\u0105 przypominaj\u0105c\u0105 stare gazety i fioletow\u0105 kokard\u0105 \u2013 wyj\u0105tkowa i elegancka kompozycja.\" loading=\"lazy\" srcset=\"https:\/\/kwiaciarniaklara.pl\/wp-content\/uploads\/2025\/03\/bukiet-dwanych-wspomnien-czar_photo001-728x728.webp 728w, https:\/\/kwiaciarniaklara.pl\/wp-content\/uploads\/2025\/03\/bukiet-dwanych-wspomnien-czar_photo001-300x300.webp 300w, https:\/\/kwiaciarniaklara.pl\/wp-content\/uploads\/2025\/03\/bukiet-dwanych-wspomnien-czar_photo001-1024x1024.webp 1024w, https:\/\/kwiaciarniaklara.pl\/wp-content\/uploads\/2025\/03\/bukiet-dwanych-wspomnien-czar_photo001-150x150.webp 150w, https:\/\/kwiaciarniaklara.pl\/wp-content\/uploads\/2025\/03\/bukiet-dwanych-wspomnien-czar_photo001-768x768.webp 768w, https:\/\/kwiaciarniaklara.pl\/wp-content\/uploads\/2025\/03\/bukiet-dwanych-wspomnien-czar_photo001-990x990.webp 990w, https:\/\/kwiaciarniaklara.pl\/wp-content\/uploads\/2025\/03\/bukiet-dwanych-wspomnien-czar_photo001-441x441.webp 441w, https:\/\/kwiaciarniaklara.pl\/wp-content\/uploads\/2025\/03\/bukiet-dwanych-wspomnien-czar_photo001-64x64.webp 64w, https:\/\/kwiaciarniaklara.pl\/wp-content\/uploads\/2025\/03\/bukiet-dwanych-wspomnien-czar_photo001.webp 1080w\" sizes=\"auto, (max-width: 360px) 147px, auto, (max-width: 728px) 100vw, 728px\" \/>\t\t\t\n\t\t\t\t\n\t<\/div><\/div><\/a><\/div><\/div><div class=\"woocommerce-card__header\">\t\t\t\t\t<p class=\"product__categories\"><a href=\"https:\/\/kwiaciarniaklara.pl\/index.php\/kategoria-produktu\/bukiety\/mono-kwiatowe\/\" rel=\"tag\">Mono bukiety<\/a><\/p>\t\t\t\t<div class=\"woocommerce-loop-product__title\"><a tabindex=\"0\" href=\"https:\/\/kwiaciarniaklara.pl\/index.php\/produkt\/bukiet-dawnych-wspomnien-czar\/\" aria-label=\"Bukiet &#8222;Dawnych wspomnie\u0144 czar&#8221;\" class=\"woocommerce-LoopProduct-link woocommerce-loop-product__link\">Bukiet &#8222;Dawnych wspomnie\u0144 czar&#8221;<\/a><\/div><div class=\"cgkit-as-variation-price\">\n\t<span class=\"price\"><span class=\"woocommerce-Price-amount amount\"><bdi>250,00&nbsp;<span class=\"woocommerce-Price-currencySymbol\">&#122;&#322;<\/span><\/bdi><\/span><\/span>\n<\/div><\/a><a href=\"\/index.php\/wp-json\/wp\/v2\/pages\/7341?add-to-cart=8912\" aria-describedby=\"woocommerce_loop_add_to_cart_link_describedby_8912\" data-quantity=\"1\" class=\"button product_type_simple add_to_cart_button ajax_add_to_cart\" data-product_id=\"8912\" data-product_sku=\"monobukiet-dawnych-wspomnien-czar\" aria-label=\"Dodaj do koszyka: &bdquo;Bukiet &quot;Dawnych wspomnie\u0144 czar&quot;&rdquo;\" rel=\"nofollow\" data-success_message=\"&ldquo;Bukiet &quot;Dawnych wspomnie\u0144 czar&quot;&rdquo; zosta\u0142 dodany do twojego koszyka\" role=\"button\">Dodaj do koszyka<\/a>\t<span id=\"woocommerce_loop_add_to_cart_link_describedby_8912\" class=\"screen-reader-text\">\n\t\t\t<\/span>\n<\/div><\/li>\n<li class=\"product type-product post-8999 status-publish instock product_cat-wianki-i-serca product_tag-pogrzeb has-post-thumbnail shipping-taxable purchasable product-type-variable\">\n\t<div class=\"commercekit-wishlist mini\" data-product-id=\"8999\"><a href=\"#\" class=\"commercekit-save-wishlist\" data-product-id=\"8999\" data-type=\"list\" title=\"Lista \u017cycze\u0144\" aria-label=\"Lista \u017cycze\u0144\"><em class=\"cg-wishlist\"><\/em><span><\/span><\/a><\/div><a href=\"https:\/\/kwiaciarniaklara.pl\/index.php\/produkt\/wianek-pogrzebowy-z-roz\/\" class=\"woocommerce-LoopProduct-link woocommerce-loop-product__link\"><div class=\"woocommerce-image__wrapper\"><div class=\"woocommerce-image__wrapper\"><a href=\"https:\/\/kwiaciarniaklara.pl\/index.php\/produkt\/wianek-pogrzebowy-z-roz\/\" title=\"Wianek pogrzebowy z r\u00f3\u017c\" class=\"woocommerce-LoopProduct-link woocommerce-loop-product__link\"><div class=\"shoptimizer-plp-carousel-container\"><div class=\"shoptimizer-plp-image-wrapper\"><img decoding=\"async\" width=\"728\" height=\"728\" src=\"https:\/\/kwiaciarniaklara.pl\/wp-content\/uploads\/2025\/04\/wianek-pogrzebowy-z-roz-wiosna_photo001-728x728.webp\" class=\"attachment-woocommerce_thumbnail size-woocommerce_thumbnail\" alt=\"Le\u017c\u0105cy wianek z \u017cywej tuji, ozdobiony bia\u0142ymi i czerwonymi sztucznymi r\u00f3\u017cami oraz zielonymi li\u015b\u0107mi paproci \u2013 dekoracja na p\u0142yt\u0119 nagrobn\u0105.\" srcset=\"https:\/\/kwiaciarniaklara.pl\/wp-content\/uploads\/2025\/04\/wianek-pogrzebowy-z-roz-wiosna_photo001-728x728.webp 728w, https:\/\/kwiaciarniaklara.pl\/wp-content\/uploads\/2025\/04\/wianek-pogrzebowy-z-roz-wiosna_photo001-300x300.webp 300w, https:\/\/kwiaciarniaklara.pl\/wp-content\/uploads\/2025\/04\/wianek-pogrzebowy-z-roz-wiosna_photo001-1024x1024.webp 1024w, https:\/\/kwiaciarniaklara.pl\/wp-content\/uploads\/2025\/04\/wianek-pogrzebowy-z-roz-wiosna_photo001-150x150.webp 150w, https:\/\/kwiaciarniaklara.pl\/wp-content\/uploads\/2025\/04\/wianek-pogrzebowy-z-roz-wiosna_photo001-768x768.webp 768w, https:\/\/kwiaciarniaklara.pl\/wp-content\/uploads\/2025\/04\/wianek-pogrzebowy-z-roz-wiosna_photo001-990x990.webp 990w, https:\/\/kwiaciarniaklara.pl\/wp-content\/uploads\/2025\/04\/wianek-pogrzebowy-z-roz-wiosna_photo001-441x441.webp 441w, https:\/\/kwiaciarniaklara.pl\/wp-content\/uploads\/2025\/04\/wianek-pogrzebowy-z-roz-wiosna_photo001.webp 1080w\" sizes=\"(max-width: 360px) 147px, (max-width: 728px) 100vw, 728px\" \/>\t\t\t\n\t\t\t\t\n\t<\/div><\/div><\/a><\/div><\/div><div class=\"woocommerce-card__header\">\t\t\t\t\t<p class=\"product__categories\"><a href=\"https:\/\/kwiaciarniaklara.pl\/index.php\/kategoria-produktu\/kompozycje-pogrzebowe\/wianki-i-serca\/\" rel=\"tag\">Wianki i serca<\/a><\/p>\t\t\t\t<div class=\"woocommerce-loop-product__title\"><a tabindex=\"0\" href=\"https:\/\/kwiaciarniaklara.pl\/index.php\/produkt\/wianek-pogrzebowy-z-roz\/\" aria-label=\"Wianek pogrzebowy z r\u00f3\u017c\" class=\"woocommerce-LoopProduct-link woocommerce-loop-product__link\">Wianek pogrzebowy z r\u00f3\u017c<\/a><\/div><div class=\"cgkit-as-variation-price\">\n\t<span class=\"price\"><span class=\"woocommerce-Price-amount amount\" aria-hidden=\"true\"><bdi>430,00&nbsp;<span class=\"woocommerce-Price-currencySymbol\">&#122;&#322;<\/span><\/bdi><\/span> <span aria-hidden=\"true\">&ndash;<\/span> <span class=\"woocommerce-Price-amount amount\" aria-hidden=\"true\"><bdi>550,00&nbsp;<span class=\"woocommerce-Price-currencySymbol\">&#122;&#322;<\/span><\/bdi><\/span><span class=\"screen-reader-text\">Zakres cen: od 430,00&nbsp;&#122;&#322; do 550,00&nbsp;&#122;&#322;<\/span><\/span>\n<\/div><\/a><a href=\"https:\/\/kwiaciarniaklara.pl\/index.php\/produkt\/wianek-pogrzebowy-z-roz\/\" aria-describedby=\"woocommerce_loop_add_to_cart_link_describedby_8999\" data-quantity=\"1\" class=\"button product_type_variable add_to_cart_button\" data-product_id=\"8999\" data-product_sku=\"\" aria-label=\"Wybierz opcje dla &bdquo;Wianek pogrzebowy z r\u00f3\u017c&rdquo;\" rel=\"nofollow\">Wybierz opcje<\/a>\t<span id=\"woocommerce_loop_add_to_cart_link_describedby_8999\" class=\"screen-reader-text\">\n\t\tTen produkt ma wiele wariant\u00f3w. Opcje mo\u017cna wybra\u0107 na stronie produktu\t<\/span>\n<\/div><\/li>\n<li class=\"product type-product post-8161 status-publish instock product_cat-flower-box product_tag-chrzest-2 product_tag-komunia-swieta product_tag-rocznica-slubu product_tag-slub has-post-thumbnail shipping-taxable purchasable product-type-simple\">\n\t<div class=\"commercekit-wishlist mini\" data-product-id=\"8161\"><a href=\"#\" class=\"commercekit-save-wishlist\" data-product-id=\"8161\" data-type=\"list\" title=\"Lista \u017cycze\u0144\" aria-label=\"Lista \u017cycze\u0144\"><em class=\"cg-wishlist\"><\/em><span><\/span><\/a><\/div><a href=\"https:\/\/kwiaciarniaklara.pl\/index.php\/produkt\/flower-box-niezapomniana-chwila\/\" class=\"woocommerce-LoopProduct-link woocommerce-loop-product__link\"><div class=\"woocommerce-image__wrapper\"><div class=\"woocommerce-image__wrapper\"><a href=\"https:\/\/kwiaciarniaklara.pl\/index.php\/produkt\/flower-box-niezapomniana-chwila\/\" title=\"Flower box &#8222;Niezapomniana chwila&#8221;\" class=\"woocommerce-LoopProduct-link woocommerce-loop-product__link\"><div class=\"shoptimizer-plp-carousel-container\"><div class=\"shoptimizer-plp-image-wrapper\"><img decoding=\"async\" width=\"728\" height=\"728\" src=\"https:\/\/kwiaciarniaklara.pl\/wp-content\/uploads\/2025\/02\/flower-box-slub03-728x728.webp\" class=\"attachment-woocommerce_thumbnail size-woocommerce_thumbnail\" alt=\"Flower box, kt\u00f3rego przepych bia\u0142ych i kremowych kwiat\u00f3w otoczonych pastelowym r\u00f3\u017cem hortensji dope\u0142niaj\u0105: ptaszki, motyle i per\u0142y. Podkre\u015blaj\u0105c rokokowy, romantyczny charakter kompozycji.\" srcset=\"https:\/\/kwiaciarniaklara.pl\/wp-content\/uploads\/2025\/02\/flower-box-slub03-728x728.webp 728w, https:\/\/kwiaciarniaklara.pl\/wp-content\/uploads\/2025\/02\/flower-box-slub03-150x150.webp 150w, https:\/\/kwiaciarniaklara.pl\/wp-content\/uploads\/2025\/02\/flower-box-slub03-64x64.webp 64w, https:\/\/kwiaciarniaklara.pl\/wp-content\/uploads\/2025\/02\/flower-box-slub03-300x300.webp 300w, https:\/\/kwiaciarniaklara.pl\/wp-content\/uploads\/2025\/02\/flower-box-slub03-1024x1024.webp 1024w, https:\/\/kwiaciarniaklara.pl\/wp-content\/uploads\/2025\/02\/flower-box-slub03-768x768.webp 768w, https:\/\/kwiaciarniaklara.pl\/wp-content\/uploads\/2025\/02\/flower-box-slub03-990x990.webp 990w, https:\/\/kwiaciarniaklara.pl\/wp-content\/uploads\/2025\/02\/flower-box-slub03-441x441.webp 441w, https:\/\/kwiaciarniaklara.pl\/wp-content\/uploads\/2025\/02\/flower-box-slub03.webp 1080w\" sizes=\"(max-width: 360px) 147px, (max-width: 728px) 100vw, 728px\" \/><img decoding=\"async\" width=\"728\" height=\"728\" src=\"https:\/\/kwiaciarniaklara.pl\/wp-content\/uploads\/2025\/02\/flower-box-slub01-728x728.webp\" class=\"gallery-image\" alt=\"Flower box, kt\u00f3rego przepych bia\u0142ych i kremowych kwiat\u00f3w otoczonych pastelowym r\u00f3\u017cem hortensji dope\u0142niaj\u0105: ptaszki, motyle i per\u0142y. Podkre\u015blaj\u0105c rokokowy, romantyczny charakter kompozycji.\" loading=\"lazy\" srcset=\"https:\/\/kwiaciarniaklara.pl\/wp-content\/uploads\/2025\/02\/flower-box-slub01-728x728.webp 728w, https:\/\/kwiaciarniaklara.pl\/wp-content\/uploads\/2025\/02\/flower-box-slub01-150x150.webp 150w, https:\/\/kwiaciarniaklara.pl\/wp-content\/uploads\/2025\/02\/flower-box-slub01-64x64.webp 64w, https:\/\/kwiaciarniaklara.pl\/wp-content\/uploads\/2025\/02\/flower-box-slub01-300x300.webp 300w, https:\/\/kwiaciarniaklara.pl\/wp-content\/uploads\/2025\/02\/flower-box-slub01-1024x1024.webp 1024w, https:\/\/kwiaciarniaklara.pl\/wp-content\/uploads\/2025\/02\/flower-box-slub01-768x768.webp 768w, https:\/\/kwiaciarniaklara.pl\/wp-content\/uploads\/2025\/02\/flower-box-slub01-990x990.webp 990w, https:\/\/kwiaciarniaklara.pl\/wp-content\/uploads\/2025\/02\/flower-box-slub01-441x441.webp 441w, https:\/\/kwiaciarniaklara.pl\/wp-content\/uploads\/2025\/02\/flower-box-slub01.webp 1080w\" sizes=\"auto, (max-width: 360px) 147px, auto, (max-width: 728px) 100vw, 728px\" \/>\t\t\t\n\t\t\t\t\n\t<\/div><\/div><\/a><\/div><\/div><div class=\"woocommerce-card__header\">\t\t\t\t\t<p class=\"product__categories\"><a href=\"https:\/\/kwiaciarniaklara.pl\/index.php\/kategoria-produktu\/kompozycje-kwiatowe\/flower-box\/\" rel=\"tag\">Flower box<\/a><\/p>\t\t\t\t<div class=\"woocommerce-loop-product__title\"><a tabindex=\"0\" href=\"https:\/\/kwiaciarniaklara.pl\/index.php\/produkt\/flower-box-niezapomniana-chwila\/\" aria-label=\"Flower box &#8222;Niezapomniana chwila&#8221;\" class=\"woocommerce-LoopProduct-link woocommerce-loop-product__link\">Flower box &#8222;Niezapomniana chwila&#8221;<\/a><\/div><div class=\"cgkit-as-variation-price\">\n\t<span class=\"price\"><span class=\"woocommerce-Price-amount amount\"><bdi>450,00&nbsp;<span class=\"woocommerce-Price-currencySymbol\">&#122;&#322;<\/span><\/bdi><\/span><\/span>\n<\/div><\/a><a href=\"\/index.php\/wp-json\/wp\/v2\/pages\/7341?add-to-cart=8161\" aria-describedby=\"woocommerce_loop_add_to_cart_link_describedby_8161\" data-quantity=\"1\" class=\"button product_type_simple add_to_cart_button ajax_add_to_cart\" data-product_id=\"8161\" data-product_sku=\"flower-box-niezapomniana-chwila\" aria-label=\"Dodaj do koszyka: &bdquo;Flower box &quot;Niezapomniana chwila&quot;&rdquo;\" rel=\"nofollow\" data-success_message=\"&ldquo;Flower box &quot;Niezapomniana chwila&quot;&rdquo; zosta\u0142 dodany do twojego koszyka\" role=\"button\">Dodaj do koszyka<\/a>\t<span id=\"woocommerce_loop_add_to_cart_link_describedby_8161\" class=\"screen-reader-text\">\n\t\t\t<\/span>\n<\/div><\/li>\n<li class=\"product type-product post-677 status-publish instock product_cat-wielokwiatowe product_tag-slub product_tag-urodziny product_tag-wiosna has-post-thumbnail shipping-taxable purchasable product-type-simple\">\n\t<div class=\"commercekit-wishlist mini\" data-product-id=\"677\"><a href=\"#\" class=\"commercekit-save-wishlist\" data-product-id=\"677\" data-type=\"list\" title=\"Lista \u017cycze\u0144\" aria-label=\"Lista \u017cycze\u0144\"><em class=\"cg-wishlist\"><\/em><span><\/span><\/a><\/div><a href=\"https:\/\/kwiaciarniaklara.pl\/index.php\/produkt\/bukiet-kwiatowa-serenada\/\" class=\"woocommerce-LoopProduct-link woocommerce-loop-product__link\"><div class=\"woocommerce-image__wrapper\"><div class=\"woocommerce-image__wrapper\"><a href=\"https:\/\/kwiaciarniaklara.pl\/index.php\/produkt\/bukiet-kwiatowa-serenada\/\" title=\"Bukiet &#8222;Kwiatowa serenada&#8221;\" class=\"woocommerce-LoopProduct-link woocommerce-loop-product__link\"><div class=\"shoptimizer-plp-carousel-container\"><div class=\"shoptimizer-plp-image-wrapper\"><img decoding=\"async\" width=\"728\" height=\"728\" src=\"https:\/\/kwiaciarniaklara.pl\/wp-content\/uploads\/2018\/05\/bukiet02-728x728.webp\" class=\"attachment-woocommerce_thumbnail size-woocommerce_thumbnail\" alt=\"Radosny bukiet pe\u0142en barw i zapach\u00f3w! R\u00f3\u017ce, go\u017adziki, lilie i narcyzy tworz\u0105 porywaj\u0105c\u0105 kompozycj\u0119, otoczon\u0105 bibu\u0142\u0105 z nutowym wzorem. Letnia harmonia kwiat\u00f3w!\" srcset=\"https:\/\/kwiaciarniaklara.pl\/wp-content\/uploads\/2018\/05\/bukiet02-728x728.webp 728w, https:\/\/kwiaciarniaklara.pl\/wp-content\/uploads\/2018\/05\/bukiet02-150x150.webp 150w, https:\/\/kwiaciarniaklara.pl\/wp-content\/uploads\/2018\/05\/bukiet02-64x64.webp 64w, https:\/\/kwiaciarniaklara.pl\/wp-content\/uploads\/2018\/05\/bukiet02-300x300.webp 300w, https:\/\/kwiaciarniaklara.pl\/wp-content\/uploads\/2018\/05\/bukiet02-1024x1024.webp 1024w, https:\/\/kwiaciarniaklara.pl\/wp-content\/uploads\/2018\/05\/bukiet02-768x768.webp 768w, https:\/\/kwiaciarniaklara.pl\/wp-content\/uploads\/2018\/05\/bukiet02-990x990.webp 990w, https:\/\/kwiaciarniaklara.pl\/wp-content\/uploads\/2018\/05\/bukiet02-441x441.webp 441w, https:\/\/kwiaciarniaklara.pl\/wp-content\/uploads\/2018\/05\/bukiet02-100x100.webp 100w, https:\/\/kwiaciarniaklara.pl\/wp-content\/uploads\/2018\/05\/bukiet02.webp 1080w\" sizes=\"(max-width: 360px) 147px, (max-width: 728px) 100vw, 728px\" \/>\t\t\t\n\t\t\t\t\n\t<\/div><\/div><\/a><\/div><\/div><div class=\"woocommerce-card__header\">\t\t\t\t\t<p class=\"product__categories\"><a href=\"https:\/\/kwiaciarniaklara.pl\/index.php\/kategoria-produktu\/bukiety\/wielokwiatowe\/\" rel=\"tag\">Bukiety wielokwiatowe<\/a><\/p>\t\t\t\t<div class=\"woocommerce-loop-product__title\"><a tabindex=\"0\" href=\"https:\/\/kwiaciarniaklara.pl\/index.php\/produkt\/bukiet-kwiatowa-serenada\/\" aria-label=\"Bukiet &#8222;Kwiatowa serenada&#8221;\" class=\"woocommerce-LoopProduct-link woocommerce-loop-product__link\">Bukiet &#8222;Kwiatowa serenada&#8221;<\/a><\/div><div class=\"cgkit-as-variation-price\">\n\t<span class=\"price\"><span class=\"woocommerce-Price-amount amount\"><bdi>220,00&nbsp;<span class=\"woocommerce-Price-currencySymbol\">&#122;&#322;<\/span><\/bdi><\/span><\/span>\n<\/div><\/a><a href=\"\/index.php\/wp-json\/wp\/v2\/pages\/7341?add-to-cart=677\" aria-describedby=\"woocommerce_loop_add_to_cart_link_describedby_677\" data-quantity=\"1\" class=\"button product_type_simple add_to_cart_button ajax_add_to_cart\" data-product_id=\"677\" data-product_sku=\"bukiet-kwiatowa-serenada\" aria-label=\"Dodaj do koszyka: &bdquo;Bukiet &quot;Kwiatowa serenada&quot;&rdquo;\" rel=\"nofollow\" data-success_message=\"&ldquo;Bukiet &quot;Kwiatowa serenada&quot;&rdquo; zosta\u0142 dodany do twojego koszyka\" role=\"button\">Dodaj do koszyka<\/a>\t<span id=\"woocommerce_loop_add_to_cart_link_describedby_677\" class=\"screen-reader-text\">\n\t\t\t<\/span>\n<\/div><\/li>\n<li class=\"product type-product post-8916 status-publish last instock product_cat-wielokwiatowe product_tag-dzien-matki product_tag-gratulacje product_tag-imieniny product_tag-podziekowanie product_tag-rocznica-slubu product_tag-urodziny has-post-thumbnail shipping-taxable purchasable product-type-simple\">\n\t<div class=\"commercekit-wishlist mini\" data-product-id=\"8916\"><a href=\"#\" class=\"commercekit-save-wishlist\" data-product-id=\"8916\" data-type=\"list\" title=\"Lista \u017cycze\u0144\" aria-label=\"Lista \u017cycze\u0144\"><em class=\"cg-wishlist\"><\/em><span><\/span><\/a><\/div><a href=\"https:\/\/kwiaciarniaklara.pl\/index.php\/produkt\/bukiet-kolorowe-zyczenia\/\" class=\"woocommerce-LoopProduct-link woocommerce-loop-product__link\"><div class=\"woocommerce-image__wrapper\"><div class=\"woocommerce-image__wrapper\"><a href=\"https:\/\/kwiaciarniaklara.pl\/index.php\/produkt\/bukiet-kolorowe-zyczenia\/\" title=\"Bukiet &#8222;Kolorowe \u017cyczenia&#8221;\" class=\"woocommerce-LoopProduct-link woocommerce-loop-product__link\"><div class=\"shoptimizer-plp-carousel-container\"><div class=\"shoptimizer-plp-image-wrapper\"><img decoding=\"async\" width=\"728\" height=\"728\" src=\"https:\/\/kwiaciarniaklara.pl\/wp-content\/uploads\/2025\/03\/bukiet-kolorowe-zyczenia-wiosna_photo001-728x728.webp\" class=\"attachment-woocommerce_thumbnail size-woocommerce_thumbnail\" alt=\"Elegancki bukiet z r\u00f3\u017c i go\u017adzik\u00f3w, ozdobiony ciemnozielonymi li\u015b\u0107mi, bia\u0142\u0105 bibu\u0142\u0105 w serca i fioletow\u0105 wst\u0105\u017ck\u0105 \u2013 delikatna kompozycja pe\u0142na uroku.\" srcset=\"https:\/\/kwiaciarniaklara.pl\/wp-content\/uploads\/2025\/03\/bukiet-kolorowe-zyczenia-wiosna_photo001-728x728.webp 728w, https:\/\/kwiaciarniaklara.pl\/wp-content\/uploads\/2025\/03\/bukiet-kolorowe-zyczenia-wiosna_photo001-300x300.webp 300w, https:\/\/kwiaciarniaklara.pl\/wp-content\/uploads\/2025\/03\/bukiet-kolorowe-zyczenia-wiosna_photo001-1024x1024.webp 1024w, https:\/\/kwiaciarniaklara.pl\/wp-content\/uploads\/2025\/03\/bukiet-kolorowe-zyczenia-wiosna_photo001-150x150.webp 150w, https:\/\/kwiaciarniaklara.pl\/wp-content\/uploads\/2025\/03\/bukiet-kolorowe-zyczenia-wiosna_photo001-768x768.webp 768w, https:\/\/kwiaciarniaklara.pl\/wp-content\/uploads\/2025\/03\/bukiet-kolorowe-zyczenia-wiosna_photo001-990x990.webp 990w, https:\/\/kwiaciarniaklara.pl\/wp-content\/uploads\/2025\/03\/bukiet-kolorowe-zyczenia-wiosna_photo001-441x441.webp 441w, https:\/\/kwiaciarniaklara.pl\/wp-content\/uploads\/2025\/03\/bukiet-kolorowe-zyczenia-wiosna_photo001-64x64.webp 64w, https:\/\/kwiaciarniaklara.pl\/wp-content\/uploads\/2025\/03\/bukiet-kolorowe-zyczenia-wiosna_photo001.webp 1080w\" sizes=\"(max-width: 360px) 147px, (max-width: 728px) 100vw, 728px\" \/><img decoding=\"async\" width=\"728\" height=\"728\" src=\"https:\/\/kwiaciarniaklara.pl\/wp-content\/uploads\/2025\/03\/bukiet-kolorowe-zyczenia-wiosna_photo003-728x728.webp\" class=\"gallery-image\" alt=\"\" loading=\"lazy\" srcset=\"https:\/\/kwiaciarniaklara.pl\/wp-content\/uploads\/2025\/03\/bukiet-kolorowe-zyczenia-wiosna_photo003-728x728.webp 728w, https:\/\/kwiaciarniaklara.pl\/wp-content\/uploads\/2025\/03\/bukiet-kolorowe-zyczenia-wiosna_photo003-300x300.webp 300w, https:\/\/kwiaciarniaklara.pl\/wp-content\/uploads\/2025\/03\/bukiet-kolorowe-zyczenia-wiosna_photo003-1024x1024.webp 1024w, https:\/\/kwiaciarniaklara.pl\/wp-content\/uploads\/2025\/03\/bukiet-kolorowe-zyczenia-wiosna_photo003-150x150.webp 150w, https:\/\/kwiaciarniaklara.pl\/wp-content\/uploads\/2025\/03\/bukiet-kolorowe-zyczenia-wiosna_photo003-768x768.webp 768w, https:\/\/kwiaciarniaklara.pl\/wp-content\/uploads\/2025\/03\/bukiet-kolorowe-zyczenia-wiosna_photo003-990x990.webp 990w, https:\/\/kwiaciarniaklara.pl\/wp-content\/uploads\/2025\/03\/bukiet-kolorowe-zyczenia-wiosna_photo003-441x441.webp 441w, https:\/\/kwiaciarniaklara.pl\/wp-content\/uploads\/2025\/03\/bukiet-kolorowe-zyczenia-wiosna_photo003-64x64.webp 64w, https:\/\/kwiaciarniaklara.pl\/wp-content\/uploads\/2025\/03\/bukiet-kolorowe-zyczenia-wiosna_photo003.webp 1080w\" sizes=\"auto, (max-width: 360px) 147px, auto, (max-width: 728px) 100vw, 728px\" \/>\t\t\t\n\t\t\t\t\n\t<\/div><\/div><\/a><\/div><\/div><div class=\"woocommerce-card__header\">\t\t\t\t\t<p class=\"product__categories\"><a href=\"https:\/\/kwiaciarniaklara.pl\/index.php\/kategoria-produktu\/bukiety\/wielokwiatowe\/\" rel=\"tag\">Bukiety wielokwiatowe<\/a><\/p>\t\t\t\t<div class=\"woocommerce-loop-product__title\"><a tabindex=\"0\" href=\"https:\/\/kwiaciarniaklara.pl\/index.php\/produkt\/bukiet-kolorowe-zyczenia\/\" aria-label=\"Bukiet &#8222;Kolorowe \u017cyczenia&#8221;\" class=\"woocommerce-LoopProduct-link woocommerce-loop-product__link\">Bukiet &#8222;Kolorowe \u017cyczenia&#8221;<\/a><\/div><div class=\"cgkit-as-variation-price\">\n\t<span class=\"price\"><span class=\"woocommerce-Price-amount amount\"><bdi>135,00&nbsp;<span class=\"woocommerce-Price-currencySymbol\">&#122;&#322;<\/span><\/bdi><\/span><\/span>\n<\/div><\/a><a href=\"\/index.php\/wp-json\/wp\/v2\/pages\/7341?add-to-cart=8916\" aria-describedby=\"woocommerce_loop_add_to_cart_link_describedby_8916\" data-quantity=\"1\" class=\"button product_type_simple add_to_cart_button ajax_add_to_cart\" data-product_id=\"8916\" data-product_sku=\"bukiet-kolorowe-zyczenia\" aria-label=\"Dodaj do koszyka: &bdquo;Bukiet &quot;Kolorowe \u017cyczenia&quot;&rdquo;\" rel=\"nofollow\" data-success_message=\"&ldquo;Bukiet &quot;Kolorowe \u017cyczenia&quot;&rdquo; zosta\u0142 dodany do twojego koszyka\" role=\"button\">Dodaj do koszyka<\/a>\t<span id=\"woocommerce_loop_add_to_cart_link_describedby_8916\" class=\"screen-reader-text\">\n\t\t\t<\/span>\n<\/div><\/li>\n<\/ul>\n<\/div>\n<\/section>\n\n\n\n<div class=\"wp-block-cover\"><span aria-hidden=\"true\" class=\"wp-block-cover__background has-background-dim\"><\/span><img decoding=\"async\" width=\"1512\" height=\"312\" class=\"wp-block-cover__image-background wp-image-7595\" alt=\"\" src=\"https:\/\/kwiaciarniaklara.pl\/wp-content\/uploads\/2025\/02\/newsletter-back.webp\" data-object-fit=\"cover\" srcset=\"https:\/\/kwiaciarniaklara.pl\/wp-content\/uploads\/2025\/02\/newsletter-back.webp 1512w, https:\/\/kwiaciarniaklara.pl\/wp-content\/uploads\/2025\/02\/newsletter-back-150x31.webp 150w, https:\/\/kwiaciarniaklara.pl\/wp-content\/uploads\/2025\/02\/newsletter-back-728x150.webp 728w, https:\/\/kwiaciarniaklara.pl\/wp-content\/uploads\/2025\/02\/newsletter-back-64x13.webp 64w, https:\/\/kwiaciarniaklara.pl\/wp-content\/uploads\/2025\/02\/newsletter-back-300x62.webp 300w, https:\/\/kwiaciarniaklara.pl\/wp-content\/uploads\/2025\/02\/newsletter-back-1024x211.webp 1024w, https:\/\/kwiaciarniaklara.pl\/wp-content\/uploads\/2025\/02\/newsletter-back-768x158.webp 768w, https:\/\/kwiaciarniaklara.pl\/wp-content\/uploads\/2025\/02\/newsletter-back-990x204.webp 990w, https:\/\/kwiaciarniaklara.pl\/wp-content\/uploads\/2025\/02\/newsletter-back-441x91.webp 441w, https:\/\/kwiaciarniaklara.pl\/wp-content\/uploads\/2025\/02\/newsletter-back-1320x272.webp 1320w\" sizes=\"(max-width: 1512px) 100vw, 1512px\" \/><div class=\"wp-block-cover__inner-container has-global-padding is-layout-constrained wp-block-cover-is-layout-constrained\">\n<div class=\"wp-block-columns alignfull is-layout-flex wp-container-core-columns-is-layout-28f84493 wp-block-columns-is-layout-flex\">\n<div class=\"wp-block-column is-layout-flow wp-block-column-is-layout-flow\" style=\"flex-basis:25%\"><\/div>\n\n\n\n<div class=\"wp-block-column jcws-mailpoet-form has-background is-layout-flow wp-block-column-is-layout-flow\" style=\"background-color:#000000b8;flex-basis:50%\">  \n  \n  <div class=\"\n    mailpoet_form_popup_overlay\n      \"><\/div>\n  <div\n    id=\"mailpoet_form_2\"\n    class=\"\n      mailpoet_form\n      mailpoet_form_html\n      mailpoet_form_position_\n      mailpoet_form_animation_\n    \"\n      >\n\n    <style type=\"text\/css\">\n     #mailpoet_form_2 .mailpoet_form {  }\n#mailpoet_form_2 .mailpoet_column_with_background { padding: 10px; }\n#mailpoet_form_2 .mailpoet_form_column:not(:first-child) { margin-left: 20px; }\n#mailpoet_form_2 .mailpoet_paragraph { line-height: 20px; margin-bottom: 20px; }\n#mailpoet_form_2 .mailpoet_segment_label, #mailpoet_form_2 .mailpoet_text_label, #mailpoet_form_2 .mailpoet_textarea_label, #mailpoet_form_2 .mailpoet_select_label, #mailpoet_form_2 .mailpoet_radio_label, #mailpoet_form_2 .mailpoet_checkbox_label, #mailpoet_form_2 .mailpoet_list_label, #mailpoet_form_2 .mailpoet_date_label { display: block; font-weight: normal; }\n#mailpoet_form_2 .mailpoet_text, #mailpoet_form_2 .mailpoet_textarea, #mailpoet_form_2 .mailpoet_select, #mailpoet_form_2 .mailpoet_date_month, #mailpoet_form_2 .mailpoet_date_day, #mailpoet_form_2 .mailpoet_date_year, #mailpoet_form_2 .mailpoet_date { display: block; }\n#mailpoet_form_2 .mailpoet_text, #mailpoet_form_2 .mailpoet_textarea { width: 200px; }\n#mailpoet_form_2 .mailpoet_checkbox {  }\n#mailpoet_form_2 .mailpoet_submit {  }\n#mailpoet_form_2 .mailpoet_divider {  }\n#mailpoet_form_2 .mailpoet_message {  }\n#mailpoet_form_2 .mailpoet_form_loading { width: 30px; text-align: center; line-height: normal; }\n#mailpoet_form_2 .mailpoet_form_loading > span { width: 5px; height: 5px; background-color: #5b5b5b; }#mailpoet_form_2{border-radius: 0px;text-align: left;}#mailpoet_form_2 form.mailpoet_form {padding: 20px;}#mailpoet_form_2{width: 100%;}#mailpoet_form_2 .mailpoet_message {margin: 0; padding: 0 20px;}#mailpoet_form_2 .mailpoet_paragraph.last {margin-bottom: 0} @media (max-width: 500px) {#mailpoet_form_2 {background-image: none;}} @media (min-width: 500px) {#mailpoet_form_2 .last .mailpoet_paragraph:last-child {margin-bottom: 0}}  @media (max-width: 500px) {#mailpoet_form_2 .mailpoet_form_column:last-child .mailpoet_paragraph:last-child {margin-bottom: 0}} \n    <\/style>\n\n    <form\n      target=\"_self\"\n      method=\"post\"\n      action=\"https:\/\/kwiaciarniaklara.pl\/wp-admin\/admin-post.php?action=mailpoet_subscription_form\"\n      class=\"mailpoet_form mailpoet_form_form mailpoet_form_html\"\n      novalidate\n      data-delay=\"\"\n      data-exit-intent-enabled=\"\"\n      data-font-family=\"\"\n      data-cookie-expiration-time=\"\"\n    >\n      <input type=\"hidden\" name=\"data[form_id]\" value=\"2\" \/>\n      <input type=\"hidden\" name=\"token\" value=\"ed99c54303\" \/>\n      <input type=\"hidden\" name=\"api_version\" value=\"v1\" \/>\n      <input type=\"hidden\" name=\"endpoint\" value=\"subscribers\" \/>\n      <input type=\"hidden\" name=\"mailpoet_method\" value=\"subscribe\" \/>\n\n      <label class=\"mailpoet_hp_email_label\" style=\"display: none !important;\">Zostaw to pole puste<input type=\"email\" name=\"data[email]\"\/><\/label><div class=\"mailpoet_paragraph \"><label for=\"form_email_2\" class=\"mailpoet_text_label\"  data-automation-id=\"form_email_label\" >Adres email&nbsp;<span class=\"mailpoet_required\" aria-hidden=\"true\">*<\/span><\/label><input type=\"email\" autocomplete=\"email\" class=\"mailpoet_text\" id=\"form_email_2\" name=\"data[form_field_M2Q2ZTI2ZDQxODgwX2VtYWls]\" title=\"Adres email\" value=\"\" style=\"width:100%;box-sizing:border-box;padding:5px;margin: 0 auto 0 0;\" data-automation-id=\"form_email\" data-parsley-errors-container=\".mailpoet_error_olj67\" data-parsley-required=\"true\" required aria-required=\"true\" data-parsley-minlength=\"6\" data-parsley-maxlength=\"150\" data-parsley-type-message=\"Ta warto\u015b\u0107 powinna by\u0107 prawid\u0142owym adresem e-mail.\" data-parsley-required-message=\"To pole jest wymagane.\"\/><span class=\"mailpoet_error_olj67\"><\/span><\/div>\n<div class=\"mailpoet_paragraph \"><fieldset><input type=\"hidden\" value=\"1\"  name=\"data[cf_1]\" \/><label class=\"mailpoet_checkbox_label\" for=\"mailpoet_checkbox_1\" ><input type=\"checkbox\" class=\"mailpoet_checkbox\" id=\"mailpoet_checkbox_1\" name=\"data[cf_1]\" value=\"1\" data-parsley-errors-container=\".mailpoet_error_ukdy4\" data-parsley-required=\"true\" required aria-required=\"true\" data-parsley-required-message=\"To pole jest wymagane.\" data-parsley-group=\"custom_field_1\" \/>  Zapisuj\u0119 si\u0119 do newslettera i akceptuj\u0119 <a href=\"\/index.php\/regulamin-newsletter\/\" target=\"_blank\" class=\"jcws-info-h\">Regulamin newslettera<a \/> i zapozna\u0142em si\u0119 z <a href=\"\/index.php\/privacy-policy\/\" target=\"_blank\" class=\"jcws-info-h\">Polityk\u0105 prywatno\u015bci<a \/>.<\/label><\/fieldset><span class=\"mailpoet_error_ukdy4\"><\/span><\/div>\n<div class=\"mailpoet_paragraph \"><input type=\"submit\" class=\"mailpoet_submit\" value=\"Zapisz si\u0119 do newslettera!\" data-automation-id=\"subscribe-submit-button\" style=\"padding:5px;margin: 0 auto 0 0;border-color:transparent;\" \/><span class=\"mailpoet_form_loading\"><span class=\"mailpoet_bounce1\"><\/span><span class=\"mailpoet_bounce2\"><\/span><span class=\"mailpoet_bounce3\"><\/span><\/span><\/div>\n\n      <div class=\"mailpoet_message\">\n        <p class=\"mailpoet_validate_success\"\n                style=\"display:none;\"\n                >Sprawd\u017a swoj\u0105 skrzynk\u0119 odbiorcz\u0105 albo katalog spam i potwierd\u017a swoj\u0105 subskrypcj\u0119.\n        <\/p>\n        <p class=\"mailpoet_validate_error\"\n                style=\"display:none;\"\n                >        <\/p>\n      <\/div>\n    <\/form>\n\n      <\/div>\n\n  <\/div>\n\n\n\n<div class=\"wp-block-column is-layout-flow wp-block-column-is-layout-flow\" style=\"flex-basis:25%\"><\/div>\n<\/div>\n<\/div><\/div>\n","protected":false},"excerpt":{"rendered":"<p>Kwiaty od zawsze towarzyszy\u0142y \u015bwi\u0119tem i okoliczno\u015bciowym uroczysto\u015bciom. Poprawia\u0142y samopoczucie, dzi\u0119ki swojemu pi\u0119knu dawa\u0142y rado\u015b\u0107 i rozja\u015bnia\u0142y ka\u017cdy z najwspanialszych czy najzwyklejszych dni. Gdy jeste\u015bmy szcz\u0119\u015bliwi to i kwiaty b\u0142yszcz\u0105 pe\u0142nym blaskiem i rado\u015bci\u0105.W okresach spokoju i pogody pozostaj\u0105 spokojne i ciche, a w czasie smutku i \u017ca\u0142obny kwiaty mog\u0105 nie\u015b\u0107 pocieszenie.Kwiaty to symbol pami\u0119ci, [&hellip;]<\/p>\n","protected":false},"author":2,"featured_media":8394,"parent":0,"menu_order":0,"comment_status":"closed","ping_status":"closed","template":"template-canvas.php","meta":{"_kad_blocks_custom_css":"","_kad_blocks_head_custom_js":"<script type=\"text\/javascript\" >\njQuery(document).ready(function(jQuery) {\n  jQuery('a').click(function() {\n    \n    if (location.pathname.replace(\/^\\\/\/,'') == this.pathname.replace(\/^\\\/\/,'') && location.hostname == this.hostname) {\n      var target = jQuery(this.hash);\n      target = target.length ? target : $('[name=' + this.hash.slice(1) +']');\n      if (target.length) {\n        jQuery('html,body').animate({\n          scrollTop: target.offset().top - 180\n        }, 900);\n        return false;\n      }\n    }\n  });\n});\n<\/script>","_kad_blocks_body_custom_js":"<script type=\"text\/javascript\" >\nfunction() { jQuery('.wp-block-cover__video-background').prop({\n  playbackRate: 0.5 \/\/ half speed\n});}();\n\n<\/script>","_kad_blocks_footer_custom_js":"","footnotes":""},"class_list":["post-7341","page","type-page","status-publish","has-post-thumbnail","hentry"],"taxonomy_info":[],"featured_image_src_large":["https:\/\/kwiaciarniaklara.pl\/wp-content\/uploads\/2025\/03\/kwiaciarnia-klara-1024x1024.webp",1024,1024,true],"author_info":{"display_name":"agnieszka","author_link":"https:\/\/kwiaciarniaklara.pl\/index.php\/author\/agnieszka\/"},"comment_info":0,"_links":{"self":[{"href":"https:\/\/kwiaciarniaklara.pl\/index.php\/wp-json\/wp\/v2\/pages\/7341","targetHints":{"allow":["GET"]}}],"collection":[{"href":"https:\/\/kwiaciarniaklara.pl\/index.php\/wp-json\/wp\/v2\/pages"}],"about":[{"href":"https:\/\/kwiaciarniaklara.pl\/index.php\/wp-json\/wp\/v2\/types\/page"}],"author":[{"embeddable":true,"href":"https:\/\/kwiaciarniaklara.pl\/index.php\/wp-json\/wp\/v2\/users\/2"}],"replies":[{"embeddable":true,"href":"https:\/\/kwiaciarniaklara.pl\/index.php\/wp-json\/wp\/v2\/comments?post=7341"}],"version-history":[{"count":197,"href":"https:\/\/kwiaciarniaklara.pl\/index.php\/wp-json\/wp\/v2\/pages\/7341\/revisions"}],"predecessor-version":[{"id":9065,"href":"https:\/\/kwiaciarniaklara.pl\/index.php\/wp-json\/wp\/v2\/pages\/7341\/revisions\/9065"}],"wp:featuredmedia":[{"embeddable":true,"href":"https:\/\/kwiaciarniaklara.pl\/index.php\/wp-json\/wp\/v2\/media\/8394"}],"wp:attachment":[{"href":"https:\/\/kwiaciarniaklara.pl\/index.php\/wp-json\/wp\/v2\/media?parent=7341"}],"curies":[{"name":"wp","href":"https:\/\/api.w.org\/{rel}","templated":true}]}}